{"id":28989,"date":"2021-08-26T17:07:07","date_gmt":"2021-08-26T15:07:07","guid":{"rendered":"https:\/\/itemm.fr\/itemm\/?page_id=28989"},"modified":"2024-06-03T15:01:20","modified_gmt":"2024-06-03T13:01:20","slug":"actualites-et-evenements","status":"publish","type":"page","link":"https:\/\/itemm.fr\/itemm\/pole-dinnovation\/actualites-et-evenements\/","title":{"rendered":"Actualit\u00e9s et \u00e9v\u00e9nements"},"content":{"rendered":"\t\t<div data-elementor-type=\"wp-page\" data-elementor-id=\"28989\" class=\"elementor elementor-28989\" data-elementor-post-type=\"page\">\n\t\t\t\t\t\t<section class=\"elementor-section elementor-top-section elementor-element elementor-element-2d1cbf0 elementor-section-boxed elementor-section-height-default elementor-section-height-default\" data-id=\"2d1cbf0\" data-element_type=\"section\" data-e-type=\"section\" data-settings=\"{&quot;ekit_has_onepagescroll_dot&quot;:&quot;yes&quot;}\">\n\t\t\t\t\t\t<div class=\"elementor-container elementor-column-gap-default\">\n\t\t\t\t\t<div class=\"elementor-column elementor-col-50 elementor-top-column elementor-element elementor-element-20c0429b\" data-id=\"20c0429b\" data-element_type=\"column\" data-e-type=\"column\">\n\t\t\t<div class=\"elementor-widget-wrap elementor-element-populated\">\n\t\t\t\t\t\t<div class=\"elementor-element elementor-element-15f0d3c7 elementor-widget elementor-widget-heading\" data-id=\"15f0d3c7\" data-element_type=\"widget\" data-e-type=\"widget\" data-settings=\"{&quot;ekit_we_effect_on&quot;:&quot;none&quot;}\" data-widget_type=\"heading.default\">\n\t\t\t\t\t<h2 class=\"elementor-heading-title elementor-size-default\">Actualit\u00e9s<\/h2>\t\t\t\t<\/div>\n\t\t\t\t\t<\/div>\n\t\t<\/div>\n\t\t\t\t<div class=\"elementor-column elementor-col-50 elementor-top-column elementor-element elementor-element-48fce7d6\" data-id=\"48fce7d6\" data-element_type=\"column\" data-e-type=\"column\">\n\t\t\t<div class=\"elementor-widget-wrap\">\n\t\t\t\t\t\t\t<\/div>\n\t\t<\/div>\n\t\t\t\t\t<\/div>\n\t\t<\/section>\n\t\t\t\t<section class=\"elementor-section elementor-top-section elementor-element elementor-element-385fc72 elementor-section-boxed elementor-section-height-default elementor-section-height-default\" data-id=\"385fc72\" data-element_type=\"section\" data-e-type=\"section\" data-settings=\"{&quot;ekit_has_onepagescroll_dot&quot;:&quot;yes&quot;}\">\n\t\t\t\t\t\t<div class=\"elementor-container elementor-column-gap-default\">\n\t\t\t\t\t<div class=\"elementor-column elementor-col-100 elementor-top-column elementor-element elementor-element-57e44332\" data-id=\"57e44332\" data-element_type=\"column\" data-e-type=\"column\">\n\t\t\t<div class=\"elementor-widget-wrap elementor-element-populated\">\n\t\t\t\t\t\t<div class=\"elementor-element elementor-element-8fee964 elementor-grid-3 elementor-grid-tablet-2 elementor-grid-mobile-1 elementor-posts--thumbnail-top elementor-widget elementor-widget-posts\" data-id=\"8fee964\" data-element_type=\"widget\" data-e-type=\"widget\" data-settings=\"{&quot;pagination_type&quot;:&quot;numbers&quot;,&quot;classic_columns&quot;:&quot;3&quot;,&quot;classic_columns_tablet&quot;:&quot;2&quot;,&quot;classic_columns_mobile&quot;:&quot;1&quot;,&quot;classic_row_gap&quot;:{&quot;unit&quot;:&quot;px&quot;,&quot;size&quot;:35,&quot;sizes&quot;:[]},&quot;classic_row_gap_tablet&quot;:{&quot;unit&quot;:&quot;px&quot;,&quot;size&quot;:&quot;&quot;,&quot;sizes&quot;:[]},&quot;classic_row_gap_mobile&quot;:{&quot;unit&quot;:&quot;px&quot;,&quot;size&quot;:&quot;&quot;,&quot;sizes&quot;:[]},&quot;ekit_we_effect_on&quot;:&quot;none&quot;}\" data-widget_type=\"posts.classic\">\n\t\t\t\t<div class=\"elementor-widget-container\">\n\t\t\t\t\t\t\t<div class=\"elementor-posts-container elementor-posts elementor-posts--skin-classic elementor-grid\" role=\"list\">\n\t\t\t\t<article class=\"elementor-post elementor-grid-item post-60935 post type-post status-publish format-standard has-post-thumbnail hentry category-actualites category-evenements-innovation category-evenements category-innovation tag-pole-dinnovation tag-workshop category-2197 category-2542 category-358 category-245 description-off\" role=\"listitem\">\n\t\t\t\t<a class=\"elementor-post__thumbnail__link\" href=\"https:\/\/itemm.fr\/itemm\/workshop-la-physique-au-service-de-la-facture-instrumentale\/\" tabindex=\"-1\" >\n\t\t\t<div class=\"elementor-post__thumbnail\"><img fetchpriority=\"high\" decoding=\"async\" width=\"1024\" height=\"536\" src=\"https:\/\/itemm.fr\/itemm\/wp-content\/uploads\/2025\/11\/Img-Evenement-FB-1200x628-ColloquePhysiqueInstrumentsMusique-1024x536.jpg\" class=\"attachment-large size-large wp-image-60574\" alt=\"\" srcset=\"https:\/\/itemm.fr\/itemm\/wp-content\/uploads\/2025\/11\/Img-Evenement-FB-1200x628-ColloquePhysiqueInstrumentsMusique-1024x536.jpg 1024w, https:\/\/itemm.fr\/itemm\/wp-content\/uploads\/2025\/11\/Img-Evenement-FB-1200x628-ColloquePhysiqueInstrumentsMusique-300x157.jpg 300w, https:\/\/itemm.fr\/itemm\/wp-content\/uploads\/2025\/11\/Img-Evenement-FB-1200x628-ColloquePhysiqueInstrumentsMusique-768x402.jpg 768w, https:\/\/itemm.fr\/itemm\/wp-content\/uploads\/2025\/11\/Img-Evenement-FB-1200x628-ColloquePhysiqueInstrumentsMusique-600x314.jpg 600w, https:\/\/itemm.fr\/itemm\/wp-content\/uploads\/2025\/11\/Img-Evenement-FB-1200x628-ColloquePhysiqueInstrumentsMusique.jpg 1200w\" sizes=\"(max-width: 1024px) 100vw, 1024px\" \/><\/div>\n\t\t<\/a>\n\t\t\t\t<div class=\"elementor-post__text\">\n\t\t\t\t<h3 class=\"elementor-post__title\">\n\t\t\t<a href=\"https:\/\/itemm.fr\/itemm\/workshop-la-physique-au-service-de-la-facture-instrumentale\/\" >\n\t\t\t\tWORKSHOP \/\/ La physique au service de la facture instrumentale\t\t\t<\/a>\n\t\t<\/h3>\n\t\t\t\t<div class=\"elementor-post__meta-data\">\n\t\t\t\t\t<span class=\"elementor-post-date\">\n\t\t\t6 janvier 2026\t\t<\/span>\n\t\t\t\t<\/div>\n\t\t\t\t<div class=\"elementor-post__excerpt\">\n\t\t\t<p>L&#8217;ITEMM accueille cette premi\u00e8re journ\u00e9e de colloque qui dresse un \u00e9tat de l\u2019art des innovations et travaux actuels en acoustique<\/p>\n\t\t<\/div>\n\t\t\n\t\t<a class=\"elementor-post__read-more\" href=\"https:\/\/itemm.fr\/itemm\/workshop-la-physique-au-service-de-la-facture-instrumentale\/\" aria-label=\"En savoir plus sur WORKSHOP \/\/ La physique au service de la facture instrumentale\" tabindex=\"-1\" >\n\t\t\tLire la suite \u00bb\t\t<\/a>\n\n\t\t\t\t<\/div>\n\t\t\t\t<\/article>\n\t\t\t\t<article class=\"elementor-post elementor-grid-item post-58405 post type-post status-publish format-standard has-post-thumbnail hentry category-actualites category-innovation tag-pole-recherche-et-innovation tag-projet tag-recherche category-2197 category-245 description-off\" role=\"listitem\">\n\t\t\t\t<a class=\"elementor-post__thumbnail__link\" href=\"https:\/\/itemm.fr\/itemm\/pleniere-maestrafone-du-1er-avril-2025\/\" tabindex=\"-1\" >\n\t\t\t<div class=\"elementor-post__thumbnail\"><img decoding=\"async\" width=\"1024\" height=\"577\" src=\"https:\/\/itemm.fr\/itemm\/wp-content\/uploads\/2025\/04\/P1288833-1024x577.jpg\" class=\"attachment-large size-large wp-image-58407\" alt=\"Pl\u00e9ni\u00e8re Maestrafone du 1er avril 2025 - 2\" srcset=\"https:\/\/itemm.fr\/itemm\/wp-content\/uploads\/2025\/04\/P1288833-1024x577.jpg 1024w, https:\/\/itemm.fr\/itemm\/wp-content\/uploads\/2025\/04\/P1288833-scaled-600x338.jpg 600w, https:\/\/itemm.fr\/itemm\/wp-content\/uploads\/2025\/04\/P1288833-300x169.jpg 300w, https:\/\/itemm.fr\/itemm\/wp-content\/uploads\/2025\/04\/P1288833-768x433.jpg 768w, https:\/\/itemm.fr\/itemm\/wp-content\/uploads\/2025\/04\/P1288833-1536x865.jpg 1536w, https:\/\/itemm.fr\/itemm\/wp-content\/uploads\/2025\/04\/P1288833-2048x1154.jpg 2048w\" sizes=\"(max-width: 1024px) 100vw, 1024px\" \/><\/div>\n\t\t<\/a>\n\t\t\t\t<div class=\"elementor-post__text\">\n\t\t\t\t<h3 class=\"elementor-post__title\">\n\t\t\t<a href=\"https:\/\/itemm.fr\/itemm\/pleniere-maestrafone-du-1er-avril-2025\/\" >\n\t\t\t\tPl\u00e9ni\u00e8re Maestrafone du 1er avril 2025\t\t\t<\/a>\n\t\t<\/h3>\n\t\t\t\t<div class=\"elementor-post__meta-data\">\n\t\t\t\t\t<span class=\"elementor-post-date\">\n\t\t\t3 avril 2025\t\t<\/span>\n\t\t\t\t<\/div>\n\t\t\t\t<div class=\"elementor-post__excerpt\">\n\t\t\t<p>Mardi 1er avril 2025, l\u2019ITEMM a eu le plaisir d\u2019accueillir, sous le soleil, l\u2019ensemble du consortium du projet PRCE ANR<\/p>\n\t\t<\/div>\n\t\t\n\t\t<a class=\"elementor-post__read-more\" href=\"https:\/\/itemm.fr\/itemm\/pleniere-maestrafone-du-1er-avril-2025\/\" aria-label=\"En savoir plus sur Pl\u00e9ni\u00e8re Maestrafone du 1er avril 2025\" tabindex=\"-1\" >\n\t\t\tLire la suite \u00bb\t\t<\/a>\n\n\t\t\t\t<\/div>\n\t\t\t\t<\/article>\n\t\t\t\t<article class=\"elementor-post elementor-grid-item post-53803 post type-post status-publish format-standard has-post-thumbnail hentry category-actualites category-innovation category-2197 category-245 description-off\" role=\"listitem\">\n\t\t\t\t<a class=\"elementor-post__thumbnail__link\" href=\"https:\/\/itemm.fr\/itemm\/anatomie-du-bois\/\" tabindex=\"-1\" >\n\t\t\t<div class=\"elementor-post__thumbnail\"><img decoding=\"async\" width=\"1024\" height=\"577\" src=\"https:\/\/itemm.fr\/itemm\/wp-content\/uploads\/2024\/04\/P1200774-2-1024x577.webp\" class=\"attachment-large size-large wp-image-53804\" alt=\"\" srcset=\"https:\/\/itemm.fr\/itemm\/wp-content\/uploads\/2024\/04\/P1200774-2-1024x577.webp 1024w, https:\/\/itemm.fr\/itemm\/wp-content\/uploads\/2024\/04\/P1200774-2-scaled-600x338.webp 600w, https:\/\/itemm.fr\/itemm\/wp-content\/uploads\/2024\/04\/P1200774-2-300x169.webp 300w, https:\/\/itemm.fr\/itemm\/wp-content\/uploads\/2024\/04\/P1200774-2-768x433.webp 768w, https:\/\/itemm.fr\/itemm\/wp-content\/uploads\/2024\/04\/P1200774-2-1536x865.webp 1536w, https:\/\/itemm.fr\/itemm\/wp-content\/uploads\/2024\/04\/P1200774-2-2048x1154.webp 2048w\" sizes=\"(max-width: 1024px) 100vw, 1024px\" \/><\/div>\n\t\t<\/a>\n\t\t\t\t<div class=\"elementor-post__text\">\n\t\t\t\t<h3 class=\"elementor-post__title\">\n\t\t\t<a href=\"https:\/\/itemm.fr\/itemm\/anatomie-du-bois\/\" >\n\t\t\t\tL&#8217;anatomie du bois\t\t\t<\/a>\n\t\t<\/h3>\n\t\t\t\t<div class=\"elementor-post__meta-data\">\n\t\t\t\t\t<span class=\"elementor-post-date\">\n\t\t\t17 avril 2024\t\t<\/span>\n\t\t\t\t<\/div>\n\t\t\t\t<div class=\"elementor-post__excerpt\">\n\t\t\t<p>Le bois est l&#8217;un des principaux sujets du P\u00f4le Recherche et Innovation de l\u2019ITEMM, o\u00f9 y est \u00e9tudi\u00e9 le lien\t\t<\/div>\n\t\t\n\t\t<a class=\"elementor-post__read-more\" href=\"https:\/\/itemm.fr\/itemm\/anatomie-du-bois\/\" aria-label=\"En savoir plus sur L&#8217;anatomie du bois\" tabindex=\"-1\" >\n\t\t\tLire la suite \u00bb\t\t<\/a>\n\n\t\t\t\t<\/div>\n\t\t\t\t<\/article>\n\t\t\t\t<article class=\"elementor-post elementor-grid-item post-53714 post type-post status-publish format-standard has-post-thumbnail hentry category-actualites category-innovation category-2197 category-245 description-off\" role=\"listitem\">\n\t\t\t\t<a class=\"elementor-post__thumbnail__link\" href=\"https:\/\/itemm.fr\/itemm\/guitare-voyage-louis-morel-et-antonin-girardeau\/\" tabindex=\"-1\" >\n\t\t\t<div class=\"elementor-post__thumbnail\"><img loading=\"lazy\" decoding=\"async\" width=\"1024\" height=\"523\" src=\"https:\/\/itemm.fr\/itemm\/wp-content\/uploads\/2024\/04\/metiers-musique-itemm-1024x523.webp\" class=\"attachment-large size-large wp-image-53715\" alt=\"\" srcset=\"https:\/\/itemm.fr\/itemm\/wp-content\/uploads\/2024\/04\/metiers-musique-itemm-1024x523.webp 1024w, https:\/\/itemm.fr\/itemm\/wp-content\/uploads\/2024\/04\/metiers-musique-itemm-jpg-600x306.webp 600w, https:\/\/itemm.fr\/itemm\/wp-content\/uploads\/2024\/04\/metiers-musique-itemm-300x153.webp 300w, https:\/\/itemm.fr\/itemm\/wp-content\/uploads\/2024\/04\/metiers-musique-itemm-768x392.webp 768w, https:\/\/itemm.fr\/itemm\/wp-content\/uploads\/2024\/04\/metiers-musique-itemm-1536x784.webp 1536w, https:\/\/itemm.fr\/itemm\/wp-content\/uploads\/2024\/04\/metiers-musique-itemm-jpg.webp 1920w\" sizes=\"(max-width: 1024px) 100vw, 1024px\" \/><\/div>\n\t\t<\/a>\n\t\t\t\t<div class=\"elementor-post__text\">\n\t\t\t\t<h3 class=\"elementor-post__title\">\n\t\t\t<a href=\"https:\/\/itemm.fr\/itemm\/guitare-voyage-louis-morel-et-antonin-girardeau\/\" >\n\t\t\t\tLA guitare de voyage imagin\u00e9e par Louis Morel et Antonin Girardeau\t\t\t<\/a>\n\t\t<\/h3>\n\t\t\t\t<div class=\"elementor-post__meta-data\">\n\t\t\t\t\t<span class=\"elementor-post-date\">\n\t\t\t3 avril 2024\t\t<\/span>\n\t\t\t\t<\/div>\n\t\t\t\t<div class=\"elementor-post__excerpt\">\n\t\t\t<p>Louis Morel et Antonin Girardeau, deux jeunes entrepreneurs \u00e2g\u00e9s respectivement de 27 et 28 ans, dipl\u00f4m\u00e9s de l&#8217;\u00c9cole nationale sup\u00e9rieure<\/p>\n\t\t<\/div>\n\t\t\n\t\t<a class=\"elementor-post__read-more\" href=\"https:\/\/itemm.fr\/itemm\/guitare-voyage-louis-morel-et-antonin-girardeau\/\" aria-label=\"En savoir plus sur LA guitare de voyage imagin\u00e9e par Louis Morel et Antonin Girardeau\" tabindex=\"-1\" >\n\t\t\tLire la suite \u00bb\t\t<\/a>\n\n\t\t\t\t<\/div>\n\t\t\t\t<\/article>\n\t\t\t\t<article class=\"elementor-post elementor-grid-item post-48681 post type-post status-publish format-standard has-post-thumbnail hentry category-actualites category-competences category-innovation category-itemm category-pole-dinnovation tag-pole-dinnovation category-2197 category-3049 category-245 category-239 category-251 description-off\" role=\"listitem\">\n\t\t\t\t<a class=\"elementor-post__thumbnail__link\" href=\"https:\/\/itemm.fr\/itemm\/vers-les-nouvelles-competences-et-metiers-davenir-de-la-facture-instrumentale\/\" tabindex=\"-1\" >\n\t\t\t<div class=\"elementor-post__thumbnail\"><img loading=\"lazy\" decoding=\"async\" width=\"1024\" height=\"577\" src=\"https:\/\/itemm.fr\/itemm\/wp-content\/uploads\/2023\/06\/P1166115-1-1024x577.webp\" class=\"attachment-large size-large wp-image-48683\" alt=\"\" srcset=\"https:\/\/itemm.fr\/itemm\/wp-content\/uploads\/2023\/06\/P1166115-1-1024x577.webp 1024w, https:\/\/itemm.fr\/itemm\/wp-content\/uploads\/2023\/06\/P1166115-1-jpg-600x338.webp 600w, https:\/\/itemm.fr\/itemm\/wp-content\/uploads\/2023\/06\/P1166115-1-300x169.webp 300w, https:\/\/itemm.fr\/itemm\/wp-content\/uploads\/2023\/06\/P1166115-1-768x433.webp 768w, https:\/\/itemm.fr\/itemm\/wp-content\/uploads\/2023\/06\/P1166115-1-1536x865.webp 1536w, https:\/\/itemm.fr\/itemm\/wp-content\/uploads\/2023\/06\/P1166115-1-jpg.webp 1555w\" sizes=\"(max-width: 1024px) 100vw, 1024px\" \/><\/div>\n\t\t<\/a>\n\t\t\t\t<div class=\"elementor-post__text\">\n\t\t\t\t<h3 class=\"elementor-post__title\">\n\t\t\t<a href=\"https:\/\/itemm.fr\/itemm\/vers-les-nouvelles-competences-et-metiers-davenir-de-la-facture-instrumentale\/\" >\n\t\t\t\tVers les nouvelles comp\u00e9tences et m\u00e9tiers d\u2019avenir de la facture instrumentale\t\t\t<\/a>\n\t\t<\/h3>\n\t\t\t\t<div class=\"elementor-post__meta-data\">\n\t\t\t\t\t<span class=\"elementor-post-date\">\n\t\t\t22 juin 2023\t\t<\/span>\n\t\t\t\t<\/div>\n\t\t\t\t<div class=\"elementor-post__excerpt\">\n\t\t\t<p>DiM\u00e9tExI : le Diagnostic M\u00e9tiers d&#8217;Excellence dans la facture Instrumentale<\/p>\t\t<\/div>\n\t\t\n\t\t<a class=\"elementor-post__read-more\" href=\"https:\/\/itemm.fr\/itemm\/vers-les-nouvelles-competences-et-metiers-davenir-de-la-facture-instrumentale\/\" aria-label=\"En savoir plus sur Vers les nouvelles comp\u00e9tences et m\u00e9tiers d\u2019avenir de la facture instrumentale\" tabindex=\"-1\" >\n\t\t\tLire la suite \u00bb\t\t<\/a>\n\n\t\t\t\t<\/div>\n\t\t\t\t<\/article>\n\t\t\t\t<article class=\"elementor-post elementor-grid-item post-48676 post type-post status-publish format-standard has-post-thumbnail hentry category-actualites category-dossier-de-presse category-innovation tag-pole-dinnovation category-2197 category-370 category-245 description-off\" role=\"listitem\">\n\t\t\t\t<a class=\"elementor-post__thumbnail__link\" href=\"https:\/\/itemm.fr\/itemm\/vers-de-nouveaux-materiaux-originaux-esthetiques-et-innovants\/\" tabindex=\"-1\" >\n\t\t\t<div class=\"elementor-post__thumbnail\"><img loading=\"lazy\" decoding=\"async\" width=\"1024\" height=\"577\" src=\"https:\/\/itemm.fr\/itemm\/wp-content\/uploads\/2023\/06\/P1055507-1024x577.webp\" class=\"attachment-large size-large wp-image-48677\" alt=\"\" srcset=\"https:\/\/itemm.fr\/itemm\/wp-content\/uploads\/2023\/06\/P1055507-1024x577.webp 1024w, https:\/\/itemm.fr\/itemm\/wp-content\/uploads\/2023\/06\/P1055507-jpg-600x338.webp 600w, https:\/\/itemm.fr\/itemm\/wp-content\/uploads\/2023\/06\/P1055507-300x169.webp 300w, https:\/\/itemm.fr\/itemm\/wp-content\/uploads\/2023\/06\/P1055507-768x433.webp 768w, https:\/\/itemm.fr\/itemm\/wp-content\/uploads\/2023\/06\/P1055507-1536x865.webp 1536w, https:\/\/itemm.fr\/itemm\/wp-content\/uploads\/2023\/06\/P1055507-2048x1153.webp 2048w\" sizes=\"(max-width: 1024px) 100vw, 1024px\" \/><\/div>\n\t\t<\/a>\n\t\t\t\t<div class=\"elementor-post__text\">\n\t\t\t\t<h3 class=\"elementor-post__title\">\n\t\t\t<a href=\"https:\/\/itemm.fr\/itemm\/vers-de-nouveaux-materiaux-originaux-esthetiques-et-innovants\/\" >\n\t\t\t\tVers de nouveaux mat\u00e9riaux originaux, esth\u00e9tiques et innovants\t\t\t<\/a>\n\t\t<\/h3>\n\t\t\t\t<div class=\"elementor-post__meta-data\">\n\t\t\t\t\t<span class=\"elementor-post-date\">\n\t\t\t22 juin 2023\t\t<\/span>\n\t\t\t\t<\/div>\n\t\t\t\t<div class=\"elementor-post__excerpt\">\n\t\t\t<p>Comment remplacer les mat\u00e9riaux pr\u00e9cieux ou exotiques de plus en plus r\u00e9glement\u00e9s mais n\u00e9cessaires \u00e0 la fabrication d\u2019instruments de musique\u00a0?<\/p>\n\t\t<\/div>\n\t\t\n\t\t<a class=\"elementor-post__read-more\" href=\"https:\/\/itemm.fr\/itemm\/vers-de-nouveaux-materiaux-originaux-esthetiques-et-innovants\/\" aria-label=\"En savoir plus sur Vers de nouveaux mat\u00e9riaux originaux, esth\u00e9tiques et innovants\" tabindex=\"-1\" >\n\t\t\tLire la suite \u00bb\t\t<\/a>\n\n\t\t\t\t<\/div>\n\t\t\t\t<\/article>\n\t\t\t\t<article class=\"elementor-post elementor-grid-item post-43874 post type-post status-publish format-standard has-post-thumbnail hentry category-actualites category-evenements-innovation category-innovation tag-sciences category-2197 category-2542 category-245 description-off\" role=\"listitem\">\n\t\t\t\t<a class=\"elementor-post__thumbnail__link\" href=\"https:\/\/itemm.fr\/itemm\/retour-sur-lecole-dete-music-humanities-and-sciences-muhas\/\" tabindex=\"-1\" >\n\t\t\t<div class=\"elementor-post__thumbnail\"><img loading=\"lazy\" decoding=\"async\" width=\"1024\" height=\"577\" src=\"https:\/\/itemm.fr\/itemm\/wp-content\/uploads\/2023\/01\/P1100660-web-1024x577.webp\" class=\"attachment-large size-large wp-image-43875\" alt=\"Retour sur l\u2019\u00e9cole d\u2019\u00e9t\u00e9 Music, Humanities and Sciences (MuHaS)\" srcset=\"https:\/\/itemm.fr\/itemm\/wp-content\/uploads\/2023\/01\/P1100660-web-1024x577.webp 1024w, https:\/\/itemm.fr\/itemm\/wp-content\/uploads\/2023\/01\/P1100660-web-jpeg-600x338.webp 600w, https:\/\/itemm.fr\/itemm\/wp-content\/uploads\/2023\/01\/P1100660-web-300x169.webp 300w, https:\/\/itemm.fr\/itemm\/wp-content\/uploads\/2023\/01\/P1100660-web-768x433.webp 768w, https:\/\/itemm.fr\/itemm\/wp-content\/uploads\/2023\/01\/P1100660-web-1536x866.webp 1536w, https:\/\/itemm.fr\/itemm\/wp-content\/uploads\/2023\/01\/P1100660-web-jpeg.webp 2048w\" sizes=\"(max-width: 1024px) 100vw, 1024px\" \/><\/div>\n\t\t<\/a>\n\t\t\t\t<div class=\"elementor-post__text\">\n\t\t\t\t<h3 class=\"elementor-post__title\">\n\t\t\t<a href=\"https:\/\/itemm.fr\/itemm\/retour-sur-lecole-dete-music-humanities-and-sciences-muhas\/\" >\n\t\t\t\tRetour sur l\u2019\u00e9cole d\u2019\u00e9t\u00e9 Music, Humanities and Sciences (MuHaS)\t\t\t<\/a>\n\t\t<\/h3>\n\t\t\t\t<div class=\"elementor-post__meta-data\">\n\t\t\t\t\t<span class=\"elementor-post-date\">\n\t\t\t11 janvier 2023\t\t<\/span>\n\t\t\t\t<\/div>\n\t\t\t\t<div class=\"elementor-post__excerpt\">\n\t\t\t<p>Du 29 ao\u00fbt au 2 septembre derniers, l\u2019ITEMM a accueilli l\u2019\u00e9cole d\u2019\u00e9t\u00e9 internationale du Collegium Musicae, de Sorbonne Universit\u00e9.<br \/>\t\t<\/div>\n\t\t\n\t\t<a class=\"elementor-post__read-more\" href=\"https:\/\/itemm.fr\/itemm\/retour-sur-lecole-dete-music-humanities-and-sciences-muhas\/\" aria-label=\"En savoir plus sur Retour sur l\u2019\u00e9cole d\u2019\u00e9t\u00e9 Music, Humanities and Sciences (MuHaS)\" tabindex=\"-1\" >\n\t\t\tLire la suite \u00bb\t\t<\/a>\n\n\t\t\t\t<\/div>\n\t\t\t\t<\/article>\n\t\t\t\t<article class=\"elementor-post elementor-grid-item post-43869 post type-post status-publish format-standard has-post-thumbnail hentry category-innovation category-journees-facture-instrumentale-et-sciences category-245 category-2179 description-off\" role=\"listitem\">\n\t\t\t\t<a class=\"elementor-post__thumbnail__link\" href=\"https:\/\/itemm.fr\/itemm\/journee-innovation-piano\/\" tabindex=\"-1\" >\n\t\t\t<div class=\"elementor-post__thumbnail\"><img loading=\"lazy\" decoding=\"async\" width=\"1024\" height=\"645\" src=\"https:\/\/itemm.fr\/itemm\/wp-content\/uploads\/2023\/01\/JIP_I-1024x645.png\" class=\"attachment-large size-large wp-image-43870\" alt=\"\" srcset=\"https:\/\/itemm.fr\/itemm\/wp-content\/uploads\/2023\/01\/JIP_I-1024x645.png 1024w, https:\/\/itemm.fr\/itemm\/wp-content\/uploads\/2023\/01\/JIP_I-600x378.png 600w, https:\/\/itemm.fr\/itemm\/wp-content\/uploads\/2023\/01\/JIP_I-300x189.png 300w, https:\/\/itemm.fr\/itemm\/wp-content\/uploads\/2023\/01\/JIP_I-768x484.png 768w, https:\/\/itemm.fr\/itemm\/wp-content\/uploads\/2023\/01\/JIP_I-1536x967.png 1536w, https:\/\/itemm.fr\/itemm\/wp-content\/uploads\/2023\/01\/JIP_I.png 1771w\" sizes=\"(max-width: 1024px) 100vw, 1024px\" \/><\/div>\n\t\t<\/a>\n\t\t\t\t<div class=\"elementor-post__text\">\n\t\t\t\t<h3 class=\"elementor-post__title\">\n\t\t\t<a href=\"https:\/\/itemm.fr\/itemm\/journee-innovation-piano\/\" >\n\t\t\t\tJourn\u00e9e Innovation Piano\t\t\t<\/a>\n\t\t<\/h3>\n\t\t\t\t<div class=\"elementor-post__meta-data\">\n\t\t\t\t\t<span class=\"elementor-post-date\">\n\t\t\t6 janvier 2023\t\t<\/span>\n\t\t\t\t<\/div>\n\t\t\t\t<div class=\"elementor-post__excerpt\">\n\t\t\t<p>Le 11 Octobre 2022, \u00e0 la suite des 30 ans de l\u2019ITEMM, le P\u00f4le Recherche et Innovation a organis\u00e9 une\t\t<\/div>\n\t\t\n\t\t<a class=\"elementor-post__read-more\" href=\"https:\/\/itemm.fr\/itemm\/journee-innovation-piano\/\" aria-label=\"En savoir plus sur Journ\u00e9e Innovation Piano\" tabindex=\"-1\" >\n\t\t\tLire la suite \u00bb\t\t<\/a>\n\n\t\t\t\t<\/div>\n\t\t\t\t<\/article>\n\t\t\t\t<article class=\"elementor-post elementor-grid-item post-43863 post type-post status-publish format-standard has-post-thumbnail hentry category-innovation category-transfert category-245 category-2431 description-off\" role=\"listitem\">\n\t\t\t\t<a class=\"elementor-post__thumbnail__link\" href=\"https:\/\/itemm.fr\/itemm\/le-pole-recherche-et-innovation-a-ecrit-un-guide-pratique-dessais-en-facture-instrumentale\/\" tabindex=\"-1\" >\n\t\t\t<div class=\"elementor-post__thumbnail\"><img loading=\"lazy\" decoding=\"async\" width=\"1024\" height=\"402\" src=\"https:\/\/itemm.fr\/itemm\/wp-content\/uploads\/2023\/01\/IMAGE_GUIDE-1024x402.png\" class=\"attachment-large size-large wp-image-43864\" alt=\"IMAGE_GUIDE\" srcset=\"https:\/\/itemm.fr\/itemm\/wp-content\/uploads\/2023\/01\/IMAGE_GUIDE-1024x402.png 1024w, https:\/\/itemm.fr\/itemm\/wp-content\/uploads\/2023\/01\/IMAGE_GUIDE-600x236.png 600w, https:\/\/itemm.fr\/itemm\/wp-content\/uploads\/2023\/01\/IMAGE_GUIDE-300x118.png 300w, https:\/\/itemm.fr\/itemm\/wp-content\/uploads\/2023\/01\/IMAGE_GUIDE-768x302.png 768w, https:\/\/itemm.fr\/itemm\/wp-content\/uploads\/2023\/01\/IMAGE_GUIDE-1536x604.png 1536w, https:\/\/itemm.fr\/itemm\/wp-content\/uploads\/2023\/01\/IMAGE_GUIDE.png 1598w\" sizes=\"(max-width: 1024px) 100vw, 1024px\" \/><\/div>\n\t\t<\/a>\n\t\t\t\t<div class=\"elementor-post__text\">\n\t\t\t\t<h3 class=\"elementor-post__title\">\n\t\t\t<a href=\"https:\/\/itemm.fr\/itemm\/le-pole-recherche-et-innovation-a-ecrit-un-guide-pratique-dessais-en-facture-instrumentale\/\" >\n\t\t\t\tLe P\u00f4le Recherche et Innovation a \u00e9crit un guide pratique d\u2019essais en facture instrumentale\t\t\t<\/a>\n\t\t<\/h3>\n\t\t\t\t<div class=\"elementor-post__meta-data\">\n\t\t\t\t\t<span class=\"elementor-post-date\">\n\t\t\t6 janvier 2023\t\t<\/span>\n\t\t\t\t<\/div>\n\t\t\t\t<div class=\"elementor-post__excerpt\">\n\t\t\t<p>Face \u00e0 la multitude de connaissances sollicit\u00e9es par la facture instrumentale (m\u00e9canique, acoustique, \u2026), les d\u00e9marches d\u2019innovation peuvent s\u2019av\u00e9rer complexes.\t\t<\/div>\n\t\t\n\t\t<a class=\"elementor-post__read-more\" href=\"https:\/\/itemm.fr\/itemm\/le-pole-recherche-et-innovation-a-ecrit-un-guide-pratique-dessais-en-facture-instrumentale\/\" aria-label=\"En savoir plus sur Le P\u00f4le Recherche et Innovation a \u00e9crit un guide pratique d\u2019essais en facture instrumentale\" tabindex=\"-1\" >\n\t\t\tLire la suite \u00bb\t\t<\/a>\n\n\t\t\t\t<\/div>\n\t\t\t\t<\/article>\n\t\t\t\t<\/div>\n\t\t\n\t\t\t\t<div class=\"e-load-more-anchor\" data-page=\"1\" data-max-page=\"9\" data-next-page=\"https:\/\/itemm.fr\/itemm\/wp-json\/wp\/v2\/pages\/28989\/page\/2\/\"><\/div>\n\t\t\t\t<nav class=\"elementor-pagination\" aria-label=\"Pagination\">\n\t\t\t<span aria-current=\"page\" class=\"page-numbers current\"><span class=\"elementor-screen-only\">Page<\/span>1<\/span>\n<a class=\"page-numbers\" href=\"https:\/\/itemm.fr\/itemm\/wp-json\/wp\/v2\/pages\/28989\/page\/2\/\"><span class=\"elementor-screen-only\">Page<\/span>2<\/a>\n<a class=\"page-numbers\" href=\"https:\/\/itemm.fr\/itemm\/wp-json\/wp\/v2\/pages\/28989\/page\/3\/\"><span class=\"elementor-screen-only\">Page<\/span>3<\/a>\n<a class=\"page-numbers\" href=\"https:\/\/itemm.fr\/itemm\/wp-json\/wp\/v2\/pages\/28989\/page\/4\/\"><span class=\"elementor-screen-only\">Page<\/span>4<\/a>\n<a class=\"page-numbers\" href=\"https:\/\/itemm.fr\/itemm\/wp-json\/wp\/v2\/pages\/28989\/page\/5\/\"><span class=\"elementor-screen-only\">Page<\/span>5<\/a>\t\t<\/nav>\n\t\t\t\t\t\t<\/div>\n\t\t\t\t<\/div>\n\t\t\t\t\t<\/div>\n\t\t<\/div>\n\t\t\t\t\t<\/div>\n\t\t<\/section>\n\t\t\t\t<\/div>\n\t\t","protected":false},"excerpt":{"rendered":"<p>Actualit\u00e9s<\/p>\n","protected":false},"author":3004,"featured_media":0,"parent":21015,"menu_order":0,"comment_status":"closed","ping_status":"closed","template":"","meta":{"_acf_changed":false,"footnotes":""},"categories":[],"class_list":["post-28989","page","type-page","status-publish","hentry","category-245","category-2431","description-off"],"acf":[],"yoast_head":"<!-- This site is optimized with the Yoast SEO plugin v27.5 - https:\/\/yoast.com\/product\/yoast-seo-wordpress\/ -->\n<title>Actualit\u00e9s et \u00e9v\u00e9nements | Itemm -<\/title>\n<meta name=\"robots\" content=\"index, follow, max-snippet:-1, max-image-preview:large, max-video-preview:-1\" \/>\n<link rel=\"canonical\" href=\"https:\/\/itemm.fr\/itemm\/pole-dinnovation\/actualites-et-evenements\/\" \/>\n<meta property=\"og:locale\" content=\"fr_FR\" \/>\n<meta property=\"og:type\" content=\"article\" \/>\n<meta property=\"og:title\" content=\"Actualit\u00e9s et \u00e9v\u00e9nements | Itemm -\" \/>\n<meta property=\"og:description\" content=\"Actualit\u00e9s\" \/>\n<meta property=\"og:url\" content=\"https:\/\/itemm.fr\/itemm\/pole-dinnovation\/actualites-et-evenements\/\" \/>\n<meta property=\"og:site_name\" content=\"Itemm -\" \/>\n<meta property=\"article:publisher\" content=\"https:\/\/www.facebook.com\/itemm.lemans\" \/>\n<meta property=\"article:modified_time\" content=\"2024-06-03T13:01:20+00:00\" \/>\n<meta property=\"og:image\" content=\"https:\/\/itemm.fr\/itemm\/wp-content\/uploads\/2023\/02\/DRONE-ITEMM-\u00a9-BDVA-9.jpg\" \/>\n\t<meta property=\"og:image:width\" content=\"2048\" \/>\n\t<meta property=\"og:image:height\" content=\"1152\" \/>\n\t<meta property=\"og:image:type\" content=\"image\/jpeg\" \/>\n<script type=\"application\/ld+json\" class=\"yoast-schema-graph\">{\"@context\":\"https:\\\/\\\/schema.org\",\"@graph\":[{\"@type\":\"WebPage\",\"@id\":\"https:\\\/\\\/itemm.fr\\\/itemm\\\/pole-dinnovation\\\/actualites-et-evenements\\\/\",\"url\":\"https:\\\/\\\/itemm.fr\\\/itemm\\\/pole-dinnovation\\\/actualites-et-evenements\\\/\",\"name\":\"Actualit\u00e9s et \u00e9v\u00e9nements | Itemm -\",\"isPartOf\":{\"@id\":\"https:\\\/\\\/itemm.fr\\\/itemm\\\/#website\"},\"datePublished\":\"2021-08-26T15:07:07+00:00\",\"dateModified\":\"2024-06-03T13:01:20+00:00\",\"breadcrumb\":{\"@id\":\"https:\\\/\\\/itemm.fr\\\/itemm\\\/pole-dinnovation\\\/actualites-et-evenements\\\/#breadcrumb\"},\"inLanguage\":\"fr-FR\",\"potentialAction\":[{\"@type\":\"ReadAction\",\"target\":[\"https:\\\/\\\/itemm.fr\\\/itemm\\\/pole-dinnovation\\\/actualites-et-evenements\\\/\"]}]},{\"@type\":\"BreadcrumbList\",\"@id\":\"https:\\\/\\\/itemm.fr\\\/itemm\\\/pole-dinnovation\\\/actualites-et-evenements\\\/#breadcrumb\",\"itemListElement\":[{\"@type\":\"ListItem\",\"position\":1,\"name\":\"Accueil\",\"item\":\"https:\\\/\\\/itemm.fr\\\/itemm\\\/\"},{\"@type\":\"ListItem\",\"position\":2,\"name\":\"P\u00f4le d&rsquo;innovation\",\"item\":\"https:\\\/\\\/itemm.fr\\\/itemm\\\/pole-dinnovation\\\/\"},{\"@type\":\"ListItem\",\"position\":3,\"name\":\"Actualit\u00e9s et \u00e9v\u00e9nements\"}]},{\"@type\":\"WebSite\",\"@id\":\"https:\\\/\\\/itemm.fr\\\/itemm\\\/#website\",\"url\":\"https:\\\/\\\/itemm.fr\\\/itemm\\\/\",\"name\":\"Itemm\",\"description\":\"Institut technologique europ\u00e9en des m\u00e9tiers de la musique au Mans (72)\",\"publisher\":{\"@id\":\"https:\\\/\\\/itemm.fr\\\/itemm\\\/#organization\"},\"potentialAction\":[{\"@type\":\"SearchAction\",\"target\":{\"@type\":\"EntryPoint\",\"urlTemplate\":\"https:\\\/\\\/itemm.fr\\\/itemm\\\/?s={search_term_string}\"},\"query-input\":{\"@type\":\"PropertyValueSpecification\",\"valueRequired\":true,\"valueName\":\"search_term_string\"}}],\"inLanguage\":\"fr-FR\"},{\"@type\":\"Organization\",\"@id\":\"https:\\\/\\\/itemm.fr\\\/itemm\\\/#organization\",\"name\":\"ITEMM\",\"alternateName\":\"ITEMM\",\"url\":\"https:\\\/\\\/itemm.fr\\\/itemm\\\/\",\"logo\":{\"@type\":\"ImageObject\",\"inLanguage\":\"fr-FR\",\"@id\":\"https:\\\/\\\/itemm.fr\\\/itemm\\\/#\\\/schema\\\/logo\\\/image\\\/\",\"url\":\"https:\\\/\\\/itemm.fr\\\/itemm\\\/wp-content\\\/uploads\\\/2021\\\/12\\\/logo-itemm-piano-on.png\",\"contentUrl\":\"https:\\\/\\\/itemm.fr\\\/itemm\\\/wp-content\\\/uploads\\\/2021\\\/12\\\/logo-itemm-piano-on.png\",\"width\":446,\"height\":294,\"caption\":\"ITEMM\"},\"image\":{\"@id\":\"https:\\\/\\\/itemm.fr\\\/itemm\\\/#\\\/schema\\\/logo\\\/image\\\/\"},\"sameAs\":[\"https:\\\/\\\/www.facebook.com\\\/itemm.lemans\",\"https:\\\/\\\/www.instagram.com\\\/itemmlemans\\\/\",\"https:\\\/\\\/www.linkedin.com\\\/in\\\/itemm\\\/\"]}]}<\/script>\n<!-- \/ Yoast SEO plugin. -->","yoast_head_json":{"title":"Actualit\u00e9s et \u00e9v\u00e9nements | Itemm -","robots":{"index":"index","follow":"follow","max-snippet":"max-snippet:-1","max-image-preview":"max-image-preview:large","max-video-preview":"max-video-preview:-1"},"canonical":"https:\/\/itemm.fr\/itemm\/pole-dinnovation\/actualites-et-evenements\/","og_locale":"fr_FR","og_type":"article","og_title":"Actualit\u00e9s et \u00e9v\u00e9nements | Itemm -","og_description":"Actualit\u00e9s","og_url":"https:\/\/itemm.fr\/itemm\/pole-dinnovation\/actualites-et-evenements\/","og_site_name":"Itemm -","article_publisher":"https:\/\/www.facebook.com\/itemm.lemans","article_modified_time":"2024-06-03T13:01:20+00:00","og_image":[{"width":2048,"height":1152,"url":"https:\/\/itemm.fr\/itemm\/wp-content\/uploads\/2023\/02\/DRONE-ITEMM-\u00a9-BDVA-9.jpg","type":"image\/jpeg"}],"schema":{"@context":"https:\/\/schema.org","@graph":[{"@type":"WebPage","@id":"https:\/\/itemm.fr\/itemm\/pole-dinnovation\/actualites-et-evenements\/","url":"https:\/\/itemm.fr\/itemm\/pole-dinnovation\/actualites-et-evenements\/","name":"Actualit\u00e9s et \u00e9v\u00e9nements | Itemm -","isPartOf":{"@id":"https:\/\/itemm.fr\/itemm\/#website"},"datePublished":"2021-08-26T15:07:07+00:00","dateModified":"2024-06-03T13:01:20+00:00","breadcrumb":{"@id":"https:\/\/itemm.fr\/itemm\/pole-dinnovation\/actualites-et-evenements\/#breadcrumb"},"inLanguage":"fr-FR","potentialAction":[{"@type":"ReadAction","target":["https:\/\/itemm.fr\/itemm\/pole-dinnovation\/actualites-et-evenements\/"]}]},{"@type":"BreadcrumbList","@id":"https:\/\/itemm.fr\/itemm\/pole-dinnovation\/actualites-et-evenements\/#breadcrumb","itemListElement":[{"@type":"ListItem","position":1,"name":"Accueil","item":"https:\/\/itemm.fr\/itemm\/"},{"@type":"ListItem","position":2,"name":"P\u00f4le d&rsquo;innovation","item":"https:\/\/itemm.fr\/itemm\/pole-dinnovation\/"},{"@type":"ListItem","position":3,"name":"Actualit\u00e9s et \u00e9v\u00e9nements"}]},{"@type":"WebSite","@id":"https:\/\/itemm.fr\/itemm\/#website","url":"https:\/\/itemm.fr\/itemm\/","name":"Itemm","description":"Institut technologique europ\u00e9en des m\u00e9tiers de la musique au Mans (72)","publisher":{"@id":"https:\/\/itemm.fr\/itemm\/#organization"},"potentialAction":[{"@type":"SearchAction","target":{"@type":"EntryPoint","urlTemplate":"https:\/\/itemm.fr\/itemm\/?s={search_term_string}"},"query-input":{"@type":"PropertyValueSpecification","valueRequired":true,"valueName":"search_term_string"}}],"inLanguage":"fr-FR"},{"@type":"Organization","@id":"https:\/\/itemm.fr\/itemm\/#organization","name":"ITEMM","alternateName":"ITEMM","url":"https:\/\/itemm.fr\/itemm\/","logo":{"@type":"ImageObject","inLanguage":"fr-FR","@id":"https:\/\/itemm.fr\/itemm\/#\/schema\/logo\/image\/","url":"https:\/\/itemm.fr\/itemm\/wp-content\/uploads\/2021\/12\/logo-itemm-piano-on.png","contentUrl":"https:\/\/itemm.fr\/itemm\/wp-content\/uploads\/2021\/12\/logo-itemm-piano-on.png","width":446,"height":294,"caption":"ITEMM"},"image":{"@id":"https:\/\/itemm.fr\/itemm\/#\/schema\/logo\/image\/"},"sameAs":["https:\/\/www.facebook.com\/itemm.lemans","https:\/\/www.instagram.com\/itemmlemans\/","https:\/\/www.linkedin.com\/in\/itemm\/"]}]}},"_links":{"self":[{"href":"https:\/\/itemm.fr\/itemm\/wp-json\/wp\/v2\/pages\/28989","targetHints":{"allow":["GET"]}}],"collection":[{"href":"https:\/\/itemm.fr\/itemm\/wp-json\/wp\/v2\/pages"}],"about":[{"href":"https:\/\/itemm.fr\/itemm\/wp-json\/wp\/v2\/types\/page"}],"author":[{"embeddable":true,"href":"https:\/\/itemm.fr\/itemm\/wp-json\/wp\/v2\/users\/3004"}],"replies":[{"embeddable":true,"href":"https:\/\/itemm.fr\/itemm\/wp-json\/wp\/v2\/comments?post=28989"}],"version-history":[{"count":0,"href":"https:\/\/itemm.fr\/itemm\/wp-json\/wp\/v2\/pages\/28989\/revisions"}],"up":[{"embeddable":true,"href":"https:\/\/itemm.fr\/itemm\/wp-json\/wp\/v2\/pages\/21015"}],"wp:attachment":[{"href":"https:\/\/itemm.fr\/itemm\/wp-json\/wp\/v2\/media?parent=28989"}],"wp:term":[{"taxonomy":"category","embeddable":true,"href":"https:\/\/itemm.fr\/itemm\/wp-json\/wp\/v2\/categories?post=28989"}],"curies":[{"name":"wp","href":"https:\/\/api.w.org\/{rel}","templated":true}]}}