{"id":28928,"date":"2021-08-26T15:42:51","date_gmt":"2021-08-26T13:42:51","guid":{"rendered":"https:\/\/itemm.fr\/itemm\/?page_id=28928"},"modified":"2026-02-09T14:42:42","modified_gmt":"2026-02-09T13:42:42","slug":"projet-opera","status":"publish","type":"page","link":"https:\/\/itemm.fr\/itemm\/pole-dinnovation\/transfert\/projet-opera\/","title":{"rendered":"Projet OP\u00c9RA"},"content":{"rendered":"\t\t<div data-elementor-type=\"wp-page\" data-elementor-id=\"28928\" class=\"elementor elementor-28928\" data-elementor-post-type=\"page\">\n\t\t\t\t\t\t<section class=\"elementor-section elementor-top-section elementor-element elementor-element-52430119 elementor-section-boxed elementor-section-height-default elementor-section-height-default\" data-id=\"52430119\" data-element_type=\"section\" data-e-type=\"section\" data-settings=\"{&quot;background_background&quot;:&quot;classic&quot;,&quot;ekit_has_onepagescroll_dot&quot;:&quot;yes&quot;}\">\n\t\t\t\t\t\t\t<div class=\"elementor-background-overlay\"><\/div>\n\t\t\t\t\t\t\t<div class=\"elementor-container elementor-column-gap-default\">\n\t\t\t\t\t<div class=\"elementor-column elementor-col-100 elementor-top-column elementor-element elementor-element-716de68b\" data-id=\"716de68b\" data-element_type=\"column\" data-e-type=\"column\">\n\t\t\t<div class=\"elementor-widget-wrap elementor-element-populated\">\n\t\t\t\t\t\t<div class=\"elementor-element elementor-element-593c3b46 elementor-widget elementor-widget-heading\" data-id=\"593c3b46\" data-element_type=\"widget\" data-e-type=\"widget\" data-settings=\"{&quot;ekit_we_effect_on&quot;:&quot;none&quot;}\" data-widget_type=\"heading.default\">\n\t\t\t\t\t<h2 class=\"elementor-heading-title elementor-size-default\">OP\u00c9RA :  programme de recherche en soutien aux activit\u00e9s culturelles et outil d'aide \u00e0 la d\u00e9cision <\/h2>\t\t\t\t<\/div>\n\t\t\t\t<section class=\"elementor-section elementor-inner-section elementor-element elementor-element-c3d73f6 elementor-reverse-tablet elementor-reverse-mobile elementor-section-boxed elementor-section-height-default elementor-section-height-default\" data-id=\"c3d73f6\" data-element_type=\"section\" data-e-type=\"section\" data-settings=\"{&quot;ekit_has_onepagescroll_dot&quot;:&quot;yes&quot;}\">\n\t\t\t\t\t\t<div class=\"elementor-container elementor-column-gap-default\">\n\t\t\t\t\t<div class=\"elementor-column elementor-col-33 elementor-inner-column elementor-element elementor-element-68060532\" data-id=\"68060532\" data-element_type=\"column\" data-e-type=\"column\">\n\t\t\t<div class=\"elementor-widget-wrap elementor-element-populated\">\n\t\t\t\t\t\t<div class=\"elementor-element elementor-element-3fdf4c80 elementor-widget elementor-widget-image\" data-id=\"3fdf4c80\" data-element_type=\"widget\" data-e-type=\"widget\" data-settings=\"{&quot;motion_fx_motion_fx_scrolling&quot;:&quot;yes&quot;,&quot;motion_fx_translateY_effect&quot;:&quot;yes&quot;,&quot;motion_fx_translateY_speed&quot;:{&quot;unit&quot;:&quot;px&quot;,&quot;size&quot;:&quot;1&quot;,&quot;sizes&quot;:[]},&quot;ekit_we_effect_on&quot;:&quot;none&quot;,&quot;motion_fx_translateY_affectedRange&quot;:{&quot;unit&quot;:&quot;%&quot;,&quot;size&quot;:&quot;&quot;,&quot;sizes&quot;:{&quot;start&quot;:0,&quot;end&quot;:100}},&quot;motion_fx_devices&quot;:[&quot;desktop&quot;,&quot;tablet&quot;,&quot;mobile&quot;]}\" data-widget_type=\"image.default\">\n\t\t\t\t\t\t\t\t\t\t\t\t\t\t\t<img fetchpriority=\"high\" decoding=\"async\" width=\"2144\" height=\"1424\" src=\"https:\/\/itemm.fr\/itemm\/wp-content\/uploads\/2021\/08\/Projet-OPERA-des-partenariats-forts.jpg\" class=\"attachment-full size-full wp-image-28703\" alt=\"Projet OPERA des partenariats forts\" srcset=\"https:\/\/itemm.fr\/itemm\/wp-content\/uploads\/2021\/08\/Projet-OPERA-des-partenariats-forts.jpg.webp 2144w, https:\/\/itemm.fr\/itemm\/wp-content\/uploads\/2021\/08\/Projet-OPERA-des-partenariats-forts-600x399.jpg.webp 600w, https:\/\/itemm.fr\/itemm\/wp-content\/uploads\/2021\/08\/Projet-OPERA-des-partenariats-forts-300x199.jpg.webp 300w, https:\/\/itemm.fr\/itemm\/wp-content\/uploads\/2021\/08\/Projet-OPERA-des-partenariats-forts-1024x680.jpg.webp 1024w, https:\/\/itemm.fr\/itemm\/wp-content\/uploads\/2021\/08\/Projet-OPERA-des-partenariats-forts-768x510.jpg.webp 768w, https:\/\/itemm.fr\/itemm\/wp-content\/uploads\/2021\/08\/Projet-OPERA-des-partenariats-forts-391x260.jpg.webp 391w, https:\/\/itemm.fr\/itemm\/wp-content\/uploads\/2021\/08\/Projet-OPERA-des-partenariats-forts-1536x1020.jpg.webp 1536w, https:\/\/itemm.fr\/itemm\/wp-content\/uploads\/2021\/08\/Projet-OPERA-des-partenariats-forts-2048x1360.jpg.webp 2048w\" sizes=\"(max-width: 2144px) 100vw, 2144px\" \/>\t\t\t\t\t\t\t\t\t\t\t\t\t\t\t<\/div>\n\t\t\t\t\t<\/div>\n\t\t<\/div>\n\t\t\t\t<div class=\"elementor-column elementor-col-33 elementor-inner-column elementor-element elementor-element-2cadea75\" data-id=\"2cadea75\" data-element_type=\"column\" data-e-type=\"column\">\n\t\t\t<div class=\"elementor-widget-wrap elementor-element-populated\">\n\t\t\t\t\t\t<div class=\"elementor-element elementor-element-3bf9dc4e elementor-widget elementor-widget-heading\" data-id=\"3bf9dc4e\" data-element_type=\"widget\" data-e-type=\"widget\" data-settings=\"{&quot;ekit_we_effect_on&quot;:&quot;none&quot;}\" data-widget_type=\"heading.default\">\n\t\t\t\t\t<h3 class=\"elementor-heading-title elementor-size-default\">OP\u00c9RA<\/h3>\t\t\t\t<\/div>\n\t\t\t\t<div class=\"elementor-element elementor-element-95b0a56 elementor-widget elementor-widget-text-editor\" data-id=\"95b0a56\" data-element_type=\"widget\" data-e-type=\"widget\" data-settings=\"{&quot;ekit_we_effect_on&quot;:&quot;none&quot;}\" data-widget_type=\"text-editor.default\">\n\t\t\t\t\t\t\t\t\t<p>OP\u00c9RA pour Outil Probabiliste d\u2019\u00c9valuation du Risque par A\u00e9rosols est un programme qui a \u00e9t\u00e9 d\u00e9velopp\u00e9 en 2020 \/ 2021 en soutien au spectacle vivant.<\/p><p>L\u2019objectif de ce programme est d\u2019orienter, en produisant des donn\u00e9es sur les risques comparatifs, vers des strat\u00e9gies robustes et objectiv\u00e9es d\u2019adaptations et de d\u00e9cisions locales dans le cadre de la reprise d\u2019activit\u00e9 des salles de spectacle, pour diminuer le risque de transmission de maladies par a\u00e9rosols.<\/p><p>Cette approche est une modalit\u00e9 de r\u00e9flexion, qui s&#8217;inscrit dans une d\u00e9marche n\u00e9cessairement pluridisciplinaire, o\u00f9 les autres risques de contamination (gouttelettes, contacts&#8230;) doivent \u00eatre \u00e9tudi\u00e9s.<\/p>\t\t\t\t\t\t\t\t<\/div>\n\t\t\t\t\t<\/div>\n\t\t<\/div>\n\t\t\t\t<div class=\"elementor-column elementor-col-33 elementor-inner-column elementor-element elementor-element-48aa34\" data-id=\"48aa34\" data-element_type=\"column\" data-e-type=\"column\">\n\t\t\t<div class=\"elementor-widget-wrap elementor-element-populated\">\n\t\t\t\t\t\t<div class=\"elementor-element elementor-element-86fa38a elementor-widget elementor-widget-text-editor\" data-id=\"86fa38a\" data-element_type=\"widget\" data-e-type=\"widget\" data-settings=\"{&quot;ekit_we_effect_on&quot;:&quot;none&quot;}\" data-widget_type=\"text-editor.default\">\n\t\t\t\t\t\t\t\t\t<p>L\u2019objectif de cette action est de travailler avec diff\u00e9rentes salles de spectacle, toutes disciplines confondues, lieux d\u2019accueil de publics (salles de r\u00e9p\u00e9tition, studios, salle de cours\u2026.) pour collecter, sur diff\u00e9rents territoires, les caract\u00e9ristiques techniques n\u00e9cessaires pour \u00e9valuer le risque associ\u00e9 \u00e0 chaque situation et chaque configuration.<\/p><p>Dans cette perspective, l\u2019ITEMM r\u00e9alise des partenariats avec des collectivit\u00e9s, r\u00e9gions, souhaitant s\u2019associer \u00e0 cette recherche.<\/p>\t\t\t\t\t\t\t\t<\/div>\n\t\t\t\t\t<\/div>\n\t\t<\/div>\n\t\t\t\t\t<\/div>\n\t\t<\/section>\n\t\t\t\t\t<\/div>\n\t\t<\/div>\n\t\t\t\t\t<\/div>\n\t\t<\/section>\n\t\t\t\t<section class=\"elementor-section elementor-top-section elementor-element elementor-element-91c1374 elementor-reverse-mobile elementor-section-height-min-height elementor-section-boxed elementor-section-height-default elementor-section-items-middle\" data-id=\"91c1374\" data-element_type=\"section\" data-e-type=\"section\" data-settings=\"{&quot;background_background&quot;:&quot;classic&quot;,&quot;ekit_has_onepagescroll_dot&quot;:&quot;yes&quot;}\">\n\t\t\t\t\t\t\t<div class=\"elementor-background-overlay\"><\/div>\n\t\t\t\t\t\t\t<div class=\"elementor-container elementor-column-gap-default\">\n\t\t\t\t\t<div class=\"elementor-column elementor-col-33 elementor-top-column elementor-element elementor-element-1918be12\" data-id=\"1918be12\" data-element_type=\"column\" data-e-type=\"column\" data-settings=\"{&quot;background_background&quot;:&quot;classic&quot;}\">\n\t\t\t<div class=\"elementor-widget-wrap elementor-element-populated\">\n\t\t\t\t\t<div class=\"elementor-background-overlay\"><\/div>\n\t\t\t\t\t\t<div class=\"elementor-element elementor-element-4f200bff elementor-widget elementor-widget-heading\" data-id=\"4f200bff\" data-element_type=\"widget\" data-e-type=\"widget\" data-settings=\"{&quot;motion_fx_motion_fx_scrolling&quot;:&quot;yes&quot;,&quot;motion_fx_translateY_effect&quot;:&quot;yes&quot;,&quot;motion_fx_translateY_speed&quot;:{&quot;unit&quot;:&quot;px&quot;,&quot;size&quot;:&quot;0.5&quot;,&quot;sizes&quot;:[]},&quot;motion_fx_translateY_affectedRange&quot;:{&quot;unit&quot;:&quot;%&quot;,&quot;size&quot;:&quot;&quot;,&quot;sizes&quot;:{&quot;start&quot;:&quot;0&quot;,&quot;end&quot;:&quot;50&quot;}},&quot;motion_fx_opacity_effect&quot;:&quot;yes&quot;,&quot;motion_fx_opacity_range&quot;:{&quot;unit&quot;:&quot;%&quot;,&quot;size&quot;:&quot;&quot;,&quot;sizes&quot;:{&quot;start&quot;:&quot;0&quot;,&quot;end&quot;:&quot;50&quot;}},&quot;ekit_we_effect_on&quot;:&quot;none&quot;,&quot;motion_fx_opacity_direction&quot;:&quot;out-in&quot;,&quot;motion_fx_opacity_level&quot;:{&quot;unit&quot;:&quot;px&quot;,&quot;size&quot;:10,&quot;sizes&quot;:[]},&quot;motion_fx_devices&quot;:[&quot;desktop&quot;,&quot;tablet&quot;,&quot;mobile&quot;]}\" data-widget_type=\"heading.default\">\n\t\t\t\t\t<h2 class=\"elementor-heading-title elementor-size-default\">Un programme de recherche qui comporte diff\u00e9rentes phases<\/h2>\t\t\t\t<\/div>\n\t\t\t\t<section class=\"elementor-section elementor-inner-section elementor-element elementor-element-6776d2f6 elementor-section-boxed elementor-section-height-default elementor-section-height-default\" data-id=\"6776d2f6\" data-element_type=\"section\" data-e-type=\"section\" data-settings=\"{&quot;ekit_has_onepagescroll_dot&quot;:&quot;yes&quot;}\">\n\t\t\t\t\t\t<div class=\"elementor-container elementor-column-gap-default\">\n\t\t\t\t\t<div class=\"elementor-column elementor-col-50 elementor-inner-column elementor-element elementor-element-425d4bf8\" data-id=\"425d4bf8\" data-element_type=\"column\" data-e-type=\"column\">\n\t\t\t<div class=\"elementor-widget-wrap\">\n\t\t\t\t\t\t\t<\/div>\n\t\t<\/div>\n\t\t\t\t<div class=\"elementor-column elementor-col-50 elementor-inner-column elementor-element elementor-element-27f4d40d\" data-id=\"27f4d40d\" data-element_type=\"column\" data-e-type=\"column\">\n\t\t\t<div class=\"elementor-widget-wrap\">\n\t\t\t\t\t\t\t<\/div>\n\t\t<\/div>\n\t\t\t\t\t<\/div>\n\t\t<\/section>\n\t\t\t\t\t<\/div>\n\t\t<\/div>\n\t\t\t\t<div class=\"elementor-column elementor-col-33 elementor-top-column elementor-element elementor-element-2cef54b4\" data-id=\"2cef54b4\" data-element_type=\"column\" data-e-type=\"column\" data-settings=\"{&quot;background_background&quot;:&quot;classic&quot;}\">\n\t\t\t<div class=\"elementor-widget-wrap elementor-element-populated\">\n\t\t\t\t\t<div class=\"elementor-background-overlay\"><\/div>\n\t\t\t\t\t\t<div class=\"elementor-element elementor-element-77461dad elementor-widget elementor-widget-heading\" data-id=\"77461dad\" data-element_type=\"widget\" data-e-type=\"widget\" data-settings=\"{&quot;ekit_we_effect_on&quot;:&quot;none&quot;}\" data-widget_type=\"heading.default\">\n\t\t\t\t\t<h4 class=\"elementor-heading-title elementor-size-default\">PHASE  1 : Recueil de donn\u00e9es \u200b<\/h4>\t\t\t\t<\/div>\n\t\t\t\t<div class=\"elementor-element elementor-element-70631b3d elementor-widget elementor-widget-text-editor\" data-id=\"70631b3d\" data-element_type=\"widget\" data-e-type=\"widget\" data-settings=\"{&quot;ekit_we_effect_on&quot;:&quot;none&quot;}\" data-widget_type=\"text-editor.default\">\n\t\t\t\t\t\t\t\t\t<p><strong>En 2021<\/strong><\/p>\t\t\t\t\t\t\t\t<\/div>\n\t\t\t\t<div class=\"elementor-element elementor-element-31e5c5b3 elementor-widget elementor-widget-text-editor\" data-id=\"31e5c5b3\" data-element_type=\"widget\" data-e-type=\"widget\" data-settings=\"{&quot;ekit_we_effect_on&quot;:&quot;none&quot;}\" data-widget_type=\"text-editor.default\">\n\t\t\t\t\t\t\t\t\t<p>Recueil d\u2019une premi\u00e8re s\u00e9rie de donn\u00e9es (g\u00e9om\u00e9triques, ventilation, jauges, etc.) aupr\u00e8s des lieux de culture et d\u00e9veloppement d\u2019un outil de calcul de risque incluant les donn\u00e9es recueillies via un panel d\u2019une centaine de salles (op\u00e9ras, salles de musiques actuelles, th\u00e9\u00e2tres).<\/p><p>L\u2019objectif est d\u2019\u00e9tablir une premi\u00e8re typologie de risques de contamination par a\u00e9rosols en fonction des types de lieux.<\/p><ol><li>Am\u00e9lioration et ajout des variables du mod\u00e8le en fonction des premiers r\u00e9sultats et de l\u2019\u00e9volution de la connaissance (virologie, a\u00e9rosols) : le nombre de param\u00e8tres est n\u00e9cessairement important.<\/li><li>R\u00e9alisation d\u2019approches comparatives sur certains lieux.<\/li><li>Augmentation du recueil quantitatif des donn\u00e9es (+ de 100 donn\u00e9es de lieux ; lieux \u00e9tendus aux salles de cin\u00e9ma, mus\u00e9es, galeries\u2026), gr\u00e2ce au partenariat avec la r\u00e9gion Nouvelle Aquitaine et le d\u00e9partement Seine Saint-Denis.<\/li><li>Travail sur le d\u00e9veloppement d\u2019une version \u201c\u00e0 diffuser\u201d de l&#8217;outil (collaboration avec l&#8217;\u00e9quipe airborne.cam de l&#8217;universit\u00e9 de Cambridge pour une plate-forme en ligne)<\/li><li>R\u00e9alisation de rapports par type de lieux sur des jauges comparatives, variations des modalit\u00e9s sc\u00e9niques, des dur\u00e9es des spectacles&#8230;<\/li><\/ol>\t\t\t\t\t\t\t\t<\/div>\n\t\t\t\t\t<\/div>\n\t\t<\/div>\n\t\t\t\t<div class=\"elementor-column elementor-col-33 elementor-top-column elementor-element elementor-element-565c1640\" data-id=\"565c1640\" data-element_type=\"column\" data-e-type=\"column\" data-settings=\"{&quot;background_background&quot;:&quot;classic&quot;}\">\n\t\t\t<div class=\"elementor-widget-wrap elementor-element-populated\">\n\t\t\t\t\t<div class=\"elementor-background-overlay\"><\/div>\n\t\t\t\t\t\t<div class=\"elementor-element elementor-element-2c45cf7c elementor-widget elementor-widget-heading\" data-id=\"2c45cf7c\" data-element_type=\"widget\" data-e-type=\"widget\" data-settings=\"{&quot;ekit_we_effect_on&quot;:&quot;none&quot;}\" data-widget_type=\"heading.default\">\n\t\t\t\t\t<h4 class=\"elementor-heading-title elementor-size-default\">PHASE 2 : Acc\u00e8s au calculateur par les directions de salles <\/h4>\t\t\t\t<\/div>\n\t\t\t\t<div class=\"elementor-element elementor-element-55194ea4 elementor-widget elementor-widget-text-editor\" data-id=\"55194ea4\" data-element_type=\"widget\" data-e-type=\"widget\" data-settings=\"{&quot;ekit_we_effect_on&quot;:&quot;none&quot;}\" data-widget_type=\"text-editor.default\">\n\t\t\t\t\t\t\t\t\t<p><b>En 2021<br \/><\/b><\/p>\t\t\t\t\t\t\t\t<\/div>\n\t\t\t\t<div class=\"elementor-element elementor-element-7159df1a elementor-widget elementor-widget-text-editor\" data-id=\"7159df1a\" data-element_type=\"widget\" data-e-type=\"widget\" data-settings=\"{&quot;ekit_we_effect_on&quot;:&quot;none&quot;}\" data-widget_type=\"text-editor.default\">\n\t\t\t\t\t\t\t\t\t<ul><li>Un outil d\u2019aide \u00e0 la d\u00e9cision adapt\u00e9 pour le spectacle vivant, sur la base d&#8217;articles scientifiques.<\/li><li>Cet outil prend en compte diff\u00e9rents groupes de personnes ayant des activit\u00e9s plus ou moins sujettes \u00e0 l\u2019\u00e9mission d\u2019a\u00e9rosols.<\/li><li>L\u2019\u00e9valuation des risques de contamination selon le rapport lieu \/ public \/ type de production sc\u00e9nique \/ dur\u00e9e \/ ventilation etc. est effectu\u00e9e.<\/li><li>Elle permet d&#8217;adapter ces diff\u00e9rents param\u00e8tres pour proposer ensuite un \u00e9v\u00e9nement culturel pr\u00e9sentant le moins de risques possible mais avec une faisabilit\u00e9 \u00e9conomique et logistique ad\u00e9quate.<\/li><\/ul>\t\t\t\t\t\t\t\t<\/div>\n\t\t\t\t\t<\/div>\n\t\t<\/div>\n\t\t\t\t\t<\/div>\n\t\t<\/section>\n\t\t\t\t<section class=\"elementor-section elementor-top-section elementor-element elementor-element-3e14680f elementor-reverse-mobile elementor-section-height-min-height elementor-section-boxed elementor-section-height-default elementor-section-items-middle\" data-id=\"3e14680f\" data-element_type=\"section\" data-e-type=\"section\" data-settings=\"{&quot;background_background&quot;:&quot;classic&quot;,&quot;ekit_has_onepagescroll_dot&quot;:&quot;yes&quot;}\">\n\t\t\t\t\t\t\t<div class=\"elementor-background-overlay\"><\/div>\n\t\t\t\t\t\t\t<div class=\"elementor-container elementor-column-gap-default\">\n\t\t\t\t\t<div class=\"elementor-column elementor-col-50 elementor-top-column elementor-element elementor-element-2347a73b\" data-id=\"2347a73b\" data-element_type=\"column\" data-e-type=\"column\">\n\t\t\t<div class=\"elementor-widget-wrap elementor-element-populated\">\n\t\t\t\t\t\t<div class=\"elementor-element elementor-element-79212432 elementor-widget elementor-widget-heading\" data-id=\"79212432\" data-element_type=\"widget\" data-e-type=\"widget\" data-settings=\"{&quot;motion_fx_motion_fx_scrolling&quot;:&quot;yes&quot;,&quot;motion_fx_translateY_effect&quot;:&quot;yes&quot;,&quot;motion_fx_translateY_speed&quot;:{&quot;unit&quot;:&quot;px&quot;,&quot;size&quot;:&quot;0.5&quot;,&quot;sizes&quot;:[]},&quot;motion_fx_translateY_affectedRange&quot;:{&quot;unit&quot;:&quot;%&quot;,&quot;size&quot;:&quot;&quot;,&quot;sizes&quot;:{&quot;start&quot;:&quot;0&quot;,&quot;end&quot;:&quot;50&quot;}},&quot;motion_fx_opacity_effect&quot;:&quot;yes&quot;,&quot;motion_fx_opacity_range&quot;:{&quot;unit&quot;:&quot;%&quot;,&quot;size&quot;:&quot;&quot;,&quot;sizes&quot;:{&quot;start&quot;:&quot;0&quot;,&quot;end&quot;:&quot;50&quot;}},&quot;ekit_we_effect_on&quot;:&quot;none&quot;,&quot;motion_fx_opacity_direction&quot;:&quot;out-in&quot;,&quot;motion_fx_opacity_level&quot;:{&quot;unit&quot;:&quot;px&quot;,&quot;size&quot;:10,&quot;sizes&quot;:[]},&quot;motion_fx_devices&quot;:[&quot;desktop&quot;,&quot;tablet&quot;,&quot;mobile&quot;]}\" data-widget_type=\"heading.default\">\n\t\t\t\t\t<h2 class=\"elementor-heading-title elementor-size-default\">Actualit\u00e9s<\/h2>\t\t\t\t<\/div>\n\t\t\t\t<section class=\"elementor-section elementor-inner-section elementor-element elementor-element-37165c19 elementor-section-boxed elementor-section-height-default elementor-section-height-default\" data-id=\"37165c19\" data-element_type=\"section\" data-e-type=\"section\" data-settings=\"{&quot;motion_fx_motion_fx_scrolling&quot;:&quot;yes&quot;,&quot;motion_fx_translateY_effect&quot;:&quot;yes&quot;,&quot;motion_fx_translateY_speed&quot;:{&quot;unit&quot;:&quot;px&quot;,&quot;size&quot;:&quot;1&quot;,&quot;sizes&quot;:[]},&quot;motion_fx_translateY_affectedRange&quot;:{&quot;unit&quot;:&quot;%&quot;,&quot;size&quot;:&quot;&quot;,&quot;sizes&quot;:{&quot;start&quot;:&quot;0&quot;,&quot;end&quot;:&quot;50&quot;}},&quot;motion_fx_opacity_effect&quot;:&quot;yes&quot;,&quot;motion_fx_opacity_range&quot;:{&quot;unit&quot;:&quot;%&quot;,&quot;size&quot;:&quot;&quot;,&quot;sizes&quot;:{&quot;start&quot;:&quot;0&quot;,&quot;end&quot;:&quot;50&quot;}},&quot;motion_fx_devices&quot;:[&quot;desktop&quot;,&quot;tablet&quot;],&quot;ekit_has_onepagescroll_dot&quot;:&quot;yes&quot;,&quot;motion_fx_opacity_direction&quot;:&quot;out-in&quot;,&quot;motion_fx_opacity_level&quot;:{&quot;unit&quot;:&quot;px&quot;,&quot;size&quot;:10,&quot;sizes&quot;:[]}}\">\n\t\t\t\t\t\t<div class=\"elementor-container elementor-column-gap-default\">\n\t\t\t\t\t<div class=\"elementor-column elementor-col-100 elementor-inner-column elementor-element elementor-element-332d4de8\" data-id=\"332d4de8\" data-element_type=\"column\" data-e-type=\"column\" data-settings=\"{&quot;background_background&quot;:&quot;classic&quot;}\">\n\t\t\t<div class=\"elementor-widget-wrap elementor-element-populated\">\n\t\t\t\t\t\t<div class=\"elementor-element elementor-element-680182f0 elementor-grid-3 elementor-grid-tablet-2 elementor-grid-mobile-1 elementor-posts--thumbnail-top elementor-widget elementor-widget-posts\" data-id=\"680182f0\" data-element_type=\"widget\" data-e-type=\"widget\" data-settings=\"{&quot;classic_columns&quot;:&quot;3&quot;,&quot;classic_columns_tablet&quot;:&quot;2&quot;,&quot;classic_columns_mobile&quot;:&quot;1&quot;,&quot;classic_row_gap&quot;:{&quot;unit&quot;:&quot;px&quot;,&quot;size&quot;:35,&quot;sizes&quot;:[]},&quot;classic_row_gap_tablet&quot;:{&quot;unit&quot;:&quot;px&quot;,&quot;size&quot;:&quot;&quot;,&quot;sizes&quot;:[]},&quot;classic_row_gap_mobile&quot;:{&quot;unit&quot;:&quot;px&quot;,&quot;size&quot;:&quot;&quot;,&quot;sizes&quot;:[]},&quot;ekit_we_effect_on&quot;:&quot;none&quot;}\" data-widget_type=\"posts.classic\">\n\t\t\t\t<div class=\"elementor-widget-container\">\n\t\t\t\t\t\t\t<div class=\"elementor-posts-container elementor-posts elementor-posts--skin-classic elementor-grid\" role=\"list\">\n\t\t\t\t<article class=\"elementor-post elementor-grid-item post-28700 post type-post status-publish format-standard has-post-thumbnail hentry category-opera\" role=\"listitem\">\n\t\t\t\t<a class=\"elementor-post__thumbnail__link\" href=\"https:\/\/itemm.fr\/itemm\/projet-opera-des-partenariats-forts\/\" tabindex=\"-1\" >\n\t\t\t<div class=\"elementor-post__thumbnail\"><img decoding=\"async\" width=\"300\" height=\"199\" src=\"https:\/\/itemm.fr\/itemm\/wp-content\/uploads\/2021\/08\/Projet-OPERA-des-partenariats-forts-300x199.jpg\" class=\"attachment-medium size-medium wp-image-28703\" alt=\"Projet OPERA des partenariats forts\" srcset=\"https:\/\/itemm.fr\/itemm\/wp-content\/uploads\/2021\/08\/Projet-OPERA-des-partenariats-forts-300x199.jpg 300w, https:\/\/itemm.fr\/itemm\/wp-content\/uploads\/2021\/08\/Projet-OPERA-des-partenariats-forts-600x399.jpg 600w, https:\/\/itemm.fr\/itemm\/wp-content\/uploads\/2021\/08\/Projet-OPERA-des-partenariats-forts-1024x680.jpg 1024w, https:\/\/itemm.fr\/itemm\/wp-content\/uploads\/2021\/08\/Projet-OPERA-des-partenariats-forts-768x510.jpg 768w, https:\/\/itemm.fr\/itemm\/wp-content\/uploads\/2021\/08\/Projet-OPERA-des-partenariats-forts-391x260.jpg 391w, https:\/\/itemm.fr\/itemm\/wp-content\/uploads\/2021\/08\/Projet-OPERA-des-partenariats-forts-1536x1020.jpg 1536w, https:\/\/itemm.fr\/itemm\/wp-content\/uploads\/2021\/08\/Projet-OPERA-des-partenariats-forts-2048x1360.jpg 2048w\" sizes=\"(max-width: 300px) 100vw, 300px\" \/><\/div>\n\t\t<\/a>\n\t\t\t\t<div class=\"elementor-post__text\">\n\t\t\t\t<h3 class=\"elementor-post__title\">\n\t\t\t<a href=\"https:\/\/itemm.fr\/itemm\/projet-opera-des-partenariats-forts\/\" >\n\t\t\t\tProjet OP\u00c9RA : des partenariats forts\t\t\t<\/a>\n\t\t<\/h3>\n\t\t\t\t<div class=\"elementor-post__meta-data\">\n\t\t\t\t\t<span class=\"elementor-post-date\">\n\t\t\t25 ao\u00fbt 2021\t\t<\/span>\n\t\t\t\t<\/div>\n\t\t\t\t<div class=\"elementor-post__excerpt\">\n\t\t\t<p>Projet OP\u00c9RA : des partenariats forts avec la r\u00e9gion Nouvelle Aquitaine, le D\u00e9partement de Seine Saint-Denis et l\u2019Universit\u00e9 de Cambridge.<\/p>\n\t\t<\/div>\n\t\t\n\t\t<a class=\"elementor-post__read-more\" href=\"https:\/\/itemm.fr\/itemm\/projet-opera-des-partenariats-forts\/\" aria-label=\"En savoir plus sur Projet OP\u00c9RA : des partenariats forts\" tabindex=\"-1\" >\n\t\t\tLire la suite \u00bb\t\t<\/a>\n\n\t\t\t\t<\/div>\n\t\t\t\t<\/article>\n\t\t\t\t<\/div>\n\t\t\n\t\t\t\t\t\t<\/div>\n\t\t\t\t<\/div>\n\t\t\t\t\t<\/div>\n\t\t<\/div>\n\t\t\t\t\t<\/div>\n\t\t<\/section>\n\t\t\t\t\t<\/div>\n\t\t<\/div>\n\t\t\t\t<div class=\"elementor-column elementor-col-50 elementor-top-column elementor-element elementor-element-b9a37b6\" data-id=\"b9a37b6\" data-element_type=\"column\" data-e-type=\"column\">\n\t\t\t<div class=\"elementor-widget-wrap elementor-element-populated\">\n\t\t\t\t\t\t<div class=\"elementor-element elementor-element-671db228 elementor-widget elementor-widget-text-editor\" data-id=\"671db228\" data-element_type=\"widget\" data-e-type=\"widget\" data-settings=\"{&quot;ekit_we_effect_on&quot;:&quot;none&quot;}\" data-widget_type=\"text-editor.default\">\n\t\t\t\t\t\t\t\t\t<p><strong>Remarques importantes :<\/strong><\/p>\n<ol>\n<li aria-level=\"1\">Cet outil ne peut \u00eatre consid\u00e9r\u00e9 comme une preuve d\u2019absence de risque, et ne peut se soustraire \u00e0 une d\u00e9cision locale ou nationale concernant la tenue d\u2019un spectacle.<\/li>\n<li aria-level=\"1\">Il s\u2019agit d\u2019un outil pour l\u2019\u00e9valuation d\u2019une situation par rapport \u00e0 une autre, et permet d\u2019effectuer des comparaisons avec diff\u00e9rents indicateurs.<br \/><\/li>\n<li aria-level=\"1\">Le risque par a\u00e9rosols est un des modes de transmission parmi d\u2019autres, que sont le contact ou les grosses particules. Cette approche est donc uniquement pour le risque par a\u00e9rosols et il est n\u00e9cessaire de la compl\u00e9ter par une \u00e9valuation du risque par contact ou plus grosses particules (lorsqu\u2019il n\u2019y a pas de port du masque par exemple).<\/li>\n<\/ol>\t\t\t\t\t\t\t\t<\/div>\n\t\t\t\t<div class=\"elementor-element elementor-element-5b779701 elementor-mobile-align-center elementor-widget elementor-widget-button\" data-id=\"5b779701\" data-element_type=\"widget\" data-e-type=\"widget\" data-settings=\"{&quot;ekit_we_effect_on&quot;:&quot;none&quot;}\" data-widget_type=\"button.default\">\n\t\t\t\t\t\t\t\t\t\t<a class=\"elementor-button elementor-button-link elementor-size-md\" href=\"https:\/\/www.openlab-itemm.com\/\">\n\t\t\t\t\t\t<span class=\"elementor-button-content-wrapper\">\n\t\t\t\t\t\t<span class=\"elementor-button-icon\">\n\t\t\t\t<i aria-hidden=\"true\" class=\"fas fa-arrow-right\"><\/i>\t\t\t<\/span>\n\t\t\t\t\t\t\t\t\t<span class=\"elementor-button-text\">connexion \u00e0 l'outil *<\/span>\n\t\t\t\t\t<\/span>\n\t\t\t\t\t<\/a>\n\t\t\t\t\t\t\t\t<\/div>\n\t\t\t\t<div class=\"elementor-element elementor-element-3a91e8ce elementor-widget elementor-widget-text-editor\" data-id=\"3a91e8ce\" data-element_type=\"widget\" data-e-type=\"widget\" data-settings=\"{&quot;ekit_we_effect_on&quot;:&quot;none&quot;}\" data-widget_type=\"text-editor.default\">\n\t\t\t\t\t\t\t\t\t<p>* En cliquant sur le lien ci-dessous vous reconnaissez avoir lu les remarques pr\u00e9c\u00e9dentes<\/p>\t\t\t\t\t\t\t\t<\/div>\n\t\t\t\t\t<\/div>\n\t\t<\/div>\n\t\t\t\t\t<\/div>\n\t\t<\/section>\n\t\t\t\t<\/div>\n\t\t","protected":false},"excerpt":{"rendered":"<p>OP\u00c9RA : programme de recherche en soutien aux activit\u00e9s culturelles et outil d&#8217;aide \u00e0 la d\u00e9cision OP\u00c9RA OP\u00c9RA pour Outil Probabiliste d\u2019\u00c9valuation du Risque par A\u00e9rosols est un programme qui a \u00e9t\u00e9 d\u00e9velopp\u00e9 en 2020 \/ 2021 en soutien au spectacle vivant. L\u2019objectif de ce programme est d\u2019orienter, en produisant des donn\u00e9es sur les risques&hellip;<\/p>\n","protected":false},"author":3004,"featured_media":0,"parent":21102,"menu_order":0,"comment_status":"closed","ping_status":"closed","template":"elementor_header_footer","meta":{"_acf_changed":false,"footnotes":""},"categories":[],"class_list":["post-28928","page","type-page","status-publish","hentry"],"acf":[],"yoast_head":"<!-- This site is optimized with the Yoast SEO plugin v27.5 - https:\/\/yoast.com\/product\/yoast-seo-wordpress\/ -->\n<title>Projet OP\u00c9RA | Itemm -<\/title>\n<meta name=\"robots\" content=\"index, follow, max-snippet:-1, max-image-preview:large, max-video-preview:-1\" \/>\n<link rel=\"canonical\" href=\"https:\/\/itemm.fr\/itemm\/pole-dinnovation\/transfert\/projet-opera\/\" \/>\n<meta property=\"og:locale\" content=\"fr_FR\" \/>\n<meta property=\"og:type\" content=\"article\" \/>\n<meta property=\"og:title\" content=\"Projet OP\u00c9RA | Itemm -\" \/>\n<meta property=\"og:description\" content=\"OP\u00c9RA : programme de recherche en soutien aux activit\u00e9s culturelles et outil d&#8217;aide \u00e0 la d\u00e9cision OP\u00c9RA OP\u00c9RA pour Outil Probabiliste d\u2019\u00c9valuation du Risque par A\u00e9rosols est un programme qui a \u00e9t\u00e9 d\u00e9velopp\u00e9 en 2020 \/ 2021 en soutien au spectacle vivant. L\u2019objectif de ce programme est d\u2019orienter, en produisant des donn\u00e9es sur les risques&hellip;\" \/>\n<meta property=\"og:url\" content=\"https:\/\/itemm.fr\/itemm\/pole-dinnovation\/transfert\/projet-opera\/\" \/>\n<meta property=\"og:site_name\" content=\"Itemm -\" \/>\n<meta property=\"article:publisher\" content=\"https:\/\/www.facebook.com\/itemm.lemans\" \/>\n<meta property=\"article:modified_time\" content=\"2026-02-09T13:42:42+00:00\" \/>\n<meta property=\"og:image\" content=\"https:\/\/itemm.fr\/itemm\/wp-content\/uploads\/2021\/08\/Projet-OPERA-des-partenariats-forts.jpg\" \/>\n\t<meta property=\"og:image:width\" content=\"2144\" \/>\n\t<meta property=\"og:image:height\" content=\"1424\" \/>\n\t<meta property=\"og:image:type\" content=\"image\/jpeg\" \/>\n<script type=\"application\/ld+json\" class=\"yoast-schema-graph\">{\"@context\":\"https:\\\/\\\/schema.org\",\"@graph\":[{\"@type\":\"WebPage\",\"@id\":\"https:\\\/\\\/itemm.fr\\\/itemm\\\/pole-dinnovation\\\/transfert\\\/projet-opera\\\/\",\"url\":\"https:\\\/\\\/itemm.fr\\\/itemm\\\/pole-dinnovation\\\/transfert\\\/projet-opera\\\/\",\"name\":\"Projet OP\u00c9RA | Itemm -\",\"isPartOf\":{\"@id\":\"https:\\\/\\\/itemm.fr\\\/itemm\\\/#website\"},\"primaryImageOfPage\":{\"@id\":\"https:\\\/\\\/itemm.fr\\\/itemm\\\/pole-dinnovation\\\/transfert\\\/projet-opera\\\/#primaryimage\"},\"image\":{\"@id\":\"https:\\\/\\\/itemm.fr\\\/itemm\\\/pole-dinnovation\\\/transfert\\\/projet-opera\\\/#primaryimage\"},\"thumbnailUrl\":\"https:\\\/\\\/itemm.fr\\\/itemm\\\/wp-content\\\/uploads\\\/2021\\\/08\\\/Projet-OPERA-des-partenariats-forts.jpg\",\"datePublished\":\"2021-08-26T13:42:51+00:00\",\"dateModified\":\"2026-02-09T13:42:42+00:00\",\"breadcrumb\":{\"@id\":\"https:\\\/\\\/itemm.fr\\\/itemm\\\/pole-dinnovation\\\/transfert\\\/projet-opera\\\/#breadcrumb\"},\"inLanguage\":\"fr-FR\",\"potentialAction\":[{\"@type\":\"ReadAction\",\"target\":[\"https:\\\/\\\/itemm.fr\\\/itemm\\\/pole-dinnovation\\\/transfert\\\/projet-opera\\\/\"]}]},{\"@type\":\"ImageObject\",\"inLanguage\":\"fr-FR\",\"@id\":\"https:\\\/\\\/itemm.fr\\\/itemm\\\/pole-dinnovation\\\/transfert\\\/projet-opera\\\/#primaryimage\",\"url\":\"https:\\\/\\\/itemm.fr\\\/itemm\\\/wp-content\\\/uploads\\\/2021\\\/08\\\/Projet-OPERA-des-partenariats-forts.jpg\",\"contentUrl\":\"https:\\\/\\\/itemm.fr\\\/itemm\\\/wp-content\\\/uploads\\\/2021\\\/08\\\/Projet-OPERA-des-partenariats-forts.jpg\",\"width\":2144,\"height\":1424,\"caption\":\"Projet OPERA des partenariats forts\"},{\"@type\":\"BreadcrumbList\",\"@id\":\"https:\\\/\\\/itemm.fr\\\/itemm\\\/pole-dinnovation\\\/transfert\\\/projet-opera\\\/#breadcrumb\",\"itemListElement\":[{\"@type\":\"ListItem\",\"position\":1,\"name\":\"Accueil\",\"item\":\"https:\\\/\\\/itemm.fr\\\/itemm\\\/\"},{\"@type\":\"ListItem\",\"position\":2,\"name\":\"P\u00f4le d&rsquo;innovation\",\"item\":\"https:\\\/\\\/itemm.fr\\\/itemm\\\/pole-dinnovation\\\/\"},{\"@type\":\"ListItem\",\"position\":3,\"name\":\"Transfert\",\"item\":\"https:\\\/\\\/itemm.fr\\\/itemm\\\/pole-dinnovation\\\/transfert\\\/\"},{\"@type\":\"ListItem\",\"position\":4,\"name\":\"Projet OP\u00c9RA\"}]},{\"@type\":\"WebSite\",\"@id\":\"https:\\\/\\\/itemm.fr\\\/itemm\\\/#website\",\"url\":\"https:\\\/\\\/itemm.fr\\\/itemm\\\/\",\"name\":\"Itemm\",\"description\":\"Institut technologique europ\u00e9en des m\u00e9tiers de la musique au Mans (72)\",\"publisher\":{\"@id\":\"https:\\\/\\\/itemm.fr\\\/itemm\\\/#organization\"},\"potentialAction\":[{\"@type\":\"SearchAction\",\"target\":{\"@type\":\"EntryPoint\",\"urlTemplate\":\"https:\\\/\\\/itemm.fr\\\/itemm\\\/?s={search_term_string}\"},\"query-input\":{\"@type\":\"PropertyValueSpecification\",\"valueRequired\":true,\"valueName\":\"search_term_string\"}}],\"inLanguage\":\"fr-FR\"},{\"@type\":\"Organization\",\"@id\":\"https:\\\/\\\/itemm.fr\\\/itemm\\\/#organization\",\"name\":\"ITEMM\",\"alternateName\":\"ITEMM\",\"url\":\"https:\\\/\\\/itemm.fr\\\/itemm\\\/\",\"logo\":{\"@type\":\"ImageObject\",\"inLanguage\":\"fr-FR\",\"@id\":\"https:\\\/\\\/itemm.fr\\\/itemm\\\/#\\\/schema\\\/logo\\\/image\\\/\",\"url\":\"https:\\\/\\\/itemm.fr\\\/itemm\\\/wp-content\\\/uploads\\\/2021\\\/12\\\/logo-itemm-piano-on.png\",\"contentUrl\":\"https:\\\/\\\/itemm.fr\\\/itemm\\\/wp-content\\\/uploads\\\/2021\\\/12\\\/logo-itemm-piano-on.png\",\"width\":446,\"height\":294,\"caption\":\"ITEMM\"},\"image\":{\"@id\":\"https:\\\/\\\/itemm.fr\\\/itemm\\\/#\\\/schema\\\/logo\\\/image\\\/\"},\"sameAs\":[\"https:\\\/\\\/www.facebook.com\\\/itemm.lemans\",\"https:\\\/\\\/www.instagram.com\\\/itemmlemans\\\/\",\"https:\\\/\\\/www.linkedin.com\\\/in\\\/itemm\\\/\"]}]}<\/script>\n<!-- \/ Yoast SEO plugin. -->","yoast_head_json":{"title":"Projet OP\u00c9RA | Itemm -","robots":{"index":"index","follow":"follow","max-snippet":"max-snippet:-1","max-image-preview":"max-image-preview:large","max-video-preview":"max-video-preview:-1"},"canonical":"https:\/\/itemm.fr\/itemm\/pole-dinnovation\/transfert\/projet-opera\/","og_locale":"fr_FR","og_type":"article","og_title":"Projet OP\u00c9RA | Itemm -","og_description":"OP\u00c9RA : programme de recherche en soutien aux activit\u00e9s culturelles et outil d&#8217;aide \u00e0 la d\u00e9cision OP\u00c9RA OP\u00c9RA pour Outil Probabiliste d\u2019\u00c9valuation du Risque par A\u00e9rosols est un programme qui a \u00e9t\u00e9 d\u00e9velopp\u00e9 en 2020 \/ 2021 en soutien au spectacle vivant. L\u2019objectif de ce programme est d\u2019orienter, en produisant des donn\u00e9es sur les risques&hellip;","og_url":"https:\/\/itemm.fr\/itemm\/pole-dinnovation\/transfert\/projet-opera\/","og_site_name":"Itemm -","article_publisher":"https:\/\/www.facebook.com\/itemm.lemans","article_modified_time":"2026-02-09T13:42:42+00:00","og_image":[{"width":2144,"height":1424,"url":"https:\/\/itemm.fr\/itemm\/wp-content\/uploads\/2021\/08\/Projet-OPERA-des-partenariats-forts.jpg","type":"image\/jpeg"}],"schema":{"@context":"https:\/\/schema.org","@graph":[{"@type":"WebPage","@id":"https:\/\/itemm.fr\/itemm\/pole-dinnovation\/transfert\/projet-opera\/","url":"https:\/\/itemm.fr\/itemm\/pole-dinnovation\/transfert\/projet-opera\/","name":"Projet OP\u00c9RA | Itemm -","isPartOf":{"@id":"https:\/\/itemm.fr\/itemm\/#website"},"primaryImageOfPage":{"@id":"https:\/\/itemm.fr\/itemm\/pole-dinnovation\/transfert\/projet-opera\/#primaryimage"},"image":{"@id":"https:\/\/itemm.fr\/itemm\/pole-dinnovation\/transfert\/projet-opera\/#primaryimage"},"thumbnailUrl":"https:\/\/itemm.fr\/itemm\/wp-content\/uploads\/2021\/08\/Projet-OPERA-des-partenariats-forts.jpg","datePublished":"2021-08-26T13:42:51+00:00","dateModified":"2026-02-09T13:42:42+00:00","breadcrumb":{"@id":"https:\/\/itemm.fr\/itemm\/pole-dinnovation\/transfert\/projet-opera\/#breadcrumb"},"inLanguage":"fr-FR","potentialAction":[{"@type":"ReadAction","target":["https:\/\/itemm.fr\/itemm\/pole-dinnovation\/transfert\/projet-opera\/"]}]},{"@type":"ImageObject","inLanguage":"fr-FR","@id":"https:\/\/itemm.fr\/itemm\/pole-dinnovation\/transfert\/projet-opera\/#primaryimage","url":"https:\/\/itemm.fr\/itemm\/wp-content\/uploads\/2021\/08\/Projet-OPERA-des-partenariats-forts.jpg","contentUrl":"https:\/\/itemm.fr\/itemm\/wp-content\/uploads\/2021\/08\/Projet-OPERA-des-partenariats-forts.jpg","width":2144,"height":1424,"caption":"Projet OPERA des partenariats forts"},{"@type":"BreadcrumbList","@id":"https:\/\/itemm.fr\/itemm\/pole-dinnovation\/transfert\/projet-opera\/#breadcrumb","itemListElement":[{"@type":"ListItem","position":1,"name":"Accueil","item":"https:\/\/itemm.fr\/itemm\/"},{"@type":"ListItem","position":2,"name":"P\u00f4le d&rsquo;innovation","item":"https:\/\/itemm.fr\/itemm\/pole-dinnovation\/"},{"@type":"ListItem","position":3,"name":"Transfert","item":"https:\/\/itemm.fr\/itemm\/pole-dinnovation\/transfert\/"},{"@type":"ListItem","position":4,"name":"Projet OP\u00c9RA"}]},{"@type":"WebSite","@id":"https:\/\/itemm.fr\/itemm\/#website","url":"https:\/\/itemm.fr\/itemm\/","name":"Itemm","description":"Institut technologique europ\u00e9en des m\u00e9tiers de la musique au Mans (72)","publisher":{"@id":"https:\/\/itemm.fr\/itemm\/#organization"},"potentialAction":[{"@type":"SearchAction","target":{"@type":"EntryPoint","urlTemplate":"https:\/\/itemm.fr\/itemm\/?s={search_term_string}"},"query-input":{"@type":"PropertyValueSpecification","valueRequired":true,"valueName":"search_term_string"}}],"inLanguage":"fr-FR"},{"@type":"Organization","@id":"https:\/\/itemm.fr\/itemm\/#organization","name":"ITEMM","alternateName":"ITEMM","url":"https:\/\/itemm.fr\/itemm\/","logo":{"@type":"ImageObject","inLanguage":"fr-FR","@id":"https:\/\/itemm.fr\/itemm\/#\/schema\/logo\/image\/","url":"https:\/\/itemm.fr\/itemm\/wp-content\/uploads\/2021\/12\/logo-itemm-piano-on.png","contentUrl":"https:\/\/itemm.fr\/itemm\/wp-content\/uploads\/2021\/12\/logo-itemm-piano-on.png","width":446,"height":294,"caption":"ITEMM"},"image":{"@id":"https:\/\/itemm.fr\/itemm\/#\/schema\/logo\/image\/"},"sameAs":["https:\/\/www.facebook.com\/itemm.lemans","https:\/\/www.instagram.com\/itemmlemans\/","https:\/\/www.linkedin.com\/in\/itemm\/"]}]}},"_links":{"self":[{"href":"https:\/\/itemm.fr\/itemm\/wp-json\/wp\/v2\/pages\/28928","targetHints":{"allow":["GET"]}}],"collection":[{"href":"https:\/\/itemm.fr\/itemm\/wp-json\/wp\/v2\/pages"}],"about":[{"href":"https:\/\/itemm.fr\/itemm\/wp-json\/wp\/v2\/types\/page"}],"author":[{"embeddable":true,"href":"https:\/\/itemm.fr\/itemm\/wp-json\/wp\/v2\/users\/3004"}],"replies":[{"embeddable":true,"href":"https:\/\/itemm.fr\/itemm\/wp-json\/wp\/v2\/comments?post=28928"}],"version-history":[{"count":0,"href":"https:\/\/itemm.fr\/itemm\/wp-json\/wp\/v2\/pages\/28928\/revisions"}],"up":[{"embeddable":true,"href":"https:\/\/itemm.fr\/itemm\/wp-json\/wp\/v2\/pages\/21102"}],"wp:attachment":[{"href":"https:\/\/itemm.fr\/itemm\/wp-json\/wp\/v2\/media?parent=28928"}],"wp:term":[{"taxonomy":"category","embeddable":true,"href":"https:\/\/itemm.fr\/itemm\/wp-json\/wp\/v2\/categories?post=28928"}],"curies":[{"name":"wp","href":"https:\/\/api.w.org\/{rel}","templated":true}]}}