{"id":23191,"date":"2020-12-08T10:54:53","date_gmt":"2020-12-08T09:54:53","guid":{"rendered":"https:\/\/itemm.fr\/itemm\/?page_id=23191"},"modified":"2026-04-13T16:12:32","modified_gmt":"2026-04-13T14:12:32","slug":"developpement-des-competences","status":"publish","type":"page","link":"https:\/\/itemm.fr\/itemm\/former-ses-equipes\/developpement-des-competences\/","title":{"rendered":"D\u00e9veloppement des comp\u00e9tences : Dispositifs et formations concern\u00e9s"},"content":{"rendered":"\t\t<div data-elementor-type=\"wp-page\" data-elementor-id=\"23191\" class=\"elementor elementor-23191\" data-elementor-post-type=\"page\">\n\t\t\t\t\t\t<section class=\"elementor-section elementor-top-section elementor-element elementor-element-65baae58 elementor-section-stretched elementor-section-boxed elementor-section-height-default elementor-section-height-default\" data-id=\"65baae58\" data-element_type=\"section\" data-e-type=\"section\" data-settings=\"{&quot;stretch_section&quot;:&quot;section-stretched&quot;,&quot;background_background&quot;:&quot;classic&quot;,&quot;ekit_has_onepagescroll_dot&quot;:&quot;yes&quot;}\">\n\t\t\t\t\t\t<div class=\"elementor-container elementor-column-gap-default\">\n\t\t\t\t\t<div class=\"elementor-column elementor-col-50 elementor-top-column elementor-element elementor-element-1db27558\" data-id=\"1db27558\" data-element_type=\"column\" data-e-type=\"column\">\n\t\t\t<div class=\"elementor-widget-wrap elementor-element-populated\">\n\t\t\t\t\t\t<div class=\"elementor-element elementor-element-fa56960 elementor-widget elementor-widget-heading\" data-id=\"fa56960\" data-element_type=\"widget\" data-e-type=\"widget\" data-settings=\"{&quot;ekit_we_effect_on&quot;:&quot;none&quot;}\" data-widget_type=\"heading.default\">\n\t\t\t\t\t<h2 class=\"elementor-heading-title elementor-size-default\">Dispositifs et formations concern\u00e9s<\/h2>\t\t\t\t<\/div>\n\t\t\t\t<div class=\"elementor-element elementor-element-4dd35747 elementor-widget elementor-widget-text-editor\" data-id=\"4dd35747\" data-element_type=\"widget\" data-e-type=\"widget\" data-settings=\"{&quot;ekit_we_effect_on&quot;:&quot;none&quot;}\" data-widget_type=\"text-editor.default\">\n\t\t\t\t\t\t\t\t\t<p><b>D\u00e9veloppement des comp\u00e9tences, adaptation au poste de travail, \u00e9volution du poste, maintien dans l\u2019emploi, <\/b>la formation professionnelle continue est un droit individuel, qui permet \u00e0 toute personne une fois entr\u00e9e dans la vie active, de continuer \u00e0 se former.<\/p><p>La formation professionnelle continue s\u2019adresse \u00e0 tous : demandeurs d\u2019emplois, salari\u00e9s, travailleurs non-salari\u00e9s, ind\u00e9pendants\u2026<\/p><p>Pour l&#8217;entreprise, c&#8217;est un moyen de rester performante et innovante, en investissant sur le d\u00e9veloppement des comp\u00e9tences de ses \u00e9quipes.<\/p><p>Le co\u00fbt des formations peut \u00eatre pris en charge par le stagiaire lui-m\u00eame, l\u2019entreprise ou par des organismes de financement dans le cadre de diff\u00e9rents dispositifs.\u00a0<b><\/b><\/p>\t\t\t\t\t\t\t\t<\/div>\n\t\t\t\t\t<\/div>\n\t\t<\/div>\n\t\t\t\t<div class=\"elementor-column elementor-col-50 elementor-top-column elementor-element elementor-element-67b3afb2\" data-id=\"67b3afb2\" data-element_type=\"column\" data-e-type=\"column\">\n\t\t\t<div class=\"elementor-widget-wrap elementor-element-populated\">\n\t\t\t\t\t\t<div class=\"elementor-element elementor-element-029c7b7 elementor-widget elementor-widget-image\" data-id=\"029c7b7\" data-element_type=\"widget\" data-e-type=\"widget\" data-settings=\"{&quot;ekit_we_effect_on&quot;:&quot;none&quot;}\" data-widget_type=\"image.default\">\n\t\t\t\t\t\t\t\t\t\t\t\t\t\t\t<img fetchpriority=\"high\" decoding=\"async\" width=\"300\" height=\"196\" src=\"https:\/\/itemm.fr\/itemm\/wp-content\/uploads\/2023\/02\/undraw_Thought_process_re_om58-300x196.png\" class=\"attachment-medium size-medium wp-image-44604\" alt=\"\" srcset=\"https:\/\/itemm.fr\/itemm\/wp-content\/uploads\/2023\/02\/undraw_Thought_process_re_om58-300x196.png 300w, https:\/\/itemm.fr\/itemm\/wp-content\/uploads\/2023\/02\/undraw_Thought_process_re_om58-600x392.png 600w, https:\/\/itemm.fr\/itemm\/wp-content\/uploads\/2023\/02\/undraw_Thought_process_re_om58-1024x669.png 1024w, https:\/\/itemm.fr\/itemm\/wp-content\/uploads\/2023\/02\/undraw_Thought_process_re_om58-768x502.png 768w, https:\/\/itemm.fr\/itemm\/wp-content\/uploads\/2023\/02\/undraw_Thought_process_re_om58.png 1145w\" sizes=\"(max-width: 300px) 100vw, 300px\" \/>\t\t\t\t\t\t\t\t\t\t\t\t\t\t\t<\/div>\n\t\t\t\t\t<\/div>\n\t\t<\/div>\n\t\t\t\t\t<\/div>\n\t\t<\/section>\n\t\t\t\t<section class=\"elementor-section elementor-top-section elementor-element elementor-element-e22a3d5 elementor-section-boxed elementor-section-height-default elementor-section-height-default\" data-id=\"e22a3d5\" data-element_type=\"section\" data-e-type=\"section\" data-settings=\"{&quot;ekit_has_onepagescroll_dot&quot;:&quot;yes&quot;}\">\n\t\t\t\t\t\t<div class=\"elementor-container elementor-column-gap-default\">\n\t\t\t\t\t<div class=\"elementor-column elementor-col-50 elementor-top-column elementor-element elementor-element-1666e42\" data-id=\"1666e42\" data-element_type=\"column\" data-e-type=\"column\">\n\t\t\t<div class=\"elementor-widget-wrap elementor-element-populated\">\n\t\t\t\t\t\t<div class=\"elementor-element elementor-element-56d61606 elementor-widget elementor-widget-heading\" data-id=\"56d61606\" data-element_type=\"widget\" data-e-type=\"widget\" data-settings=\"{&quot;ekit_we_effect_on&quot;:&quot;none&quot;}\" data-widget_type=\"heading.default\">\n\t\t\t\t\t<h3 class=\"elementor-heading-title elementor-size-default\">Le plan de d\u00e9veloppement des comp\u00e9tences<\/h3>\t\t\t\t<\/div>\n\t\t\t\t<div class=\"elementor-element elementor-element-78c473c0 elementor-widget elementor-widget-text-editor\" data-id=\"78c473c0\" data-element_type=\"widget\" data-e-type=\"widget\" data-settings=\"{&quot;ekit_we_effect_on&quot;:&quot;none&quot;}\" data-widget_type=\"text-editor.default\">\n\t\t\t\t\t\t\t\t\t<p>Le plan de d\u00e9veloppement des comp\u00e9tences rassemble l\u2019ensemble des actions de formation mises en place par l\u2019employeur pour ses salari\u00e9s. Il permet aux salari\u00e9s de suivre des actions de formation \u00e0 l\u2019initiative de leur employeur, par opposition aux formations qu\u2019ils peuvent suivre de leur propre initiative gr\u00e2ce \u00e0 leur compte personnel de formation.<\/p><p>Dans ce cadre, c&#8217;est l\u2019entreprise qui prend en charge le co\u00fbt de la formation.<\/p><p>\u00c0 l\u2019ITEMM, les formations concern\u00e9es par ce dispositif sont celles propos\u00e9es par le service de la formation professionnelle continue. D\u2019une dur\u00e9e de 2 \u00e0 5 jours, ces formations proposent aux professionnels de la musique et du son de s\u2019initier ou de se perfectionner sur des points pr\u00e9cis de leurs pratiques.<\/p><p><a href=\"https:\/\/itemm.fr\/itemm\/\/formation-professionnelle-continue\/\">Voir le programme complet<\/a><\/p><p>En savoir : <a style=\"text-decoration: none;\" href=\"https:\/\/travail-emploi.gouv.fr\/formation-professionnelle\/entreprise-et-formation\/article\/plan-de-developpement-des-competences\">site du minist\u00e8re du Travail, de l&#8217;Emploi et de l\u2019\u2019Insertion<\/a><\/p>\t\t\t\t\t\t\t\t<\/div>\n\t\t\t\t<div class=\"elementor-element elementor-element-42b0a517 elementor-widget elementor-widget-heading\" data-id=\"42b0a517\" data-element_type=\"widget\" data-e-type=\"widget\" data-settings=\"{&quot;ekit_we_effect_on&quot;:&quot;none&quot;}\" data-widget_type=\"heading.default\">\n\t\t\t\t\t<h3 class=\"elementor-heading-title elementor-size-default\">La p\u00e9riode de reconversion \n<\/h3>\t\t\t\t<\/div>\n\t\t\t\t<div class=\"elementor-element elementor-element-3e563137 elementor-widget elementor-widget-text-editor\" data-id=\"3e563137\" data-element_type=\"widget\" data-e-type=\"widget\" data-settings=\"{&quot;ekit_we_effect_on&quot;:&quot;none&quot;}\" data-widget_type=\"text-editor.default\">\n\t\t\t\t\t\t\t\t\t<p>La p\u00e9riode de reconversion a pour objet de permettre au salari\u00e9 de changer de m\u00e9tier ou de profession, ou de b\u00e9n\u00e9ficier d\u2019une promotion sociale ou professionnelle par des actions de formation.<\/p><p>Il s\u2019agit de formations longues (150 h minimum) fonctionnant sur le mode de l\u2019alternance. \u00c0 l\u2019ITEMM, ce type de dispositif concerne les <b>formations en facture instrumentale (CAP, BMA ou\u00a0<\/b><b>Titre RNCP (niveau 5) Technicien Son spectacle vivant et \u00e9v\u00e8nementiel)<\/b>. Dans ce cadre, l\u2019OPCO de l\u2019entreprise peut prendre en charge le co\u00fbt de la formation.<\/p><p>En savoir : <a href=\"https:\/\/www.service-public.gouv.fr\/particuliers\/vosdroits\/F13516\">Site du service public<\/a><\/p>\t\t\t\t\t\t\t\t<\/div>\n\t\t\t\t\t<\/div>\n\t\t<\/div>\n\t\t\t\t<div class=\"elementor-column elementor-col-50 elementor-top-column elementor-element elementor-element-8fcbdc1\" data-id=\"8fcbdc1\" data-element_type=\"column\" data-e-type=\"column\">\n\t\t\t<div class=\"elementor-widget-wrap elementor-element-populated\">\n\t\t\t\t\t\t<div class=\"elementor-element elementor-element-3190519 elementor-widget elementor-widget-heading\" data-id=\"3190519\" data-element_type=\"widget\" data-e-type=\"widget\" data-settings=\"{&quot;ekit_we_effect_on&quot;:&quot;none&quot;}\" data-widget_type=\"heading.default\">\n\t\t\t\t\t<h3 class=\"elementor-heading-title elementor-size-default\">Le compte personnel de formation (CPF)\n<\/h3>\t\t\t\t<\/div>\n\t\t\t\t<div class=\"elementor-element elementor-element-1cb3b07 elementor-widget elementor-widget-text-editor\" data-id=\"1cb3b07\" data-element_type=\"widget\" data-e-type=\"widget\" data-settings=\"{&quot;ekit_we_effect_on&quot;:&quot;none&quot;}\" data-widget_type=\"text-editor.default\">\n\t\t\t\t\t\t\t\t\t<p><b>Le CPF permet \u00e0 toute personne active, d\u00e8s son entr\u00e9e sur le march\u00e9 du travail et jusqu\u2019\u00e0 la date \u00e0 laquelle elle fait valoir l\u2019ensemble de ses droits \u00e0 la retraite, d\u2019acqu\u00e9rir des droits \u00e0 la formation mobilisables tout au long de sa vie professionnelle.<\/b><\/p><p><b>Sont concern\u00e9es :\u00a0<\/b><\/p><ul><li style=\"font-weight: 400;\" aria-level=\"1\"><span style=\"font-weight: 400;\">toutes les personnes de 16 ans et plus<\/span><\/li><li style=\"font-weight: 400;\" aria-level=\"1\"><span style=\"font-weight: 400;\">les jeunes de 15 ans, ayant sign\u00e9 un contrat d\u2019apprentissage, sont \u00e9galement concern\u00e9s<\/span><\/li><\/ul><p><span style=\"font-weight: 400;\">Chaque personne dispose, sur le site <\/span><a href=\"https:\/\/www.moncompteformation.gouv.fr\/espace-prive\/html\/#\/\"><span style=\"font-weight: 400;\">moncompteformation.gouv.fr <\/span><\/a><span style=\"font-weight: 400;\">d\u2019un espace personnel s\u00e9curis\u00e9 lui permettant de s\u2019identifier sur son Compte personnel de formation (CPF).<\/span><\/p><p><span style=\"font-weight: 400;\">Ce site permet :<\/span><\/p><ul><li style=\"font-weight: 400;\" aria-level=\"1\"><span style=\"font-weight: 400;\">d\u2019acc\u00e9der aux informations qui le concernent (cr\u00e9dit en euros enregistr\u00e9 sur son compte)<\/span><\/li><li style=\"font-weight: 400;\" aria-level=\"1\"><span style=\"font-weight: 400;\">d\u2019obtenir des informations sur les formations \u00e9ligibles au Compte personnel de formation<\/span><\/li><\/ul><p><span style=\"font-weight: 400;\">Source :<\/span><a href=\"https:\/\/travail-emploi.gouv.fr\/formation-professionnelle\/droit-a-la-formation-et-orientation-professionnelle\/compte-personnel-formation\"><span style=\"font-weight: 400;\"> Minist\u00e8re du Travail, du plein emploi et de l\u2019insertion<\/span><\/a><\/p><p><span style=\"font-weight: 400;\">(mise \u00e0 jour f\u00e9vrier 2026)<\/span><\/p><p><b>\u00c0 l\u2019ITEMM, les formations \u00e9ligibles au CPF sont :<\/b><\/p><ul><li style=\"font-weight: 400;\" aria-level=\"1\"><span style=\"font-weight: 400;\">Les formations en Facture Instrumentale en 9 mois.\u00a0<\/span><\/li><li style=\"font-weight: 400;\" aria-level=\"1\"><span style=\"font-weight: 400;\">Les blocs de comp\u00e9tences du Titre RNCP (niveau 5) Technicien SON spectacle vivant et \u00e9v\u00e8nementiel.<\/span><\/li><\/ul><p><strong>Participation financi\u00e8re obligatoire\u00a0<\/strong><\/p><p>Pr\u00e9vue par la Loi de finances pour 2023, pour responsabiliser chaque b\u00e9n\u00e9ficiaire du Compte personnel de formation (CPF) afin qu\u2019il s\u2019engage de mani\u00e8re active dans sa formation avec une participation financi\u00e8re obligatoire, ses conditions ont \u00e9t\u00e9 d\u00e9finies par le d\u00e9cret cit\u00e9 plus haut.<\/p><p>Plus d&#8217;informations : <a href=\"https:\/\/www.moncompteformation.gouv.fr\/espace-public\/une-participation-financiere-obligatoire-pour-mobiliser-vos-droits-cpf\">https:\/\/www.moncompteformation.gouv.fr\/espace-public\/une-participation-financiere-obligatoire-pour-mobiliser-vos-droits-cpf<\/a><\/p>\t\t\t\t\t\t\t\t<\/div>\n\t\t\t\t\t<\/div>\n\t\t<\/div>\n\t\t\t\t\t<\/div>\n\t\t<\/section>\n\t\t\t\t<\/div>\n\t\t","protected":false},"excerpt":{"rendered":"<p>Dispositifs et formations concern\u00e9s D\u00e9veloppement des comp\u00e9tences, adaptation au poste de travail, \u00e9volution du poste, maintien dans l\u2019emploi, la formation professionnelle continue est un droit individuel, qui permet \u00e0 toute personne une fois entr\u00e9e dans la vie active, de continuer \u00e0 se former. La formation professionnelle continue s\u2019adresse \u00e0 tous : demandeurs d\u2019emplois, salari\u00e9s, travailleurs&hellip;<\/p>\n","protected":false},"author":3004,"featured_media":0,"parent":23189,"menu_order":0,"comment_status":"closed","ping_status":"closed","template":"elementor_header_footer","meta":{"_acf_changed":false,"footnotes":""},"categories":[],"class_list":["post-23191","page","type-page","status-publish","hentry"],"acf":[],"yoast_head":"<!-- This site is optimized with the Yoast SEO plugin v27.4 - https:\/\/yoast.com\/product\/yoast-seo-wordpress\/ -->\n<title>D\u00e9veloppement des comp\u00e9tences : Dispositifs et formations<\/title>\n<meta name=\"description\" content=\"D\u00e9veloppement des comp\u00e9tences, \u00e9volution du poste, la formation professionnelle continue est un droit individuel\" \/>\n<meta name=\"robots\" content=\"index, follow, max-snippet:-1, max-image-preview:large, max-video-preview:-1\" \/>\n<link rel=\"canonical\" href=\"https:\/\/itemm.fr\/itemm\/former-ses-equipes\/developpement-des-competences\/\" \/>\n<meta property=\"og:locale\" content=\"fr_FR\" \/>\n<meta property=\"og:type\" content=\"article\" \/>\n<meta property=\"og:title\" content=\"D\u00e9veloppement des comp\u00e9tences : Dispositifs et formations\" \/>\n<meta property=\"og:description\" content=\"D\u00e9veloppement des comp\u00e9tences, \u00e9volution du poste, la formation professionnelle continue est un droit individuel\" \/>\n<meta property=\"og:url\" content=\"https:\/\/itemm.fr\/itemm\/former-ses-equipes\/developpement-des-competences\/\" \/>\n<meta property=\"og:site_name\" content=\"Itemm -\" \/>\n<meta property=\"article:publisher\" content=\"https:\/\/www.facebook.com\/itemm.lemans\" \/>\n<meta property=\"article:modified_time\" content=\"2026-04-13T14:12:32+00:00\" \/>\n<meta property=\"og:image\" content=\"https:\/\/itemm.fr\/itemm\/wp-content\/uploads\/2023\/02\/undraw_Thought_process_re_om58.png\" \/>\n\t<meta property=\"og:image:width\" content=\"1145\" \/>\n\t<meta property=\"og:image:height\" content=\"748\" \/>\n\t<meta property=\"og:image:type\" content=\"image\/png\" \/>\n<script type=\"application\/ld+json\" class=\"yoast-schema-graph\">{\"@context\":\"https:\\\/\\\/schema.org\",\"@graph\":[{\"@type\":\"WebPage\",\"@id\":\"https:\\\/\\\/itemm.fr\\\/itemm\\\/former-ses-equipes\\\/developpement-des-competences\\\/\",\"url\":\"https:\\\/\\\/itemm.fr\\\/itemm\\\/former-ses-equipes\\\/developpement-des-competences\\\/\",\"name\":\"D\u00e9veloppement des comp\u00e9tences : Dispositifs et formations\",\"isPartOf\":{\"@id\":\"https:\\\/\\\/itemm.fr\\\/itemm\\\/#website\"},\"primaryImageOfPage\":{\"@id\":\"https:\\\/\\\/itemm.fr\\\/itemm\\\/former-ses-equipes\\\/developpement-des-competences\\\/#primaryimage\"},\"image\":{\"@id\":\"https:\\\/\\\/itemm.fr\\\/itemm\\\/former-ses-equipes\\\/developpement-des-competences\\\/#primaryimage\"},\"thumbnailUrl\":\"https:\\\/\\\/itemm.fr\\\/itemm\\\/wp-content\\\/uploads\\\/2023\\\/02\\\/undraw_Thought_process_re_om58-300x196.png\",\"datePublished\":\"2020-12-08T09:54:53+00:00\",\"dateModified\":\"2026-04-13T14:12:32+00:00\",\"description\":\"D\u00e9veloppement des comp\u00e9tences, \u00e9volution du poste, la formation professionnelle continue est un droit individuel\",\"breadcrumb\":{\"@id\":\"https:\\\/\\\/itemm.fr\\\/itemm\\\/former-ses-equipes\\\/developpement-des-competences\\\/#breadcrumb\"},\"inLanguage\":\"fr-FR\",\"potentialAction\":[{\"@type\":\"ReadAction\",\"target\":[\"https:\\\/\\\/itemm.fr\\\/itemm\\\/former-ses-equipes\\\/developpement-des-competences\\\/\"]}]},{\"@type\":\"ImageObject\",\"inLanguage\":\"fr-FR\",\"@id\":\"https:\\\/\\\/itemm.fr\\\/itemm\\\/former-ses-equipes\\\/developpement-des-competences\\\/#primaryimage\",\"url\":\"https:\\\/\\\/itemm.fr\\\/itemm\\\/wp-content\\\/uploads\\\/2023\\\/02\\\/undraw_Thought_process_re_om58.png\",\"contentUrl\":\"https:\\\/\\\/itemm.fr\\\/itemm\\\/wp-content\\\/uploads\\\/2023\\\/02\\\/undraw_Thought_process_re_om58.png\",\"width\":1145,\"height\":748},{\"@type\":\"BreadcrumbList\",\"@id\":\"https:\\\/\\\/itemm.fr\\\/itemm\\\/former-ses-equipes\\\/developpement-des-competences\\\/#breadcrumb\",\"itemListElement\":[{\"@type\":\"ListItem\",\"position\":1,\"name\":\"Accueil\",\"item\":\"https:\\\/\\\/itemm.fr\\\/itemm\\\/\"},{\"@type\":\"ListItem\",\"position\":2,\"name\":\"Former ses \u00e9quipes\",\"item\":\"https:\\\/\\\/itemm.fr\\\/itemm\\\/former-ses-equipes\\\/\"},{\"@type\":\"ListItem\",\"position\":3,\"name\":\"D\u00e9veloppement des comp\u00e9tences : Dispositifs et formations concern\u00e9s\"}]},{\"@type\":\"WebSite\",\"@id\":\"https:\\\/\\\/itemm.fr\\\/itemm\\\/#website\",\"url\":\"https:\\\/\\\/itemm.fr\\\/itemm\\\/\",\"name\":\"Itemm\",\"description\":\"Institut technologique europ\u00e9en des m\u00e9tiers de la musique au Mans (72)\",\"publisher\":{\"@id\":\"https:\\\/\\\/itemm.fr\\\/itemm\\\/#organization\"},\"potentialAction\":[{\"@type\":\"SearchAction\",\"target\":{\"@type\":\"EntryPoint\",\"urlTemplate\":\"https:\\\/\\\/itemm.fr\\\/itemm\\\/?s={search_term_string}\"},\"query-input\":{\"@type\":\"PropertyValueSpecification\",\"valueRequired\":true,\"valueName\":\"search_term_string\"}}],\"inLanguage\":\"fr-FR\"},{\"@type\":\"Organization\",\"@id\":\"https:\\\/\\\/itemm.fr\\\/itemm\\\/#organization\",\"name\":\"ITEMM\",\"alternateName\":\"ITEMM\",\"url\":\"https:\\\/\\\/itemm.fr\\\/itemm\\\/\",\"logo\":{\"@type\":\"ImageObject\",\"inLanguage\":\"fr-FR\",\"@id\":\"https:\\\/\\\/itemm.fr\\\/itemm\\\/#\\\/schema\\\/logo\\\/image\\\/\",\"url\":\"https:\\\/\\\/itemm.fr\\\/itemm\\\/wp-content\\\/uploads\\\/2021\\\/12\\\/logo-itemm-piano-on.png\",\"contentUrl\":\"https:\\\/\\\/itemm.fr\\\/itemm\\\/wp-content\\\/uploads\\\/2021\\\/12\\\/logo-itemm-piano-on.png\",\"width\":446,\"height\":294,\"caption\":\"ITEMM\"},\"image\":{\"@id\":\"https:\\\/\\\/itemm.fr\\\/itemm\\\/#\\\/schema\\\/logo\\\/image\\\/\"},\"sameAs\":[\"https:\\\/\\\/www.facebook.com\\\/itemm.lemans\",\"https:\\\/\\\/www.instagram.com\\\/itemmlemans\\\/\",\"https:\\\/\\\/www.linkedin.com\\\/in\\\/itemm\\\/\"]}]}<\/script>\n<!-- \/ Yoast SEO plugin. -->","yoast_head_json":{"title":"D\u00e9veloppement des comp\u00e9tences : Dispositifs et formations","description":"D\u00e9veloppement des comp\u00e9tences, \u00e9volution du poste, la formation professionnelle continue est un droit individuel","robots":{"index":"index","follow":"follow","max-snippet":"max-snippet:-1","max-image-preview":"max-image-preview:large","max-video-preview":"max-video-preview:-1"},"canonical":"https:\/\/itemm.fr\/itemm\/former-ses-equipes\/developpement-des-competences\/","og_locale":"fr_FR","og_type":"article","og_title":"D\u00e9veloppement des comp\u00e9tences : Dispositifs et formations","og_description":"D\u00e9veloppement des comp\u00e9tences, \u00e9volution du poste, la formation professionnelle continue est un droit individuel","og_url":"https:\/\/itemm.fr\/itemm\/former-ses-equipes\/developpement-des-competences\/","og_site_name":"Itemm -","article_publisher":"https:\/\/www.facebook.com\/itemm.lemans","article_modified_time":"2026-04-13T14:12:32+00:00","og_image":[{"width":1145,"height":748,"url":"https:\/\/itemm.fr\/itemm\/wp-content\/uploads\/2023\/02\/undraw_Thought_process_re_om58.png","type":"image\/png"}],"schema":{"@context":"https:\/\/schema.org","@graph":[{"@type":"WebPage","@id":"https:\/\/itemm.fr\/itemm\/former-ses-equipes\/developpement-des-competences\/","url":"https:\/\/itemm.fr\/itemm\/former-ses-equipes\/developpement-des-competences\/","name":"D\u00e9veloppement des comp\u00e9tences : Dispositifs et formations","isPartOf":{"@id":"https:\/\/itemm.fr\/itemm\/#website"},"primaryImageOfPage":{"@id":"https:\/\/itemm.fr\/itemm\/former-ses-equipes\/developpement-des-competences\/#primaryimage"},"image":{"@id":"https:\/\/itemm.fr\/itemm\/former-ses-equipes\/developpement-des-competences\/#primaryimage"},"thumbnailUrl":"https:\/\/itemm.fr\/itemm\/wp-content\/uploads\/2023\/02\/undraw_Thought_process_re_om58-300x196.png","datePublished":"2020-12-08T09:54:53+00:00","dateModified":"2026-04-13T14:12:32+00:00","description":"D\u00e9veloppement des comp\u00e9tences, \u00e9volution du poste, la formation professionnelle continue est un droit individuel","breadcrumb":{"@id":"https:\/\/itemm.fr\/itemm\/former-ses-equipes\/developpement-des-competences\/#breadcrumb"},"inLanguage":"fr-FR","potentialAction":[{"@type":"ReadAction","target":["https:\/\/itemm.fr\/itemm\/former-ses-equipes\/developpement-des-competences\/"]}]},{"@type":"ImageObject","inLanguage":"fr-FR","@id":"https:\/\/itemm.fr\/itemm\/former-ses-equipes\/developpement-des-competences\/#primaryimage","url":"https:\/\/itemm.fr\/itemm\/wp-content\/uploads\/2023\/02\/undraw_Thought_process_re_om58.png","contentUrl":"https:\/\/itemm.fr\/itemm\/wp-content\/uploads\/2023\/02\/undraw_Thought_process_re_om58.png","width":1145,"height":748},{"@type":"BreadcrumbList","@id":"https:\/\/itemm.fr\/itemm\/former-ses-equipes\/developpement-des-competences\/#breadcrumb","itemListElement":[{"@type":"ListItem","position":1,"name":"Accueil","item":"https:\/\/itemm.fr\/itemm\/"},{"@type":"ListItem","position":2,"name":"Former ses \u00e9quipes","item":"https:\/\/itemm.fr\/itemm\/former-ses-equipes\/"},{"@type":"ListItem","position":3,"name":"D\u00e9veloppement des comp\u00e9tences : Dispositifs et formations concern\u00e9s"}]},{"@type":"WebSite","@id":"https:\/\/itemm.fr\/itemm\/#website","url":"https:\/\/itemm.fr\/itemm\/","name":"Itemm","description":"Institut technologique europ\u00e9en des m\u00e9tiers de la musique au Mans (72)","publisher":{"@id":"https:\/\/itemm.fr\/itemm\/#organization"},"potentialAction":[{"@type":"SearchAction","target":{"@type":"EntryPoint","urlTemplate":"https:\/\/itemm.fr\/itemm\/?s={search_term_string}"},"query-input":{"@type":"PropertyValueSpecification","valueRequired":true,"valueName":"search_term_string"}}],"inLanguage":"fr-FR"},{"@type":"Organization","@id":"https:\/\/itemm.fr\/itemm\/#organization","name":"ITEMM","alternateName":"ITEMM","url":"https:\/\/itemm.fr\/itemm\/","logo":{"@type":"ImageObject","inLanguage":"fr-FR","@id":"https:\/\/itemm.fr\/itemm\/#\/schema\/logo\/image\/","url":"https:\/\/itemm.fr\/itemm\/wp-content\/uploads\/2021\/12\/logo-itemm-piano-on.png","contentUrl":"https:\/\/itemm.fr\/itemm\/wp-content\/uploads\/2021\/12\/logo-itemm-piano-on.png","width":446,"height":294,"caption":"ITEMM"},"image":{"@id":"https:\/\/itemm.fr\/itemm\/#\/schema\/logo\/image\/"},"sameAs":["https:\/\/www.facebook.com\/itemm.lemans","https:\/\/www.instagram.com\/itemmlemans\/","https:\/\/www.linkedin.com\/in\/itemm\/"]}]}},"_links":{"self":[{"href":"https:\/\/itemm.fr\/itemm\/wp-json\/wp\/v2\/pages\/23191","targetHints":{"allow":["GET"]}}],"collection":[{"href":"https:\/\/itemm.fr\/itemm\/wp-json\/wp\/v2\/pages"}],"about":[{"href":"https:\/\/itemm.fr\/itemm\/wp-json\/wp\/v2\/types\/page"}],"author":[{"embeddable":true,"href":"https:\/\/itemm.fr\/itemm\/wp-json\/wp\/v2\/users\/3004"}],"replies":[{"embeddable":true,"href":"https:\/\/itemm.fr\/itemm\/wp-json\/wp\/v2\/comments?post=23191"}],"version-history":[{"count":13,"href":"https:\/\/itemm.fr\/itemm\/wp-json\/wp\/v2\/pages\/23191\/revisions"}],"predecessor-version":[{"id":62071,"href":"https:\/\/itemm.fr\/itemm\/wp-json\/wp\/v2\/pages\/23191\/revisions\/62071"}],"up":[{"embeddable":true,"href":"https:\/\/itemm.fr\/itemm\/wp-json\/wp\/v2\/pages\/23189"}],"wp:attachment":[{"href":"https:\/\/itemm.fr\/itemm\/wp-json\/wp\/v2\/media?parent=23191"}],"wp:term":[{"taxonomy":"category","embeddable":true,"href":"https:\/\/itemm.fr\/itemm\/wp-json\/wp\/v2\/categories?post=23191"}],"curies":[{"name":"wp","href":"https:\/\/api.w.org\/{rel}","templated":true}]}}