{"id":21064,"date":"2020-09-21T12:19:59","date_gmt":"2020-09-21T10:19:59","guid":{"rendered":"https:\/\/itemm.fr\/itemm\/?page_id=21064"},"modified":"2023-08-23T15:50:37","modified_gmt":"2023-08-23T13:50:37","slug":"lutherie-et-archeologie","status":"publish","type":"page","link":"https:\/\/itemm.fr\/itemm\/pole-dinnovation\/recherche\/lutherie-et-archeologie\/","title":{"rendered":"Lutherie et arch\u00e9ologie"},"content":{"rendered":"\t\t<div data-elementor-type=\"wp-page\" data-elementor-id=\"21064\" class=\"elementor elementor-21064\" data-elementor-post-type=\"page\">\n\t\t\t\t\t\t<section class=\"elementor-section elementor-top-section elementor-element elementor-element-101e47c elementor-section-boxed elementor-section-height-default elementor-section-height-default\" data-id=\"101e47c\" data-element_type=\"section\" data-e-type=\"section\" data-settings=\"{&quot;ekit_has_onepagescroll_dot&quot;:&quot;yes&quot;}\">\n\t\t\t\t\t\t<div class=\"elementor-container elementor-column-gap-default\">\n\t\t\t\t\t<div class=\"elementor-column elementor-col-50 elementor-top-column elementor-element elementor-element-4264065\" data-id=\"4264065\" data-element_type=\"column\" data-e-type=\"column\">\n\t\t\t<div class=\"elementor-widget-wrap elementor-element-populated\">\n\t\t\t\t\t\t<div class=\"elementor-element elementor-element-4714886 elementor-widget elementor-widget-image\" data-id=\"4714886\" data-element_type=\"widget\" data-e-type=\"widget\" data-settings=\"{&quot;ekit_we_effect_on&quot;:&quot;none&quot;}\" data-widget_type=\"image.default\">\n\t\t\t\t\t\t\t\t\t\t\t\t\t\t\t<img fetchpriority=\"high\" decoding=\"async\" width=\"837\" height=\"528\" src=\"https:\/\/itemm.fr\/itemm\/wp-content\/uploads\/2020\/09\/Lutherie-et-archeologie.png\" class=\"attachment-large size-large wp-image-21089\" alt=\"Lutherie et archeologie\" srcset=\"https:\/\/itemm.fr\/itemm\/wp-content\/uploads\/2020\/09\/Lutherie-et-archeologie.png 837w, https:\/\/itemm.fr\/itemm\/wp-content\/uploads\/2020\/09\/Lutherie-et-archeologie-600x378.png 600w, https:\/\/itemm.fr\/itemm\/wp-content\/uploads\/2020\/09\/Lutherie-et-archeologie-300x189.png 300w, https:\/\/itemm.fr\/itemm\/wp-content\/uploads\/2020\/09\/Lutherie-et-archeologie-768x484.png 768w\" sizes=\"(max-width: 837px) 100vw, 837px\" \/>\t\t\t\t\t\t\t\t\t\t\t\t\t\t\t<\/div>\n\t\t\t\t\t<\/div>\n\t\t<\/div>\n\t\t\t\t<div class=\"elementor-column elementor-col-50 elementor-top-column elementor-element elementor-element-3bd96f9\" data-id=\"3bd96f9\" data-element_type=\"column\" data-e-type=\"column\">\n\t\t\t<div class=\"elementor-widget-wrap elementor-element-populated\">\n\t\t\t\t\t\t<div class=\"elementor-element elementor-element-bd3fd2d elementor-widget elementor-widget-text-editor\" data-id=\"bd3fd2d\" data-element_type=\"widget\" data-e-type=\"widget\" data-settings=\"{&quot;ekit_we_effect_on&quot;:&quot;none&quot;}\" data-widget_type=\"text-editor.default\">\n\t\t\t\t\t\t\t\t\t<p><strong>Le p\u00f4le d\u2019innovation de l\u2019ITEMM travaille avec le P\u00f4le de Recherche et d\u2019Interpr\u00e9tation en arch\u00e9ologie Exp\u00e9rimentale (PRIAE) et l\u2019atelier Skald. Le PRIAE et l\u2019atelier Skald coordonnent un projet de recherche sur la lyre.<\/strong> <\/p><p>Le p\u00f4le d\u2019innovation est solicit\u00e9 pour \u00e9tudier la lyre et ses constituants, en particulier leur comportement vibroacoustique, \u00e0 partir de mesures et de simulations, mais aussi d\u2019\u00e9tudes m\u00e9caniques sur les mat\u00e9riaux. Au del\u00e0 de cette expertise technique, le p\u00f4le est en support \u00e0 l\u2019association dans le montage du projet.<\/p>\t\t\t\t\t\t\t\t<\/div>\n\t\t\t\t\t<\/div>\n\t\t<\/div>\n\t\t\t\t\t<\/div>\n\t\t<\/section>\n\t\t\t\t<section class=\"elementor-section elementor-top-section elementor-element elementor-element-31e0c975 elementor-section-boxed elementor-section-height-default elementor-section-height-default\" data-id=\"31e0c975\" data-element_type=\"section\" data-e-type=\"section\" data-settings=\"{&quot;ekit_has_onepagescroll_dot&quot;:&quot;yes&quot;}\">\n\t\t\t\t\t\t<div class=\"elementor-container elementor-column-gap-default\">\n\t\t\t\t\t<div class=\"elementor-column elementor-col-100 elementor-top-column elementor-element elementor-element-79d7a294\" data-id=\"79d7a294\" data-element_type=\"column\" data-e-type=\"column\">\n\t\t\t<div class=\"elementor-widget-wrap elementor-element-populated\">\n\t\t\t\t\t\t<div class=\"elementor-element elementor-element-a4833f6 elementor-widget elementor-widget-heading\" data-id=\"a4833f6\" data-element_type=\"widget\" data-e-type=\"widget\" data-settings=\"{&quot;ekit_we_effect_on&quot;:&quot;none&quot;}\" data-widget_type=\"heading.default\">\n\t\t\t\t\t<h3 class=\"elementor-heading-title elementor-size-default\">Actualit\u00e9s<\/h3>\t\t\t\t<\/div>\n\t\t\t\t\t<\/div>\n\t\t<\/div>\n\t\t\t\t\t<\/div>\n\t\t<\/section>\n\t\t\t\t<\/div>\n\t\t","protected":false},"excerpt":{"rendered":"<p>Le p\u00f4le d\u2019innovation de l\u2019ITEMM travaille avec le P\u00f4le de Recherche et d\u2019Interpr\u00e9tation en arch\u00e9ologie Exp\u00e9rimentale (PRIAE) et l\u2019atelier Skald. Le PRIAE et l\u2019atelier Skald coordonnent un projet de recherche sur la lyre. Le p\u00f4le d\u2019innovation est solicit\u00e9 pour \u00e9tudier la lyre et ses constituants, en particulier leur comportement vibroacoustique, \u00e0 partir de mesures et&hellip;<\/p>\n","protected":false},"author":3004,"featured_media":0,"parent":21017,"menu_order":0,"comment_status":"closed","ping_status":"closed","template":"","meta":{"_acf_changed":false,"footnotes":""},"categories":[],"class_list":["post-21064","page","type-page","status-publish","hentry"],"acf":[],"yoast_head":"<!-- This site is optimized with the Yoast SEO plugin v27.5 - https:\/\/yoast.com\/product\/yoast-seo-wordpress\/ -->\n<title>Lutherie et arch\u00e9ologie | Itemm -<\/title>\n<meta name=\"robots\" content=\"index, follow, max-snippet:-1, max-image-preview:large, max-video-preview:-1\" \/>\n<link rel=\"canonical\" href=\"https:\/\/itemm.fr\/itemm\/pole-dinnovation\/recherche\/lutherie-et-archeologie\/\" \/>\n<meta property=\"og:locale\" content=\"fr_FR\" \/>\n<meta property=\"og:type\" content=\"article\" \/>\n<meta property=\"og:title\" content=\"Lutherie et arch\u00e9ologie | Itemm -\" \/>\n<meta property=\"og:description\" content=\"Le p\u00f4le d\u2019innovation de l\u2019ITEMM travaille avec le P\u00f4le de Recherche et d\u2019Interpr\u00e9tation en arch\u00e9ologie Exp\u00e9rimentale (PRIAE) et l\u2019atelier Skald. Le PRIAE et l\u2019atelier Skald coordonnent un projet de recherche sur la lyre. Le p\u00f4le d\u2019innovation est solicit\u00e9 pour \u00e9tudier la lyre et ses constituants, en particulier leur comportement vibroacoustique, \u00e0 partir de mesures et&hellip;\" \/>\n<meta property=\"og:url\" content=\"https:\/\/itemm.fr\/itemm\/pole-dinnovation\/recherche\/lutherie-et-archeologie\/\" \/>\n<meta property=\"og:site_name\" content=\"Itemm -\" \/>\n<meta property=\"article:publisher\" content=\"https:\/\/www.facebook.com\/itemm.lemans\" \/>\n<meta property=\"article:modified_time\" content=\"2023-08-23T13:50:37+00:00\" \/>\n<meta property=\"og:image\" content=\"https:\/\/itemm.fr\/itemm\/wp-content\/uploads\/2020\/09\/Lutherie-et-archeologie.png\" \/>\n<script type=\"application\/ld+json\" class=\"yoast-schema-graph\">{\"@context\":\"https:\\\/\\\/schema.org\",\"@graph\":[{\"@type\":\"WebPage\",\"@id\":\"https:\\\/\\\/itemm.fr\\\/itemm\\\/pole-dinnovation\\\/recherche\\\/lutherie-et-archeologie\\\/\",\"url\":\"https:\\\/\\\/itemm.fr\\\/itemm\\\/pole-dinnovation\\\/recherche\\\/lutherie-et-archeologie\\\/\",\"name\":\"Lutherie et arch\u00e9ologie | Itemm -\",\"isPartOf\":{\"@id\":\"https:\\\/\\\/itemm.fr\\\/itemm\\\/#website\"},\"primaryImageOfPage\":{\"@id\":\"https:\\\/\\\/itemm.fr\\\/itemm\\\/pole-dinnovation\\\/recherche\\\/lutherie-et-archeologie\\\/#primaryimage\"},\"image\":{\"@id\":\"https:\\\/\\\/itemm.fr\\\/itemm\\\/pole-dinnovation\\\/recherche\\\/lutherie-et-archeologie\\\/#primaryimage\"},\"thumbnailUrl\":\"https:\\\/\\\/itemm.fr\\\/itemm\\\/wp-content\\\/uploads\\\/2020\\\/09\\\/Lutherie-et-archeologie.png\",\"datePublished\":\"2020-09-21T10:19:59+00:00\",\"dateModified\":\"2023-08-23T13:50:37+00:00\",\"breadcrumb\":{\"@id\":\"https:\\\/\\\/itemm.fr\\\/itemm\\\/pole-dinnovation\\\/recherche\\\/lutherie-et-archeologie\\\/#breadcrumb\"},\"inLanguage\":\"fr-FR\",\"potentialAction\":[{\"@type\":\"ReadAction\",\"target\":[\"https:\\\/\\\/itemm.fr\\\/itemm\\\/pole-dinnovation\\\/recherche\\\/lutherie-et-archeologie\\\/\"]}]},{\"@type\":\"ImageObject\",\"inLanguage\":\"fr-FR\",\"@id\":\"https:\\\/\\\/itemm.fr\\\/itemm\\\/pole-dinnovation\\\/recherche\\\/lutherie-et-archeologie\\\/#primaryimage\",\"url\":\"https:\\\/\\\/itemm.fr\\\/itemm\\\/wp-content\\\/uploads\\\/2020\\\/09\\\/Lutherie-et-archeologie.png\",\"contentUrl\":\"https:\\\/\\\/itemm.fr\\\/itemm\\\/wp-content\\\/uploads\\\/2020\\\/09\\\/Lutherie-et-archeologie.png\",\"width\":837,\"height\":528,\"caption\":\"Lutherie et archeologie\"},{\"@type\":\"BreadcrumbList\",\"@id\":\"https:\\\/\\\/itemm.fr\\\/itemm\\\/pole-dinnovation\\\/recherche\\\/lutherie-et-archeologie\\\/#breadcrumb\",\"itemListElement\":[{\"@type\":\"ListItem\",\"position\":1,\"name\":\"Accueil\",\"item\":\"https:\\\/\\\/itemm.fr\\\/itemm\\\/\"},{\"@type\":\"ListItem\",\"position\":2,\"name\":\"P\u00f4le d&rsquo;innovation\",\"item\":\"https:\\\/\\\/itemm.fr\\\/itemm\\\/pole-dinnovation\\\/\"},{\"@type\":\"ListItem\",\"position\":3,\"name\":\"Recherche\",\"item\":\"https:\\\/\\\/itemm.fr\\\/itemm\\\/pole-dinnovation\\\/recherche\\\/\"},{\"@type\":\"ListItem\",\"position\":4,\"name\":\"Lutherie et arch\u00e9ologie\"}]},{\"@type\":\"WebSite\",\"@id\":\"https:\\\/\\\/itemm.fr\\\/itemm\\\/#website\",\"url\":\"https:\\\/\\\/itemm.fr\\\/itemm\\\/\",\"name\":\"Itemm\",\"description\":\"Institut technologique europ\u00e9en des m\u00e9tiers de la musique au Mans (72)\",\"publisher\":{\"@id\":\"https:\\\/\\\/itemm.fr\\\/itemm\\\/#organization\"},\"potentialAction\":[{\"@type\":\"SearchAction\",\"target\":{\"@type\":\"EntryPoint\",\"urlTemplate\":\"https:\\\/\\\/itemm.fr\\\/itemm\\\/?s={search_term_string}\"},\"query-input\":{\"@type\":\"PropertyValueSpecification\",\"valueRequired\":true,\"valueName\":\"search_term_string\"}}],\"inLanguage\":\"fr-FR\"},{\"@type\":\"Organization\",\"@id\":\"https:\\\/\\\/itemm.fr\\\/itemm\\\/#organization\",\"name\":\"ITEMM\",\"alternateName\":\"ITEMM\",\"url\":\"https:\\\/\\\/itemm.fr\\\/itemm\\\/\",\"logo\":{\"@type\":\"ImageObject\",\"inLanguage\":\"fr-FR\",\"@id\":\"https:\\\/\\\/itemm.fr\\\/itemm\\\/#\\\/schema\\\/logo\\\/image\\\/\",\"url\":\"https:\\\/\\\/itemm.fr\\\/itemm\\\/wp-content\\\/uploads\\\/2021\\\/12\\\/logo-itemm-piano-on.png\",\"contentUrl\":\"https:\\\/\\\/itemm.fr\\\/itemm\\\/wp-content\\\/uploads\\\/2021\\\/12\\\/logo-itemm-piano-on.png\",\"width\":446,\"height\":294,\"caption\":\"ITEMM\"},\"image\":{\"@id\":\"https:\\\/\\\/itemm.fr\\\/itemm\\\/#\\\/schema\\\/logo\\\/image\\\/\"},\"sameAs\":[\"https:\\\/\\\/www.facebook.com\\\/itemm.lemans\",\"https:\\\/\\\/www.instagram.com\\\/itemmlemans\\\/\",\"https:\\\/\\\/www.linkedin.com\\\/in\\\/itemm\\\/\"]}]}<\/script>\n<!-- \/ Yoast SEO plugin. -->","yoast_head_json":{"title":"Lutherie et arch\u00e9ologie | Itemm -","robots":{"index":"index","follow":"follow","max-snippet":"max-snippet:-1","max-image-preview":"max-image-preview:large","max-video-preview":"max-video-preview:-1"},"canonical":"https:\/\/itemm.fr\/itemm\/pole-dinnovation\/recherche\/lutherie-et-archeologie\/","og_locale":"fr_FR","og_type":"article","og_title":"Lutherie et arch\u00e9ologie | Itemm -","og_description":"Le p\u00f4le d\u2019innovation de l\u2019ITEMM travaille avec le P\u00f4le de Recherche et d\u2019Interpr\u00e9tation en arch\u00e9ologie Exp\u00e9rimentale (PRIAE) et l\u2019atelier Skald. Le PRIAE et l\u2019atelier Skald coordonnent un projet de recherche sur la lyre. Le p\u00f4le d\u2019innovation est solicit\u00e9 pour \u00e9tudier la lyre et ses constituants, en particulier leur comportement vibroacoustique, \u00e0 partir de mesures et&hellip;","og_url":"https:\/\/itemm.fr\/itemm\/pole-dinnovation\/recherche\/lutherie-et-archeologie\/","og_site_name":"Itemm -","article_publisher":"https:\/\/www.facebook.com\/itemm.lemans","article_modified_time":"2023-08-23T13:50:37+00:00","og_image":[{"url":"https:\/\/itemm.fr\/itemm\/wp-content\/uploads\/2020\/09\/Lutherie-et-archeologie.png","type":"","width":"","height":""}],"schema":{"@context":"https:\/\/schema.org","@graph":[{"@type":"WebPage","@id":"https:\/\/itemm.fr\/itemm\/pole-dinnovation\/recherche\/lutherie-et-archeologie\/","url":"https:\/\/itemm.fr\/itemm\/pole-dinnovation\/recherche\/lutherie-et-archeologie\/","name":"Lutherie et arch\u00e9ologie | Itemm -","isPartOf":{"@id":"https:\/\/itemm.fr\/itemm\/#website"},"primaryImageOfPage":{"@id":"https:\/\/itemm.fr\/itemm\/pole-dinnovation\/recherche\/lutherie-et-archeologie\/#primaryimage"},"image":{"@id":"https:\/\/itemm.fr\/itemm\/pole-dinnovation\/recherche\/lutherie-et-archeologie\/#primaryimage"},"thumbnailUrl":"https:\/\/itemm.fr\/itemm\/wp-content\/uploads\/2020\/09\/Lutherie-et-archeologie.png","datePublished":"2020-09-21T10:19:59+00:00","dateModified":"2023-08-23T13:50:37+00:00","breadcrumb":{"@id":"https:\/\/itemm.fr\/itemm\/pole-dinnovation\/recherche\/lutherie-et-archeologie\/#breadcrumb"},"inLanguage":"fr-FR","potentialAction":[{"@type":"ReadAction","target":["https:\/\/itemm.fr\/itemm\/pole-dinnovation\/recherche\/lutherie-et-archeologie\/"]}]},{"@type":"ImageObject","inLanguage":"fr-FR","@id":"https:\/\/itemm.fr\/itemm\/pole-dinnovation\/recherche\/lutherie-et-archeologie\/#primaryimage","url":"https:\/\/itemm.fr\/itemm\/wp-content\/uploads\/2020\/09\/Lutherie-et-archeologie.png","contentUrl":"https:\/\/itemm.fr\/itemm\/wp-content\/uploads\/2020\/09\/Lutherie-et-archeologie.png","width":837,"height":528,"caption":"Lutherie et archeologie"},{"@type":"BreadcrumbList","@id":"https:\/\/itemm.fr\/itemm\/pole-dinnovation\/recherche\/lutherie-et-archeologie\/#breadcrumb","itemListElement":[{"@type":"ListItem","position":1,"name":"Accueil","item":"https:\/\/itemm.fr\/itemm\/"},{"@type":"ListItem","position":2,"name":"P\u00f4le d&rsquo;innovation","item":"https:\/\/itemm.fr\/itemm\/pole-dinnovation\/"},{"@type":"ListItem","position":3,"name":"Recherche","item":"https:\/\/itemm.fr\/itemm\/pole-dinnovation\/recherche\/"},{"@type":"ListItem","position":4,"name":"Lutherie et arch\u00e9ologie"}]},{"@type":"WebSite","@id":"https:\/\/itemm.fr\/itemm\/#website","url":"https:\/\/itemm.fr\/itemm\/","name":"Itemm","description":"Institut technologique europ\u00e9en des m\u00e9tiers de la musique au Mans (72)","publisher":{"@id":"https:\/\/itemm.fr\/itemm\/#organization"},"potentialAction":[{"@type":"SearchAction","target":{"@type":"EntryPoint","urlTemplate":"https:\/\/itemm.fr\/itemm\/?s={search_term_string}"},"query-input":{"@type":"PropertyValueSpecification","valueRequired":true,"valueName":"search_term_string"}}],"inLanguage":"fr-FR"},{"@type":"Organization","@id":"https:\/\/itemm.fr\/itemm\/#organization","name":"ITEMM","alternateName":"ITEMM","url":"https:\/\/itemm.fr\/itemm\/","logo":{"@type":"ImageObject","inLanguage":"fr-FR","@id":"https:\/\/itemm.fr\/itemm\/#\/schema\/logo\/image\/","url":"https:\/\/itemm.fr\/itemm\/wp-content\/uploads\/2021\/12\/logo-itemm-piano-on.png","contentUrl":"https:\/\/itemm.fr\/itemm\/wp-content\/uploads\/2021\/12\/logo-itemm-piano-on.png","width":446,"height":294,"caption":"ITEMM"},"image":{"@id":"https:\/\/itemm.fr\/itemm\/#\/schema\/logo\/image\/"},"sameAs":["https:\/\/www.facebook.com\/itemm.lemans","https:\/\/www.instagram.com\/itemmlemans\/","https:\/\/www.linkedin.com\/in\/itemm\/"]}]}},"_links":{"self":[{"href":"https:\/\/itemm.fr\/itemm\/wp-json\/wp\/v2\/pages\/21064","targetHints":{"allow":["GET"]}}],"collection":[{"href":"https:\/\/itemm.fr\/itemm\/wp-json\/wp\/v2\/pages"}],"about":[{"href":"https:\/\/itemm.fr\/itemm\/wp-json\/wp\/v2\/types\/page"}],"author":[{"embeddable":true,"href":"https:\/\/itemm.fr\/itemm\/wp-json\/wp\/v2\/users\/3004"}],"replies":[{"embeddable":true,"href":"https:\/\/itemm.fr\/itemm\/wp-json\/wp\/v2\/comments?post=21064"}],"version-history":[{"count":0,"href":"https:\/\/itemm.fr\/itemm\/wp-json\/wp\/v2\/pages\/21064\/revisions"}],"up":[{"embeddable":true,"href":"https:\/\/itemm.fr\/itemm\/wp-json\/wp\/v2\/pages\/21017"}],"wp:attachment":[{"href":"https:\/\/itemm.fr\/itemm\/wp-json\/wp\/v2\/media?parent=21064"}],"wp:term":[{"taxonomy":"category","embeddable":true,"href":"https:\/\/itemm.fr\/itemm\/wp-json\/wp\/v2\/categories?post=21064"}],"curies":[{"name":"wp","href":"https:\/\/api.w.org\/{rel}","templated":true}]}}