{"id":21023,"date":"2020-09-21T11:52:49","date_gmt":"2020-09-21T09:52:49","guid":{"rendered":"https:\/\/itemm.fr\/itemm\/?page_id=21023"},"modified":"2020-09-21T12:03:58","modified_gmt":"2020-09-21T10:03:58","slug":"nos-partenaires","status":"publish","type":"page","link":"https:\/\/itemm.fr\/itemm\/pole-dinnovation\/nos-partenaires\/","title":{"rendered":"Nos partenaires"},"content":{"rendered":"\t\t<div data-elementor-type=\"wp-page\" data-elementor-id=\"21023\" class=\"elementor elementor-21023\" data-elementor-post-type=\"page\">\n\t\t\t\t\t\t<section class=\"elementor-section elementor-top-section elementor-element elementor-element-2dfce64 elementor-section-full_width elementor-section-height-default elementor-section-height-default\" data-id=\"2dfce64\" data-element_type=\"section\" data-e-type=\"section\" data-settings=\"{&quot;ekit_has_onepagescroll_dot&quot;:&quot;yes&quot;}\">\n\t\t\t\t\t\t<div class=\"elementor-container elementor-column-gap-default\">\n\t\t\t\t\t<div class=\"elementor-column elementor-col-33 elementor-top-column elementor-element elementor-element-1feaee3\" data-id=\"1feaee3\" data-element_type=\"column\" data-e-type=\"column\">\n\t\t\t<div class=\"elementor-widget-wrap elementor-element-populated\">\n\t\t\t\t\t\t<div class=\"elementor-element elementor-element-f3d6376 elementor-widget elementor-widget-text-editor\" data-id=\"f3d6376\" data-element_type=\"widget\" data-e-type=\"widget\" data-settings=\"{&quot;ekit_we_effect_on&quot;:&quot;none&quot;}\" data-widget_type=\"text-editor.default\">\n\t\t\t\t\t\t\t\t\t<div class=\"elementor-element elementor-element-6d3be8d1 elementor-widget elementor-widget-text-editor\" data-id=\"6d3be8d1\" data-element_type=\"widget\" data-widget_type=\"text-editor.default\"><div class=\"elementor-widget-container\"><div class=\"elementor-text-editor elementor-clearfix\"><h4><strong>Partenaires publics<\/strong><\/h4><p>Nous sommes soutenus par :<\/p><ul><li>La Direction G\u00e9n\u00e9rale de l\u2019Entreprise (<a href=\"https:\/\/www.entreprises.gouv.fr\/dge\" target=\"_blank\" rel=\"noopener\">DGE<\/a>) \u2013 Minist\u00e8re de l\u2019\u00e9conomie et des finances<\/li><li>Le <a href=\"http:\/\/www.paysdelaloire.fr\/\" target=\"_blank\" rel=\"noopener\">Conseil r\u00e9gional des Pays de la Loire<\/a><\/li><\/ul><h4><strong>Partenaires professionnels<\/strong><\/h4><p>Nous d\u00e9veloppons notre action en lien avec les associations professionnelles repr\u00e9sentatives du secteur \u00e9conomique fran\u00e7ais de la facture instrumentale :<\/p><ul><li><a href=\"http:\/\/www.aladfi.com\/\" target=\"_blank\" rel=\"noopener\">Association des Luthiers et Archetiers pour le D\u00e9veloppement de la Facture Instrumentale (ALADFI)<\/a><\/li><li><a href=\"http:\/\/www.aplg.fr\/\" target=\"_blank\" rel=\"noopener\">Association professionnelle des luthiers artisans en guitares et autres cordes pinc\u00e9es (APLG)<\/a><\/li><li><a href=\"http:\/\/www.csfimusique.com\/\" target=\"_blank\" rel=\"noopener\">Chambre Syndicale de la Facture Instrumentale (CSFI)<\/a><\/li><li><a href=\"http:\/\/www.metiersdelamusique.org\/\" target=\"_blank\" rel=\"noopener\">Chambre Syndicale des M\u00e9tiers de la Musique (CSMM)<\/a><\/li><li><a href=\"https:\/\/europianofrance.org\/\" target=\"_blank\" rel=\"noopener\">Europiano France<\/a><\/li><li><a href=\"http:\/\/www.glaaf.fr\/\" target=\"_blank\" rel=\"noopener\">Groupement des Luthiers et Archetiers d\u2019Art de France (GLAAF)<\/a><\/li><li>Groupement des Sp\u00e9cialistes en Instruments \u00e0 Vent (GSIV)<\/li><li><a class=\"broken_link\" href=\"http:\/\/gpfo.free.fr\/\" target=\"_blank\" rel=\"noopener\">Groupement Professionnel des Facteurs d\u2019Orgues (GPFO)<\/a><\/li><li>Union de la Facture Instrumentale (UNFI)<\/li><\/ul><p>\u00a0<\/p><\/div><\/div><\/div><div class=\"elementor-element elementor-element-2eb51c94 elementor-position-top elementor-vertical-align-top elementor-widget elementor-widget-image-box\" data-id=\"2eb51c94\" data-element_type=\"widget\" data-widget_type=\"image-box.default\"><div class=\"elementor-widget-container\"><div class=\"elementor-image-box-wrapper\"><figure class=\"elementor-image-box-img\"><img fetchpriority=\"high\" decoding=\"async\" class=\"attachment-full size-full alignleft\" src=\"https:\/\/itemm.fr\/innovation\/wp-content\/uploads\/2017\/06\/Pole_Innovation.png\" sizes=\"(max-width: 2066px) 100vw, 2066px\" srcset=\"https:\/\/itemm.fr\/innovation\/wp-content\/uploads\/2017\/06\/Pole_Innovation.png 2066w, https:\/\/itemm.fr\/innovation\/wp-content\/uploads\/2017\/06\/Pole_Innovation-600x222.png 600w, https:\/\/itemm.fr\/innovation\/wp-content\/uploads\/2017\/06\/Pole_Innovation-300x111.png 300w, https:\/\/itemm.fr\/innovation\/wp-content\/uploads\/2017\/06\/Pole_Innovation-768x284.png 768w, https:\/\/itemm.fr\/innovation\/wp-content\/uploads\/2017\/06\/Pole_Innovation-1024x379.png 1024w, https:\/\/itemm.fr\/innovation\/wp-content\/uploads\/2017\/06\/Pole_Innovation-850x314.png 850w\" alt=\"Pole_Innovation_logo\" width=\"2066\" height=\"764\" \/><\/figure><div class=\"elementor-image-box-content\"><h3 class=\"elementor-image-box-title\">\u00a0<\/h3><h3 class=\"elementor-image-box-title\" style=\"text-align: left;\">Le p\u00f4le d\u2019innovation de l\u2019artisanat<\/h3><p class=\"elementor-image-box-description\" style=\"text-align: left;\">Il fait partie du r\u00e9seau national des p\u00f4les d\u2019innovation coordonn\u00e9 par l\u2019Institut Sup\u00e9rieur des M\u00e9tiers (ISM).et assure la promotion des entreprises et des savoir-faire fran\u00e7ais \u00e0 l\u2019\u00e9tranger en partenariat avec Business France.<\/p><\/div><\/div><\/div><\/div>\t\t\t\t\t\t\t\t<\/div>\n\t\t\t\t\t<\/div>\n\t\t<\/div>\n\t\t\t\t<div class=\"elementor-column elementor-col-33 elementor-top-column elementor-element elementor-element-c8272e8\" data-id=\"c8272e8\" data-element_type=\"column\" data-e-type=\"column\">\n\t\t\t<div class=\"elementor-widget-wrap elementor-element-populated\">\n\t\t\t\t\t\t<div class=\"elementor-element elementor-element-7795aa7 elementor-widget elementor-widget-text-editor\" data-id=\"7795aa7\" data-element_type=\"widget\" data-e-type=\"widget\" data-settings=\"{&quot;ekit_we_effect_on&quot;:&quot;none&quot;}\" data-widget_type=\"text-editor.default\">\n\t\t\t\t\t\t\t\t\t<h4><strong>Partenaires scientifiques<\/strong><\/h4><p>Nous collaborons avec des laboratoires et des structures de recherche acad\u00e9mique pour la mise en place de projets d\u2019ing\u00e9nierie mutualis\u00e9e.<\/p><ul><li><a href=\"http:\/\/www.cttm-lemans.com\/fr\/index.html\" target=\"_blank\" rel=\"noopener\">Centre de transfert de technologie du Mans<\/a>, Le Mans<\/li><li><a href=\"http:\/\/www.cerfav.fr\/\" target=\"_blank\" rel=\"noopener\">Centre europ\u00e9en de recherche et de formation aux arts verriers<\/a>, Vannes-le-Ch\u00e2tel<\/li><li><a class=\"broken_link\" href=\"http:\/\/www.irccyn.ec-nantes.fr\/\" target=\"_blank\" rel=\"noopener\">\u00c9cole centrale de Nantes<\/a>, Ircynn, Nantes<\/li><li><a href=\"https:\/\/artsetmetiers.fr\/fr\/campus\/cluny\" target=\"_blank\" rel=\"noopener\">\u00c9cole nationale sup\u00e9rieure des arts et m\u00e9tiers de Cluny<\/a>, Cluny<\/li><li><a href=\"http:\/\/www.eseo.fr\/\" target=\"_blank\" rel=\"noopener\">\u00c9cole sup\u00e9rieure d\u2019\u00e9lectronique de l\u2019Ouest<\/a>, Angers<\/li><li><a href=\"http:\/\/ensim.univ-lemans.fr\/fr\/index.html\" target=\"_blank\" rel=\"noopener\">\u00c9cole nationale sup\u00e9rieure d\u2019ing\u00e9nieurs du Mans<\/a>, Le Mans<\/li><li><a href=\"http:\/\/www.ensta-paristech.fr\/fr\/palaiseau\" target=\"_blank\" rel=\"noopener\">Ensta ParisTech<\/a>, \u00c9cole nationale sup\u00e9rieure des techniques avanc\u00e9es, Palaiseau<\/li><li><a href=\"https:\/\/www.esb-campus.fr\/\" target=\"_blank\" rel=\"noopener\">\u00c9cole sup\u00e9rieure du bois<\/a>, Nantes<\/li><li>Groupe sp\u00e9cialis\u00e9 d\u2019acoustique musicale, <a href=\"http:\/\/sfa.asso.fr\/fr\/accueil\" target=\"_blank\" rel=\"noopener\">Soci\u00e9t\u00e9 Fran\u00e7aise d\u2019Acoustique<\/a>, Paris<\/li><li><a href=\"http:\/\/ifram.com\/\" target=\"_blank\" rel=\"noopener\">Institut de Formation et de Recherche pour les Artisanats des M\u00e9taux<\/a>, Villers-Ecalles<\/li><li><a href=\"http:\/\/www.ircam.fr\/\" target=\"_blank\" rel=\"noopener\">Institut de recherche et de coordination acoustique-musique<\/a>, Paris<\/li><li><a href=\"http:\/\/www.femto-st.fr\/\" target=\"_blank\" rel=\"noopener\">Institut Femto ST<\/a>, Universit\u00e9 de Besan\u00e7on, Besan\u00e7on<\/li><li><a href=\"http:\/\/www.dalembert.upmc.fr\/ijlrda\/\" target=\"_blank\" rel=\"noopener\">Institut Jean-Le-Rond-d\u2019Alembert<\/a>, \u00e9quipe Lutherie-Acoustique-Musique, Paris<\/li><li><a href=\"http:\/\/laum.univ-lemans.fr\/fr\/index.html\" target=\"_blank\" rel=\"noopener\">Laboratoire d\u2019Acoustique de l\u2019Universit\u00e9 du Maine<\/a>, Le Mans<\/li><li><a href=\"http:\/\/www.lms.polytechnique.fr\/\" target=\"_blank\" rel=\"noopener\">Laboratoire de m\u00e9canique des solides<\/a>, \u00c9cole polytechnique, Palaiseau<\/li><li><a href=\"http:\/\/www.lma.cnrs-mrs.fr\/\" target=\"_blank\" rel=\"noopener\">Laboratoire de m\u00e9canique et d\u2019acoustique CNRS<\/a>, Marseille<\/li><li><a href=\"http:\/\/www.lmgc.univ-montp2.fr\/\" target=\"_blank\" rel=\"noopener\">Laboratoire de m\u00e9canique et de g\u00e9nie civil<\/a>, Montpellier<\/li><li>Le Mans Acoustique (<a class=\"broken_link\" href=\"http:\/\/www.lemans-acoustique.fr\/fr\/index.html\" target=\"_blank\" rel=\"noopener\">LMAC<\/a>)<\/li><li><a href=\"https:\/\/philharmoniedeparis.fr\/fr\" target=\"_blank\" rel=\"noopener\">Mus\u00e9e de la musique<\/a>, cit\u00e9 de la musique de la Villette, Paris<\/li><li><a href=\"https:\/\/www.telecom-paris.fr\" target=\"_blank\" rel=\"noopener\">T\u00e9l\u00e9com ParisTech<\/a>, \u00c9cole nationale sup\u00e9rieure des t\u00e9l\u00e9communications, Paris<\/li><\/ul>\t\t\t\t\t\t\t\t<\/div>\n\t\t\t\t\t<\/div>\n\t\t<\/div>\n\t\t\t\t<div class=\"elementor-column elementor-col-33 elementor-top-column elementor-element elementor-element-fdf92f0\" data-id=\"fdf92f0\" data-element_type=\"column\" data-e-type=\"column\">\n\t\t\t<div class=\"elementor-widget-wrap elementor-element-populated\">\n\t\t\t\t\t\t<div class=\"elementor-element elementor-element-cd9511c elementor-widget elementor-widget-text-editor\" data-id=\"cd9511c\" data-element_type=\"widget\" data-e-type=\"widget\" data-settings=\"{&quot;ekit_we_effect_on&quot;:&quot;none&quot;}\" data-widget_type=\"text-editor.default\">\n\t\t\t\t\t\t\t\t\t<div class=\"elementor-element elementor-element-3d4e256d elementor-widget elementor-widget-text-editor\" data-id=\"3d4e256d\" data-element_type=\"widget\" data-widget_type=\"text-editor.default\"><div class=\"elementor-widget-container\"><div class=\"elementor-text-editor elementor-clearfix\"><div class=\"wpb_column vc_column_container vc_col-sm-4\"><div class=\"vc_column-inner \"><h4><strong>Partenaires de projets<\/strong><\/h4><ul><li>Centre de recherche pour l\u2019\u00e9tude et l\u2019observation des conditions de vie (<a href=\"http:\/\/www.credoc.fr\" target=\"_blank\" rel=\"noopener\">CREDOC<\/a>)<\/li><li>Centre du Patrimoine de la Facture Instrumentale (<a class=\"broken_link\" href=\"http:\/\/www.cpfi-lemans.com\/spip\/\" target=\"_blank\" rel=\"noopener\">CPFI<\/a>)<\/li><li>Ecole sup\u00e9rieure des beaux arts Tours \u2013 Angers Le Mans <a href=\"http:\/\/lemans.esba-talm.fr\" target=\"_blank\" rel=\"noopener\">ESBA-TALM<\/a><\/li><li><a href=\"http:\/\/europajazz.fr\" target=\"_blank\" rel=\"noopener\">L\u2019Europajazz<\/a>, Le Mans<\/li><li><a href=\"https:\/\/www.lemansinnovation.fr\" target=\"_blank\" rel=\"noopener\">Le Mans Innovation<\/a><\/li><li><a href=\"https:\/\/www.paysdelaloire-metiersdart.com\/\" target=\"_blank\" rel=\"noopener\">Mission Pays de la Loire M\u00e9tiers d\u2019art<\/a>, Sainte-Luce-sur-Loire<\/li><li>R\u00e9seau de D\u00e9veloppement de l\u2019Innovation Pays de la Loire (<a href=\"http:\/\/www.agence-paysdelaloire.fr\/\" target=\"_blank\" rel=\"noopener\">RDI<\/a>), Nantes<\/li><\/ul><div class=\"elementor-element elementor-element-3d4e256d elementor-widget elementor-widget-text-editor\" data-id=\"3d4e256d\" data-element_type=\"widget\" data-widget_type=\"text-editor.default\"><div class=\"elementor-widget-container\"><div class=\"elementor-text-editor elementor-clearfix\"><div class=\"wpb_column vc_column_container vc_col-sm-4\"><div class=\"vc_column-inner \"><ul><li>\u00a0<\/li><\/ul><\/div><\/div><\/div><\/div><\/div><div class=\"elementor-element elementor-element-b9cd3e4 gallery-spacing-custom elementor-widget elementor-widget-image-gallery\" data-id=\"b9cd3e4\" data-element_type=\"widget\" data-widget_type=\"image-gallery.default\"><div class=\"elementor-widget-container\"><div class=\"elementor-image-gallery\"><div id=\"gallery-1\" class=\"gallery galleryid-1439 gallery-columns-3 gallery-size-full\"><figure class=\"gallery-item\"><div class=\"gallery-icon landscape\"><a class=\"gallery-lightbox\" href=\"https:\/\/itemm.fr\/innovation\/wp-content\/uploads\/2017\/06\/3_REGION_PDL_Q.jpeg\" data-elementor-open-lightbox=\"yes\" data-elementor-lightbox-slideshow=\"b9cd3e4\" data-elementor-lightbox-title=\"3_REGION_PDL_Q\"><img decoding=\"async\" class=\"attachment-full size-full\" src=\"https:\/\/itemm.fr\/innovation\/wp-content\/uploads\/2017\/06\/3_REGION_PDL_Q.jpeg\" sizes=\"(max-width: 424px) 100vw, 424px\" srcset=\"https:\/\/itemm.fr\/innovation\/wp-content\/uploads\/2017\/06\/3_REGION_PDL_Q.jpeg 424w, https:\/\/itemm.fr\/innovation\/wp-content\/uploads\/2017\/06\/3_REGION_PDL_Q-300x86.jpeg 300w\" alt=\"3_REGION_PDL_Q\" width=\"424\" height=\"121\" \/><\/a><\/div><\/figure><figure class=\"gallery-item\"><div class=\"gallery-icon landscape\"><a class=\"gallery-lightbox\" href=\"https:\/\/itemm.fr\/innovation\/wp-content\/uploads\/2017\/06\/europe_region_fse.png\" data-elementor-open-lightbox=\"yes\" data-elementor-lightbox-slideshow=\"b9cd3e4\" data-elementor-lightbox-title=\"europe_region_fse\"><img decoding=\"async\" class=\"attachment-full size-full\" src=\"https:\/\/itemm.fr\/innovation\/wp-content\/uploads\/2017\/06\/europe_region_fse.png\" alt=\"europe_region_fse\" width=\"143\" height=\"90\" \/><\/a><\/div><\/figure><figure class=\"gallery-item\"><div class=\"gallery-icon landscape\"><a class=\"gallery-lightbox\" href=\"https:\/\/itemm.fr\/innovation\/wp-content\/uploads\/2020\/04\/lemans-universite-large.png\" data-elementor-open-lightbox=\"yes\" data-elementor-lightbox-slideshow=\"b9cd3e4\" data-elementor-lightbox-title=\"lemans-universite-large\"><img loading=\"lazy\" decoding=\"async\" class=\"attachment-full size-full\" src=\"https:\/\/itemm.fr\/innovation\/wp-content\/uploads\/2020\/04\/lemans-universite-large.png\" alt=\"lemans-universite-large\" width=\"276\" height=\"93\" \/><\/a><\/div><\/figure><figure class=\"gallery-item\"><div class=\"gallery-icon landscape\"><a class=\"gallery-lightbox\" href=\"https:\/\/itemm.fr\/innovation\/wp-content\/uploads\/2015\/08\/logoSFA_GSAM.jpg\" data-elementor-open-lightbox=\"yes\" data-elementor-lightbox-slideshow=\"b9cd3e4\" data-elementor-lightbox-title=\"logoSFA_GSAM\"><img loading=\"lazy\" decoding=\"async\" class=\"attachment-full size-full\" src=\"https:\/\/itemm.fr\/innovation\/wp-content\/uploads\/2015\/08\/logoSFA_GSAM.jpg\" alt=\"\" width=\"142\" height=\"70\" \/><\/a><\/div><\/figure><figure class=\"gallery-item\"><div class=\"gallery-icon landscape\"><a class=\"gallery-lightbox\" href=\"https:\/\/itemm.fr\/innovation\/wp-content\/uploads\/2017\/06\/RSI-H-Violet-GB.jpg\" data-elementor-open-lightbox=\"yes\" data-elementor-lightbox-slideshow=\"b9cd3e4\" data-elementor-lightbox-title=\"Research education innovation\"><img loading=\"lazy\" decoding=\"async\" class=\"attachment-full size-full\" src=\"https:\/\/itemm.fr\/innovation\/wp-content\/uploads\/2017\/06\/RSI-H-Violet-GB.jpg\" sizes=\"(max-width: 1417px) 100vw, 1417px\" srcset=\"https:\/\/itemm.fr\/innovation\/wp-content\/uploads\/2017\/06\/RSI-H-Violet-GB.jpg 1417w, https:\/\/itemm.fr\/innovation\/wp-content\/uploads\/2017\/06\/RSI-H-Violet-GB-600x200.jpg 600w, https:\/\/itemm.fr\/innovation\/wp-content\/uploads\/2017\/06\/RSI-H-Violet-GB-300x100.jpg 300w, https:\/\/itemm.fr\/innovation\/wp-content\/uploads\/2017\/06\/RSI-H-Violet-GB-768x256.jpg 768w, https:\/\/itemm.fr\/innovation\/wp-content\/uploads\/2017\/06\/RSI-H-Violet-GB-1024x341.jpg 1024w, https:\/\/itemm.fr\/innovation\/wp-content\/uploads\/2017\/06\/RSI-H-Violet-GB-850x283.jpg 850w\" alt=\"Research education innovation\" width=\"1417\" height=\"472\" \/><\/a><\/div><\/figure><figure class=\"gallery-item\"><div class=\"gallery-icon landscape\"><a class=\"gallery-lightbox\" href=\"https:\/\/itemm.fr\/innovation\/wp-content\/uploads\/2017\/06\/lemans_metropole.png\" data-elementor-open-lightbox=\"yes\" data-elementor-lightbox-slideshow=\"b9cd3e4\" data-elementor-lightbox-title=\"lemans_metropole\"><img loading=\"lazy\" decoding=\"async\" class=\"attachment-full size-full\" src=\"https:\/\/itemm.fr\/innovation\/wp-content\/uploads\/2017\/06\/lemans_metropole.png\" alt=\"lemans_metropole\" width=\"103\" height=\"90\" \/><\/a><\/div><\/figure><figure class=\"gallery-item\"><div class=\"gallery-icon landscape\"><a class=\"gallery-lightbox\" href=\"https:\/\/itemm.fr\/innovation\/wp-content\/uploads\/2015\/08\/logo_unfi.png\" data-elementor-open-lightbox=\"yes\" data-elementor-lightbox-slideshow=\"b9cd3e4\" data-elementor-lightbox-title=\"logo_unfi\"><img loading=\"lazy\" decoding=\"async\" class=\"attachment-full size-full\" src=\"https:\/\/itemm.fr\/innovation\/wp-content\/uploads\/2015\/08\/logo_unfi.png\" sizes=\"(max-width: 1128px) 100vw, 1128px\" srcset=\"https:\/\/itemm.fr\/innovation\/wp-content\/uploads\/2015\/08\/logo_unfi.png 1128w, https:\/\/itemm.fr\/innovation\/wp-content\/uploads\/2015\/08\/logo_unfi-600x323.png 600w, https:\/\/itemm.fr\/innovation\/wp-content\/uploads\/2015\/08\/logo_unfi-300x161.png 300w, https:\/\/itemm.fr\/innovation\/wp-content\/uploads\/2015\/08\/logo_unfi-768x413.png 768w, https:\/\/itemm.fr\/innovation\/wp-content\/uploads\/2015\/08\/logo_unfi-1024x551.png 1024w, https:\/\/itemm.fr\/innovation\/wp-content\/uploads\/2015\/08\/logo_unfi-850x457.png 850w\" alt=\"\" width=\"1128\" height=\"607\" \/><\/a><\/div><\/figure><figure class=\"gallery-item\"><div class=\"gallery-icon landscape\"><a class=\"gallery-lightbox\" href=\"https:\/\/itemm.fr\/innovation\/wp-content\/uploads\/2015\/07\/logo-aladfi.png\" data-elementor-open-lightbox=\"yes\" data-elementor-lightbox-slideshow=\"b9cd3e4\" data-elementor-lightbox-title=\"logo aladfi\"><img loading=\"lazy\" decoding=\"async\" class=\"attachment-full size-full\" src=\"https:\/\/itemm.fr\/innovation\/wp-content\/uploads\/2015\/07\/logo-aladfi.png\" alt=\"\" width=\"169\" height=\"83\" \/><\/a><\/div><\/figure><figure class=\"gallery-item\"><div class=\"gallery-icon landscape\"><a class=\"gallery-lightbox\" href=\"https:\/\/itemm.fr\/innovation\/wp-content\/uploads\/2017\/06\/SartheDep-CMJN.png\" data-elementor-open-lightbox=\"yes\" data-elementor-lightbox-slideshow=\"b9cd3e4\" data-elementor-lightbox-title=\"SartheDep-CMJN\"><img loading=\"lazy\" decoding=\"async\" class=\"attachment-full size-full\" src=\"https:\/\/itemm.fr\/innovation\/wp-content\/uploads\/2017\/06\/SartheDep-CMJN.png\" sizes=\"(max-width: 1097px) 100vw, 1097px\" srcset=\"https:\/\/itemm.fr\/innovation\/wp-content\/uploads\/2017\/06\/SartheDep-CMJN.png 1097w, https:\/\/itemm.fr\/innovation\/wp-content\/uploads\/2017\/06\/SartheDep-CMJN-600x161.png 600w, https:\/\/itemm.fr\/innovation\/wp-content\/uploads\/2017\/06\/SartheDep-CMJN-300x80.png 300w, https:\/\/itemm.fr\/innovation\/wp-content\/uploads\/2017\/06\/SartheDep-CMJN-768x206.png 768w, https:\/\/itemm.fr\/innovation\/wp-content\/uploads\/2017\/06\/SartheDep-CMJN-1024x274.png 1024w, https:\/\/itemm.fr\/innovation\/wp-content\/uploads\/2017\/06\/SartheDep-CMJN-850x228.png 850w\" alt=\"SartheDep-CMJN\" width=\"1097\" height=\"294\" \/><\/a><\/div><\/figure><figure class=\"gallery-item\"><div class=\"gallery-icon landscape\"><a class=\"gallery-lightbox\" href=\"https:\/\/itemm.fr\/innovation\/wp-content\/uploads\/2017\/06\/EUROPE.png\" data-elementor-open-lightbox=\"yes\" data-elementor-lightbox-slideshow=\"b9cd3e4\" data-elementor-lightbox-title=\"EUROPE\"><img loading=\"lazy\" decoding=\"async\" class=\"attachment-full size-full\" src=\"https:\/\/itemm.fr\/innovation\/wp-content\/uploads\/2017\/06\/EUROPE.png\" alt=\"EUROPE\" width=\"133\" height=\"90\" \/><\/a><\/div><\/figure><figure class=\"gallery-item\"><div class=\"gallery-icon portrait\"><a class=\"gallery-lightbox\" href=\"https:\/\/itemm.fr\/innovation\/wp-content\/uploads\/2017\/06\/1_DRAC_Q.jpeg\" data-elementor-open-lightbox=\"yes\" data-elementor-lightbox-slideshow=\"b9cd3e4\" data-elementor-lightbox-title=\"1_DRAC_Q\"><img loading=\"lazy\" decoding=\"async\" class=\"attachment-full size-full\" src=\"https:\/\/itemm.fr\/innovation\/wp-content\/uploads\/2017\/06\/1_DRAC_Q.jpeg\" alt=\"1_DRAC_Q\" width=\"55\" height=\"72\" \/><\/a><\/div><\/figure><figure class=\"gallery-item\"><div class=\"gallery-icon landscape\"><a class=\"gallery-lightbox\" href=\"https:\/\/itemm.fr\/innovation\/wp-content\/uploads\/2017\/06\/dge.jpeg\" data-elementor-open-lightbox=\"yes\" data-elementor-lightbox-slideshow=\"b9cd3e4\" data-elementor-lightbox-title=\"dge\"><img loading=\"lazy\" decoding=\"async\" class=\"attachment-full size-full\" src=\"https:\/\/itemm.fr\/innovation\/wp-content\/uploads\/2017\/06\/dge.jpeg\" sizes=\"(max-width: 138px) 100vw, 138px\" srcset=\"https:\/\/itemm.fr\/innovation\/wp-content\/uploads\/2017\/06\/dge.jpeg 138w, https:\/\/itemm.fr\/innovation\/wp-content\/uploads\/2017\/06\/dge-104x74.jpeg 104w\" alt=\"dge\" width=\"138\" height=\"100\" \/><\/a><\/div><\/figure><figure class=\"gallery-item\"><div class=\"gallery-icon landscape\"><a class=\"gallery-lightbox\" href=\"https:\/\/itemm.fr\/innovation\/wp-content\/uploads\/2017\/06\/Logo-LMAcoustique-Vertical-Transparent-e1498047491365.png\" data-elementor-open-lightbox=\"yes\" data-elementor-lightbox-slideshow=\"b9cd3e4\" data-elementor-lightbox-title=\"Logo LMAcoustique\"><img loading=\"lazy\" decoding=\"async\" class=\"attachment-full size-full\" src=\"https:\/\/itemm.fr\/innovation\/wp-content\/uploads\/2017\/06\/Logo-LMAcoustique-Vertical-Transparent-e1498047491365.png\" sizes=\"(max-width: 492px) 100vw, 492px\" srcset=\"https:\/\/itemm.fr\/innovation\/wp-content\/uploads\/2017\/06\/Logo-LMAcoustique-Vertical-Transparent-e1498047491365.png 492w, https:\/\/itemm.fr\/innovation\/wp-content\/uploads\/2017\/06\/Logo-LMAcoustique-Vertical-Transparent-e1498047491365-300x229.png 300w\" alt=\"Logo LMAcoustique\" width=\"492\" height=\"376\" \/><\/a><\/div><\/figure><figure class=\"gallery-item\"><div class=\"gallery-icon landscape\"><a class=\"gallery-lightbox\" href=\"https:\/\/itemm.fr\/innovation\/wp-content\/uploads\/2015\/08\/laum.png\" data-elementor-open-lightbox=\"yes\" data-elementor-lightbox-slideshow=\"b9cd3e4\" data-elementor-lightbox-title=\"laum\"><img loading=\"lazy\" decoding=\"async\" class=\"attachment-full size-full\" src=\"https:\/\/itemm.fr\/innovation\/wp-content\/uploads\/2015\/08\/laum.png\" sizes=\"(max-width: 774px) 100vw, 774px\" srcset=\"https:\/\/itemm.fr\/innovation\/wp-content\/uploads\/2015\/08\/laum.png 774w, https:\/\/itemm.fr\/innovation\/wp-content\/uploads\/2015\/08\/laum-600x234.png 600w, https:\/\/itemm.fr\/innovation\/wp-content\/uploads\/2015\/08\/laum-300x117.png 300w, https:\/\/itemm.fr\/innovation\/wp-content\/uploads\/2015\/08\/laum-768x300.png 768w\" alt=\"\" width=\"774\" height=\"302\" \/><\/a><\/div><\/figure><figure class=\"gallery-item\"><div class=\"gallery-icon landscape\"><a class=\"gallery-lightbox\" href=\"https:\/\/itemm.fr\/innovation\/wp-content\/uploads\/2017\/06\/logo_fondation_du_patrimoine.png\" data-elementor-open-lightbox=\"yes\" data-elementor-lightbox-slideshow=\"b9cd3e4\" data-elementor-lightbox-title=\"logo_fondation_du_patrimoine\"><img loading=\"lazy\" decoding=\"async\" class=\"attachment-full size-full\" src=\"https:\/\/itemm.fr\/innovation\/wp-content\/uploads\/2017\/06\/logo_fondation_du_patrimoine.png\" alt=\"logo_fondation_du_patrimoine\" width=\"91\" height=\"90\" \/><\/a><\/div><\/figure><figure class=\"gallery-item\"><div class=\"gallery-icon landscape\"><a class=\"gallery-lightbox\" href=\"https:\/\/itemm.fr\/innovation\/wp-content\/uploads\/2015\/07\/logo-aplg.png\" data-elementor-open-lightbox=\"yes\" data-elementor-lightbox-slideshow=\"b9cd3e4\" data-elementor-lightbox-title=\"logo-aplg\"><img loading=\"lazy\" decoding=\"async\" class=\"attachment-full size-full\" src=\"https:\/\/itemm.fr\/innovation\/wp-content\/uploads\/2015\/07\/logo-aplg.png\" alt=\"\" width=\"122\" height=\"100\" \/><\/a><\/div><\/figure><\/div><\/div><\/div><\/div><\/div><\/div><\/div><\/div><\/div>\t\t\t\t\t\t\t\t<\/div>\n\t\t\t\t\t<\/div>\n\t\t<\/div>\n\t\t\t\t\t<\/div>\n\t\t<\/section>\n\t\t\t\t<\/div>\n\t\t","protected":false},"excerpt":{"rendered":"<p>Partenaires publics Nous sommes soutenus par : La Direction G\u00e9n\u00e9rale de l\u2019Entreprise (DGE) \u2013 Minist\u00e8re de l\u2019\u00e9conomie et des finances Le Conseil r\u00e9gional des Pays de la Loire Partenaires professionnels Nous d\u00e9veloppons notre action en lien avec les associations professionnelles repr\u00e9sentatives du secteur \u00e9conomique fran\u00e7ais de la facture instrumentale : Association des Luthiers et Archetiers&hellip;<\/p>\n","protected":false},"author":3004,"featured_media":0,"parent":21015,"menu_order":0,"comment_status":"closed","ping_status":"closed","template":"","meta":{"_acf_changed":false,"footnotes":""},"categories":[],"class_list":["post-21023","page","type-page","status-publish","hentry"],"acf":[],"yoast_head":"<!-- This site is optimized with the Yoast SEO plugin v27.4 - https:\/\/yoast.com\/product\/yoast-seo-wordpress\/ -->\n<title>Nos partenaires | Itemm -<\/title>\n<meta name=\"robots\" content=\"index, follow, max-snippet:-1, max-image-preview:large, max-video-preview:-1\" \/>\n<link rel=\"canonical\" href=\"https:\/\/itemm.fr\/itemm\/pole-dinnovation\/nos-partenaires\/\" \/>\n<meta property=\"og:locale\" content=\"fr_FR\" \/>\n<meta property=\"og:type\" content=\"article\" \/>\n<meta property=\"og:title\" content=\"Nos partenaires | Itemm -\" \/>\n<meta property=\"og:description\" content=\"Partenaires publics Nous sommes soutenus par : La Direction G\u00e9n\u00e9rale de l\u2019Entreprise (DGE) \u2013 Minist\u00e8re de l\u2019\u00e9conomie et des finances Le Conseil r\u00e9gional des Pays de la Loire Partenaires professionnels Nous d\u00e9veloppons notre action en lien avec les associations professionnelles repr\u00e9sentatives du secteur \u00e9conomique fran\u00e7ais de la facture instrumentale : Association des Luthiers et Archetiers&hellip;\" \/>\n<meta property=\"og:url\" content=\"https:\/\/itemm.fr\/itemm\/pole-dinnovation\/nos-partenaires\/\" \/>\n<meta property=\"og:site_name\" content=\"Itemm -\" \/>\n<meta property=\"article:publisher\" content=\"https:\/\/www.facebook.com\/itemm.lemans\" \/>\n<meta property=\"article:modified_time\" content=\"2020-09-21T10:03:58+00:00\" \/>\n<meta property=\"og:image\" content=\"https:\/\/itemm.fr\/innovation\/wp-content\/uploads\/2017\/06\/Pole_Innovation.png\" \/>\n<script type=\"application\/ld+json\" class=\"yoast-schema-graph\">{\"@context\":\"https:\\\/\\\/schema.org\",\"@graph\":[{\"@type\":\"WebPage\",\"@id\":\"https:\\\/\\\/itemm.fr\\\/itemm\\\/pole-dinnovation\\\/nos-partenaires\\\/\",\"url\":\"https:\\\/\\\/itemm.fr\\\/itemm\\\/pole-dinnovation\\\/nos-partenaires\\\/\",\"name\":\"Nos partenaires | Itemm -\",\"isPartOf\":{\"@id\":\"https:\\\/\\\/itemm.fr\\\/itemm\\\/#website\"},\"primaryImageOfPage\":{\"@id\":\"https:\\\/\\\/itemm.fr\\\/itemm\\\/pole-dinnovation\\\/nos-partenaires\\\/#primaryimage\"},\"image\":{\"@id\":\"https:\\\/\\\/itemm.fr\\\/itemm\\\/pole-dinnovation\\\/nos-partenaires\\\/#primaryimage\"},\"thumbnailUrl\":\"https:\\\/\\\/itemm.fr\\\/innovation\\\/wp-content\\\/uploads\\\/2017\\\/06\\\/Pole_Innovation.png\",\"datePublished\":\"2020-09-21T09:52:49+00:00\",\"dateModified\":\"2020-09-21T10:03:58+00:00\",\"breadcrumb\":{\"@id\":\"https:\\\/\\\/itemm.fr\\\/itemm\\\/pole-dinnovation\\\/nos-partenaires\\\/#breadcrumb\"},\"inLanguage\":\"fr-FR\",\"potentialAction\":[{\"@type\":\"ReadAction\",\"target\":[\"https:\\\/\\\/itemm.fr\\\/itemm\\\/pole-dinnovation\\\/nos-partenaires\\\/\"]}]},{\"@type\":\"ImageObject\",\"inLanguage\":\"fr-FR\",\"@id\":\"https:\\\/\\\/itemm.fr\\\/itemm\\\/pole-dinnovation\\\/nos-partenaires\\\/#primaryimage\",\"url\":\"https:\\\/\\\/itemm.fr\\\/innovation\\\/wp-content\\\/uploads\\\/2017\\\/06\\\/Pole_Innovation.png\",\"contentUrl\":\"https:\\\/\\\/itemm.fr\\\/innovation\\\/wp-content\\\/uploads\\\/2017\\\/06\\\/Pole_Innovation.png\"},{\"@type\":\"BreadcrumbList\",\"@id\":\"https:\\\/\\\/itemm.fr\\\/itemm\\\/pole-dinnovation\\\/nos-partenaires\\\/#breadcrumb\",\"itemListElement\":[{\"@type\":\"ListItem\",\"position\":1,\"name\":\"Accueil\",\"item\":\"https:\\\/\\\/itemm.fr\\\/itemm\\\/\"},{\"@type\":\"ListItem\",\"position\":2,\"name\":\"P\u00f4le d&rsquo;innovation\",\"item\":\"https:\\\/\\\/itemm.fr\\\/itemm\\\/pole-dinnovation\\\/\"},{\"@type\":\"ListItem\",\"position\":3,\"name\":\"Nos partenaires\"}]},{\"@type\":\"WebSite\",\"@id\":\"https:\\\/\\\/itemm.fr\\\/itemm\\\/#website\",\"url\":\"https:\\\/\\\/itemm.fr\\\/itemm\\\/\",\"name\":\"Itemm\",\"description\":\"Institut technologique europ\u00e9en des m\u00e9tiers de la musique au Mans (72)\",\"publisher\":{\"@id\":\"https:\\\/\\\/itemm.fr\\\/itemm\\\/#organization\"},\"potentialAction\":[{\"@type\":\"SearchAction\",\"target\":{\"@type\":\"EntryPoint\",\"urlTemplate\":\"https:\\\/\\\/itemm.fr\\\/itemm\\\/?s={search_term_string}\"},\"query-input\":{\"@type\":\"PropertyValueSpecification\",\"valueRequired\":true,\"valueName\":\"search_term_string\"}}],\"inLanguage\":\"fr-FR\"},{\"@type\":\"Organization\",\"@id\":\"https:\\\/\\\/itemm.fr\\\/itemm\\\/#organization\",\"name\":\"ITEMM\",\"alternateName\":\"ITEMM\",\"url\":\"https:\\\/\\\/itemm.fr\\\/itemm\\\/\",\"logo\":{\"@type\":\"ImageObject\",\"inLanguage\":\"fr-FR\",\"@id\":\"https:\\\/\\\/itemm.fr\\\/itemm\\\/#\\\/schema\\\/logo\\\/image\\\/\",\"url\":\"https:\\\/\\\/itemm.fr\\\/itemm\\\/wp-content\\\/uploads\\\/2021\\\/12\\\/logo-itemm-piano-on.png\",\"contentUrl\":\"https:\\\/\\\/itemm.fr\\\/itemm\\\/wp-content\\\/uploads\\\/2021\\\/12\\\/logo-itemm-piano-on.png\",\"width\":446,\"height\":294,\"caption\":\"ITEMM\"},\"image\":{\"@id\":\"https:\\\/\\\/itemm.fr\\\/itemm\\\/#\\\/schema\\\/logo\\\/image\\\/\"},\"sameAs\":[\"https:\\\/\\\/www.facebook.com\\\/itemm.lemans\",\"https:\\\/\\\/www.instagram.com\\\/itemmlemans\\\/\",\"https:\\\/\\\/www.linkedin.com\\\/in\\\/itemm\\\/\"]}]}<\/script>\n<!-- \/ Yoast SEO plugin. -->","yoast_head_json":{"title":"Nos partenaires | Itemm -","robots":{"index":"index","follow":"follow","max-snippet":"max-snippet:-1","max-image-preview":"max-image-preview:large","max-video-preview":"max-video-preview:-1"},"canonical":"https:\/\/itemm.fr\/itemm\/pole-dinnovation\/nos-partenaires\/","og_locale":"fr_FR","og_type":"article","og_title":"Nos partenaires | Itemm -","og_description":"Partenaires publics Nous sommes soutenus par : La Direction G\u00e9n\u00e9rale de l\u2019Entreprise (DGE) \u2013 Minist\u00e8re de l\u2019\u00e9conomie et des finances Le Conseil r\u00e9gional des Pays de la Loire Partenaires professionnels Nous d\u00e9veloppons notre action en lien avec les associations professionnelles repr\u00e9sentatives du secteur \u00e9conomique fran\u00e7ais de la facture instrumentale : Association des Luthiers et Archetiers&hellip;","og_url":"https:\/\/itemm.fr\/itemm\/pole-dinnovation\/nos-partenaires\/","og_site_name":"Itemm -","article_publisher":"https:\/\/www.facebook.com\/itemm.lemans","article_modified_time":"2020-09-21T10:03:58+00:00","og_image":[{"url":"https:\/\/itemm.fr\/innovation\/wp-content\/uploads\/2017\/06\/Pole_Innovation.png","type":"","width":"","height":""}],"schema":{"@context":"https:\/\/schema.org","@graph":[{"@type":"WebPage","@id":"https:\/\/itemm.fr\/itemm\/pole-dinnovation\/nos-partenaires\/","url":"https:\/\/itemm.fr\/itemm\/pole-dinnovation\/nos-partenaires\/","name":"Nos partenaires | Itemm -","isPartOf":{"@id":"https:\/\/itemm.fr\/itemm\/#website"},"primaryImageOfPage":{"@id":"https:\/\/itemm.fr\/itemm\/pole-dinnovation\/nos-partenaires\/#primaryimage"},"image":{"@id":"https:\/\/itemm.fr\/itemm\/pole-dinnovation\/nos-partenaires\/#primaryimage"},"thumbnailUrl":"https:\/\/itemm.fr\/innovation\/wp-content\/uploads\/2017\/06\/Pole_Innovation.png","datePublished":"2020-09-21T09:52:49+00:00","dateModified":"2020-09-21T10:03:58+00:00","breadcrumb":{"@id":"https:\/\/itemm.fr\/itemm\/pole-dinnovation\/nos-partenaires\/#breadcrumb"},"inLanguage":"fr-FR","potentialAction":[{"@type":"ReadAction","target":["https:\/\/itemm.fr\/itemm\/pole-dinnovation\/nos-partenaires\/"]}]},{"@type":"ImageObject","inLanguage":"fr-FR","@id":"https:\/\/itemm.fr\/itemm\/pole-dinnovation\/nos-partenaires\/#primaryimage","url":"https:\/\/itemm.fr\/innovation\/wp-content\/uploads\/2017\/06\/Pole_Innovation.png","contentUrl":"https:\/\/itemm.fr\/innovation\/wp-content\/uploads\/2017\/06\/Pole_Innovation.png"},{"@type":"BreadcrumbList","@id":"https:\/\/itemm.fr\/itemm\/pole-dinnovation\/nos-partenaires\/#breadcrumb","itemListElement":[{"@type":"ListItem","position":1,"name":"Accueil","item":"https:\/\/itemm.fr\/itemm\/"},{"@type":"ListItem","position":2,"name":"P\u00f4le d&rsquo;innovation","item":"https:\/\/itemm.fr\/itemm\/pole-dinnovation\/"},{"@type":"ListItem","position":3,"name":"Nos partenaires"}]},{"@type":"WebSite","@id":"https:\/\/itemm.fr\/itemm\/#website","url":"https:\/\/itemm.fr\/itemm\/","name":"Itemm","description":"Institut technologique europ\u00e9en des m\u00e9tiers de la musique au Mans (72)","publisher":{"@id":"https:\/\/itemm.fr\/itemm\/#organization"},"potentialAction":[{"@type":"SearchAction","target":{"@type":"EntryPoint","urlTemplate":"https:\/\/itemm.fr\/itemm\/?s={search_term_string}"},"query-input":{"@type":"PropertyValueSpecification","valueRequired":true,"valueName":"search_term_string"}}],"inLanguage":"fr-FR"},{"@type":"Organization","@id":"https:\/\/itemm.fr\/itemm\/#organization","name":"ITEMM","alternateName":"ITEMM","url":"https:\/\/itemm.fr\/itemm\/","logo":{"@type":"ImageObject","inLanguage":"fr-FR","@id":"https:\/\/itemm.fr\/itemm\/#\/schema\/logo\/image\/","url":"https:\/\/itemm.fr\/itemm\/wp-content\/uploads\/2021\/12\/logo-itemm-piano-on.png","contentUrl":"https:\/\/itemm.fr\/itemm\/wp-content\/uploads\/2021\/12\/logo-itemm-piano-on.png","width":446,"height":294,"caption":"ITEMM"},"image":{"@id":"https:\/\/itemm.fr\/itemm\/#\/schema\/logo\/image\/"},"sameAs":["https:\/\/www.facebook.com\/itemm.lemans","https:\/\/www.instagram.com\/itemmlemans\/","https:\/\/www.linkedin.com\/in\/itemm\/"]}]}},"_links":{"self":[{"href":"https:\/\/itemm.fr\/itemm\/wp-json\/wp\/v2\/pages\/21023","targetHints":{"allow":["GET"]}}],"collection":[{"href":"https:\/\/itemm.fr\/itemm\/wp-json\/wp\/v2\/pages"}],"about":[{"href":"https:\/\/itemm.fr\/itemm\/wp-json\/wp\/v2\/types\/page"}],"author":[{"embeddable":true,"href":"https:\/\/itemm.fr\/itemm\/wp-json\/wp\/v2\/users\/3004"}],"replies":[{"embeddable":true,"href":"https:\/\/itemm.fr\/itemm\/wp-json\/wp\/v2\/comments?post=21023"}],"version-history":[{"count":0,"href":"https:\/\/itemm.fr\/itemm\/wp-json\/wp\/v2\/pages\/21023\/revisions"}],"up":[{"embeddable":true,"href":"https:\/\/itemm.fr\/itemm\/wp-json\/wp\/v2\/pages\/21015"}],"wp:attachment":[{"href":"https:\/\/itemm.fr\/itemm\/wp-json\/wp\/v2\/media?parent=21023"}],"wp:term":[{"taxonomy":"category","embeddable":true,"href":"https:\/\/itemm.fr\/itemm\/wp-json\/wp\/v2\/categories?post=21023"}],"curies":[{"name":"wp","href":"https:\/\/api.w.org\/{rel}","templated":true}]}}