{"version":"1.0","provider_name":"Itemm -","provider_url":"https:\/\/itemm.fr\/itemm","author_name":"cedric.charrier","author_url":"https:\/\/itemm.fr\/itemm\/author\/cedric\/","title":"Journ\u00e9es Europ\u00e9ennes des M\u00e9tiers d\u2019Art, \u00e9dition 2022 | Itemm -","type":"rich","width":600,"height":338,"html":"<blockquote class=\"wp-embedded-content\" data-secret=\"cX8jP7c06d\"><a href=\"https:\/\/itemm.fr\/itemm\/journees-europeennes-des-metiers-dart-edition-2022\/\">Journ\u00e9es Europ\u00e9ennes des M\u00e9tiers d\u2019Art, \u00e9dition 2022<\/a><\/blockquote><iframe sandbox=\"allow-scripts\" security=\"restricted\" src=\"https:\/\/itemm.fr\/itemm\/journees-europeennes-des-metiers-dart-edition-2022\/embed\/#?secret=cX8jP7c06d\" width=\"600\" height=\"338\" title=\"\u00ab\u00a0Journ\u00e9es Europ\u00e9ennes des M\u00e9tiers d\u2019Art, \u00e9dition 2022\u00a0\u00bb &#8212; Itemm -\" data-secret=\"cX8jP7c06d\" frameborder=\"0\" marginwidth=\"0\" marginheight=\"0\" scrolling=\"no\" class=\"wp-embedded-content\"><\/iframe><script>\n\/*! This file is auto-generated *\/\n!function(d,l){\"use strict\";l.querySelector&&d.addEventListener&&\"undefined\"!=typeof URL&&(d.wp=d.wp||{},d.wp.receiveEmbedMessage||(d.wp.receiveEmbedMessage=function(e){var t=e.data;if((t||t.secret||t.message||t.value)&&!\/[^a-zA-Z0-9]\/.test(t.secret)){for(var s,r,n,a=l.querySelectorAll('iframe[data-secret=\"'+t.secret+'\"]'),o=l.querySelectorAll('blockquote[data-secret=\"'+t.secret+'\"]'),c=new RegExp(\"^https?:$\",\"i\"),i=0;i<o.length;i++)o[i].style.display=\"none\";for(i=0;i<a.length;i++)s=a[i],e.source===s.contentWindow&&(s.removeAttribute(\"style\"),\"height\"===t.message?(1e3<(r=parseInt(t.value,10))?r=1e3:~~r<200&&(r=200),s.height=r):\"link\"===t.message&&(r=new URL(s.getAttribute(\"src\")),n=new URL(t.value),c.test(n.protocol))&&n.host===r.host&&l.activeElement===s&&(d.top.location.href=t.value))}},d.addEventListener(\"message\",d.wp.receiveEmbedMessage,!1),l.addEventListener(\"DOMContentLoaded\",function(){for(var e,t,s=l.querySelectorAll(\"iframe.wp-embedded-content\"),r=0;r<s.length;r++)(t=(e=s[r]).getAttribute(\"data-secret\"))||(t=Math.random().toString(36).substring(2,12),e.src+=\"#?secret=\"+t,e.setAttribute(\"data-secret\",t)),e.contentWindow.postMessage({message:\"ready\",secret:t},\"*\")},!1)))}(window,document);\n\/\/# sourceURL=https:\/\/itemm.fr\/itemm\/wp-includes\/js\/wp-embed.min.js\n<\/script>\n","thumbnail_url":"https:\/\/itemm.fr\/itemm\/wp-content\/uploads\/2022\/02\/Sans-titre-2.png","thumbnail_width":1080,"thumbnail_height":1080,"description":"Cr\u00e9\u00e9es en 2002 et coordonn\u00e9es par l\u2019INMA (Institut National des M\u00e9tiers d\u2019Art), les Journ\u00e9es Europ\u00e9ennes des M\u00e9tiers d\u2019Art rassemblent depuis 20 ans les artisans et les structures des m\u00e9tiers d\u2019art fran\u00e7ais et europ\u00e9ens autour d\u2019un m\u00eame objectif : garantir une valorisation et une meilleure reconnaissance de l\u2019artisanat d\u2019art et favoriser la rencontre et les \u00e9changes entre les diff\u00e9rents acteurs de ces m\u00e9tiers."}