{"version":"1.0","provider_name":"Itemm -","provider_url":"https:\/\/itemm.fr\/itemm","author_name":"cedric.charrier","author_url":"https:\/\/itemm.fr\/itemm\/author\/cedric\/","title":"Calendriers p\u00e9dagogiques | Itemm -","type":"rich","width":600,"height":338,"html":"<blockquote class=\"wp-embedded-content\" data-secret=\"KpS5TYWdml\"><a href=\"https:\/\/itemm.fr\/itemm\/campus-itemm\/calendriers-pedagogiques\/\">Calendriers p\u00e9dagogiques<\/a><\/blockquote><iframe sandbox=\"allow-scripts\" security=\"restricted\" src=\"https:\/\/itemm.fr\/itemm\/campus-itemm\/calendriers-pedagogiques\/embed\/#?secret=KpS5TYWdml\" width=\"600\" height=\"338\" title=\"\u00ab\u00a0Calendriers p\u00e9dagogiques\u00a0\u00bb &#8212; Itemm -\" data-secret=\"KpS5TYWdml\" frameborder=\"0\" marginwidth=\"0\" marginheight=\"0\" scrolling=\"no\" class=\"wp-embedded-content\"><\/iframe><script>\n\/*! This file is auto-generated *\/\n!function(d,l){\"use strict\";l.querySelector&&d.addEventListener&&\"undefined\"!=typeof URL&&(d.wp=d.wp||{},d.wp.receiveEmbedMessage||(d.wp.receiveEmbedMessage=function(e){var t=e.data;if((t||t.secret||t.message||t.value)&&!\/[^a-zA-Z0-9]\/.test(t.secret)){for(var s,r,n,a=l.querySelectorAll('iframe[data-secret=\"'+t.secret+'\"]'),o=l.querySelectorAll('blockquote[data-secret=\"'+t.secret+'\"]'),c=new RegExp(\"^https?:$\",\"i\"),i=0;i<o.length;i++)o[i].style.display=\"none\";for(i=0;i<a.length;i++)s=a[i],e.source===s.contentWindow&&(s.removeAttribute(\"style\"),\"height\"===t.message?(1e3<(r=parseInt(t.value,10))?r=1e3:~~r<200&&(r=200),s.height=r):\"link\"===t.message&&(r=new URL(s.getAttribute(\"src\")),n=new URL(t.value),c.test(n.protocol))&&n.host===r.host&&l.activeElement===s&&(d.top.location.href=t.value))}},d.addEventListener(\"message\",d.wp.receiveEmbedMessage,!1),l.addEventListener(\"DOMContentLoaded\",function(){for(var e,t,s=l.querySelectorAll(\"iframe.wp-embedded-content\"),r=0;r<s.length;r++)(t=(e=s[r]).getAttribute(\"data-secret\"))||(t=Math.random().toString(36).substring(2,12),e.src+=\"#?secret=\"+t,e.setAttribute(\"data-secret\",t)),e.contentWindow.postMessage({message:\"ready\",secret:t},\"*\")},!1)))}(window,document);\n\/\/# sourceURL=https:\/\/itemm.fr\/itemm\/wp-includes\/js\/wp-embed.min.js\n<\/script>\n","thumbnail_url":"https:\/\/itemm.fr\/itemm\/wp-content\/uploads\/2021\/07\/Calendrier_2021_2022_definitif-A-DIFFUSER-scaled.jpg","thumbnail_width":1810,"thumbnail_height":2560,"description":"Calendrier de regroupements Chaque section dispose d\u2019un calendrier et d\u2019un rythme qui lui est propre. Ci-dessous sont pr\u00e9sent\u00e9es les modalit\u00e9s d\u2019alternance et de temps en entreprise principales. Un calendrier pr\u00e9cis comportant les dates de regroupement et de cong\u00e9s est distribu\u00e9 en d\u00e9but de chaque ann\u00e9e et les emplois du temps de chacun sont affich\u00e9s en&hellip;"}